{"id":994307,"date":"2025-07-23T10:33:59","date_gmt":"2025-07-23T10:33:59","guid":{"rendered":"https:\/\/www.escuelaturismo.org\/?page_id=994307"},"modified":"2025-07-24T07:44:51","modified_gmt":"2025-07-24T07:44:51","slug":"elena-soler-bonet","status":"publish","type":"page","link":"https:\/\/www.escuelaturismo.org\/ca\/informacio-academica-professors\/elena-soler-bonet\/","title":{"rendered":"Elena Soler Bonet"},"content":{"rendered":"\t\t<div data-elementor-type=\"wp-page\" data-elementor-id=\"994307\" class=\"elementor elementor-994307 elementor-994296\" data-elementor-post-type=\"page\">\n\t\t\t\t\t\t<section class=\"has_eae_slider elementor-section elementor-top-section elementor-element elementor-element-d64bc6e elementor-section-height-min-height elementor-section-boxed elementor-section-height-default elementor-section-items-middle\" data-eae-slider=\"53280\" data-id=\"d64bc6e\" data-element_type=\"section\" data-settings=\"{&quot;background_background&quot;:&quot;classic&quot;}\">\n\t\t\t\t\t\t\t<div class=\"elementor-background-overlay\"><\/div>\n\t\t\t\t\t\t\t<div class=\"elementor-container elementor-column-gap-default\">\n\t\t\t\t\t<div class=\"has_eae_slider elementor-column elementor-col-100 elementor-top-column elementor-element elementor-element-fa2ae3e\" data-eae-slider=\"5624\" data-id=\"fa2ae3e\" data-element_type=\"column\" data-settings=\"{&quot;background_background&quot;:&quot;classic&quot;}\">\n\t\t\t<div class=\"elementor-widget-wrap\">\n\t\t\t\t\t\t\t<\/div>\n\t\t<\/div>\n\t\t\t\t\t<\/div>\n\t\t<\/section>\n\t\t\t\t<section class=\"has_eae_slider elementor-section elementor-top-section elementor-element elementor-element-118bd99 elementor-section-boxed elementor-section-height-default elementor-section-height-default\" data-eae-slider=\"1213\" data-id=\"118bd99\" data-element_type=\"section\">\n\t\t\t\t\t\t<div class=\"elementor-container elementor-column-gap-no\">\n\t\t\t\t\t<div class=\"has_eae_slider elementor-column elementor-col-50 elementor-top-column elementor-element elementor-element-08422df animated-fast entry-box elementor-invisible\" data-eae-slider=\"15185\" data-id=\"08422df\" data-element_type=\"column\" data-settings=\"{&quot;background_background&quot;:&quot;classic&quot;,&quot;animation&quot;:&quot;fadeIn&quot;,&quot;animation_tablet&quot;:&quot;none&quot;,&quot;animation_mobile&quot;:&quot;none&quot;,&quot;animation_delay&quot;:100}\">\n\t\t\t<div class=\"elementor-widget-wrap elementor-element-populated\">\n\t\t\t\t\t\t<div class=\"elementor-element elementor-element-8c90433 elementor-widget elementor-widget-heading\" data-id=\"8c90433\" data-element_type=\"widget\" data-widget_type=\"heading.default\">\n\t\t\t\t<div class=\"elementor-widget-container\">\n\t\t\t\t\t<h1 class=\"elementor-heading-title elementor-size-default\">Informaci\u00f3n <br>acad\u00e9mica<\/h1>\t\t\t\t<\/div>\n\t\t\t\t<\/div>\n\t\t\t\t<div class=\"elementor-element elementor-element-1692c43 elementor-widget elementor-widget-text-editor\" data-id=\"1692c43\" data-element_type=\"widget\" data-widget_type=\"text-editor.default\">\n\t\t\t\t<div class=\"elementor-widget-container\">\n\t\t\t\t\t\t\t\t\t<p>El Grado oficial en Turismo te prepara para un futuro profesional lleno de \u00e9xitos. Las asignaturas y profesorado est\u00e1n pensados para que triunfes en el principal sector econ\u00f3mico de nuestras islas.<\/p>\t\t\t\t\t\t\t\t<\/div>\n\t\t\t\t<\/div>\n\t\t\t\t\t<\/div>\n\t\t<\/div>\n\t\t\t\t<div class=\"has_eae_slider elementor-column elementor-col-50 elementor-top-column elementor-element elementor-element-43f7226 elementor-hidden-phone\" data-eae-slider=\"33438\" data-id=\"43f7226\" data-element_type=\"column\">\n\t\t\t<div class=\"elementor-widget-wrap elementor-element-populated\">\n\t\t\t\t\t\t<div class=\"elementor-element elementor-element-68d0231 elementor-nav-menu--dropdown-none header-menu-doble profesores vamtam-has-mobile-disable-scroll elementor-widget elementor-widget-nav-menu\" data-id=\"68d0231\" data-element_type=\"widget\" data-settings=\"{&quot;layout&quot;:&quot;vertical&quot;,&quot;submenu_icon&quot;:{&quot;value&quot;:&quot;&lt;i class=\\&quot;fas fa-caret-down\\&quot; aria-hidden=\\&quot;true\\&quot;&gt;&lt;\\\/i&gt;&quot;,&quot;library&quot;:&quot;fa-solid&quot;},&quot;toggle_icon_active&quot;:{&quot;value&quot;:&quot;&quot;,&quot;library&quot;:&quot;&quot;}}\" data-widget_type=\"nav-menu.default\">\n\t\t\t\t<div class=\"elementor-widget-container\">\n\t\t\t\t\t\t\t\t<nav aria-label=\"Men\u00fa\" class=\"elementor-nav-menu--main elementor-nav-menu__container elementor-nav-menu--layout-vertical e--pointer-none\">\n\t\t\t\t<ul id=\"menu-1-68d0231\" class=\"elementor-nav-menu sm-vertical\"><li class=\"menu-item menu-item-type-post_type menu-item-object-page menu-item-993193\"><a href=\"https:\/\/www.escuelaturismo.org\/ca\/informacio-academica-pla-destudis\/\" class=\"elementor-item\">Pla d\u2019Estudis<\/a><\/li>\n<li class=\"menu-item menu-item-type-post_type menu-item-object-page menu-item-993196\"><a href=\"https:\/\/www.escuelaturismo.org\/ca\/informacio-academica-professors\/\" class=\"elementor-item\">Professors<\/a><\/li>\n<li class=\"menu-item menu-item-type-post_type menu-item-object-page menu-item-993194\"><a href=\"https:\/\/www.escuelaturismo.org\/ca\/informacio-academica-horaris\/\" class=\"elementor-item\">Horaris<\/a><\/li>\n<li class=\"menu-item menu-item-type-post_type menu-item-object-page menu-item-993195\"><a href=\"https:\/\/www.escuelaturismo.org\/ca\/informacio-academica-calendari-examens\/\" class=\"elementor-item\">Calendari ex\u00e0mens<\/a><\/li>\n<li class=\"menu-item menu-item-type-post_type menu-item-object-page menu-item-993197\"><a href=\"https:\/\/www.escuelaturismo.org\/ca\/informacio-academica-treballs-fi-de-grau\/\" class=\"elementor-item\">Treballs fi de grau<\/a><\/li>\n<li class=\"menu-item menu-item-type-post_type menu-item-object-page menu-item-993577\"><a href=\"https:\/\/www.escuelaturismo.org\/ca\/informacio-academica-personal-dadministracio-i-serveis-pas\/\" class=\"elementor-item\">Administraci\u00f3 i Serveis PAS<\/a><\/li>\n<\/ul>\t\t\t<\/nav>\n\t\t\t\t\t\t<nav class=\"elementor-nav-menu--dropdown elementor-nav-menu__container\" aria-hidden=\"true\">\n\t\t\t\t<ul id=\"menu-2-68d0231\" class=\"elementor-nav-menu sm-vertical\"><li class=\"menu-item menu-item-type-post_type menu-item-object-page menu-item-993193\"><a href=\"https:\/\/www.escuelaturismo.org\/ca\/informacio-academica-pla-destudis\/\" class=\"elementor-item\" tabindex=\"-1\">Pla d\u2019Estudis<\/a><\/li>\n<li class=\"menu-item menu-item-type-post_type menu-item-object-page menu-item-993196\"><a href=\"https:\/\/www.escuelaturismo.org\/ca\/informacio-academica-professors\/\" class=\"elementor-item\" tabindex=\"-1\">Professors<\/a><\/li>\n<li class=\"menu-item menu-item-type-post_type menu-item-object-page menu-item-993194\"><a href=\"https:\/\/www.escuelaturismo.org\/ca\/informacio-academica-horaris\/\" class=\"elementor-item\" tabindex=\"-1\">Horaris<\/a><\/li>\n<li class=\"menu-item menu-item-type-post_type menu-item-object-page menu-item-993195\"><a href=\"https:\/\/www.escuelaturismo.org\/ca\/informacio-academica-calendari-examens\/\" class=\"elementor-item\" tabindex=\"-1\">Calendari ex\u00e0mens<\/a><\/li>\n<li class=\"menu-item menu-item-type-post_type menu-item-object-page menu-item-993197\"><a href=\"https:\/\/www.escuelaturismo.org\/ca\/informacio-academica-treballs-fi-de-grau\/\" class=\"elementor-item\" tabindex=\"-1\">Treballs fi de grau<\/a><\/li>\n<li class=\"menu-item menu-item-type-post_type menu-item-object-page menu-item-993577\"><a href=\"https:\/\/www.escuelaturismo.org\/ca\/informacio-academica-personal-dadministracio-i-serveis-pas\/\" class=\"elementor-item\" tabindex=\"-1\">Administraci\u00f3 i Serveis PAS<\/a><\/li>\n<\/ul>\t\t\t<\/nav>\n\t\t\t\t\t\t<\/div>\n\t\t\t\t<\/div>\n\t\t\t\t\t<\/div>\n\t\t<\/div>\n\t\t\t\t\t<\/div>\n\t\t<\/section>\n\t\t\t\t<section class=\"has_eae_slider elementor-section elementor-top-section elementor-element elementor-element-8f791c5 elementor-section-boxed elementor-section-height-default elementor-section-height-default\" data-eae-slider=\"83195\" data-id=\"8f791c5\" data-element_type=\"section\">\n\t\t\t\t\t\t<div class=\"elementor-container elementor-column-gap-default\">\n\t\t\t\t\t<div class=\"has_eae_slider elementor-column elementor-col-100 elementor-top-column elementor-element elementor-element-39a6179\" data-eae-slider=\"52561\" data-id=\"39a6179\" data-element_type=\"column\">\n\t\t\t<div class=\"elementor-widget-wrap elementor-element-populated\">\n\t\t\t\t\t\t<div class=\"elementor-element elementor-element-6baf110 elementor-widget elementor-widget-button\" data-id=\"6baf110\" data-element_type=\"widget\" data-widget_type=\"button.default\">\n\t\t\t\t<div class=\"elementor-widget-container\">\n\t\t\t\t\t\t\t\t\t<div class=\"elementor-button-wrapper\">\n\t\t\t\t\t<a class=\"elementor-button elementor-button-link elementor-size-sm\" href=\"https:\/\/www.escuelaturismo.org\/ca\/informacio-academica-professors\/\">\n\t\t\t\t\t\t<span class=\"elementor-button-content-wrapper\">\n\t\t\t\t\t\t<span class=\"elementor-button-icon\">\n\t\t\t\t<i aria-hidden=\"true\" class=\"vamtamtheme- vamtam-theme-arrow-left\"><\/i>\t\t\t<\/span>\n\t\t\t\t\t\t\t\t\t<span class=\"elementor-button-text\">Volver a listado Profesores<\/span>\n\t\t\t\t\t<\/span>\n\t\t\t\t\t<\/a>\n\t\t\t\t<\/div>\n\t\t\t\t\t\t\t\t<\/div>\n\t\t\t\t<\/div>\n\t\t\t\t\t<\/div>\n\t\t<\/div>\n\t\t\t\t\t<\/div>\n\t\t<\/section>\n\t\t\t\t<section class=\"has_eae_slider elementor-section elementor-top-section elementor-element elementor-element-92168b0 elementor-section-content-top elementor-reverse-mobile elementor-reverse-tablet elementor-section-boxed elementor-section-height-default elementor-section-height-default\" data-eae-slider=\"35129\" data-id=\"92168b0\" data-element_type=\"section\" data-settings=\"{&quot;background_background&quot;:&quot;classic&quot;}\">\n\t\t\t\t\t\t<div class=\"elementor-container elementor-column-gap-default\">\n\t\t\t\t\t<div class=\"has_eae_slider elementor-column elementor-col-50 elementor-top-column elementor-element elementor-element-00d5e18\" data-eae-slider=\"87117\" data-id=\"00d5e18\" data-element_type=\"column\">\n\t\t\t<div class=\"elementor-widget-wrap elementor-element-populated\">\n\t\t\t\t\t\t<div class=\"elementor-element elementor-element-36b4f54 elementor-widget elementor-widget-heading\" data-id=\"36b4f54\" data-element_type=\"widget\" data-settings=\"{&quot;_animation&quot;:&quot;none&quot;,&quot;_animation_tablet&quot;:&quot;none&quot;,&quot;_animation_mobile&quot;:&quot;none&quot;,&quot;_animation_delay&quot;:100}\" data-widget_type=\"heading.default\">\n\t\t\t\t<div class=\"elementor-widget-container\">\n\t\t\t\t\t<h2 class=\"elementor-heading-title elementor-size-default\">Elena <br>Soler Bonet<\/h2>\t\t\t\t<\/div>\n\t\t\t\t<\/div>\n\t\t\t\t<div class=\"elementor-element elementor-element-d2875a3 elementor-icon-list--layout-traditional elementor-list-item-link-full_width elementor-widget elementor-widget-icon-list\" data-id=\"d2875a3\" data-element_type=\"widget\" data-widget_type=\"icon-list.default\">\n\t\t\t\t<div class=\"elementor-widget-container\">\n\t\t\t\t\t\t\t<ul class=\"elementor-icon-list-items\">\n\t\t\t\t\t\t\t<li class=\"elementor-icon-list-item\">\n\t\t\t\t\t\t\t\t\t\t\t<a href=\"mailto:anglesturisme@gmail.com\">\n\n\t\t\t\t\t\t\t\t\t\t\t\t<span class=\"elementor-icon-list-icon\">\n\t\t\t\t\t\t\t<i aria-hidden=\"true\" class=\"far fa-envelope\"><\/i>\t\t\t\t\t\t<\/span>\n\t\t\t\t\t\t\t\t\t\t<span class=\"elementor-icon-list-text\">anglesturisme@gmail.com<\/span>\n\t\t\t\t\t\t\t\t\t\t\t<\/a>\n\t\t\t\t\t\t\t\t\t<\/li>\n\t\t\t\t\t\t<\/ul>\n\t\t\t\t\t\t<\/div>\n\t\t\t\t<\/div>\n\t\t\t\t<div class=\"elementor-element elementor-element-02e1fd0 elementor-widget elementor-widget-text-editor\" data-id=\"02e1fd0\" data-element_type=\"widget\" data-settings=\"{&quot;_animation&quot;:&quot;none&quot;,&quot;_animation_tablet&quot;:&quot;none&quot;,&quot;_animation_mobile&quot;:&quot;none&quot;,&quot;_animation_delay&quot;:200}\" data-widget_type=\"text-editor.default\">\n\t\t\t\t<div class=\"elementor-widget-container\">\n\t\t\t\t\t\t\t\t\t<div><strong>Professor indefinit<\/strong><\/div><div>\u00a0<\/div><div>Assignatures en qu\u00e8 imparteix doc\u00e8ncia l&#8217;any acad\u00e8mic actual:<\/div><div>\u00a0<\/div><ul><li>Angl\u00e8s I<\/li><li>Angl\u00e8s II<\/li><li>Angl\u00e8s III<\/li><li>Angl\u00e8s IV<\/li><\/ul>\t\t\t\t\t\t\t\t<\/div>\n\t\t\t\t<\/div>\n\t\t\t\t\t<\/div>\n\t\t<\/div>\n\t\t\t\t<div class=\"has_eae_slider elementor-column elementor-col-50 elementor-top-column elementor-element elementor-element-b064c00\" data-eae-slider=\"94899\" data-id=\"b064c00\" data-element_type=\"column\" data-settings=\"{&quot;background_background&quot;:&quot;classic&quot;}\">\n\t\t\t<div class=\"elementor-widget-wrap elementor-element-populated\">\n\t\t\t\t\t\t<div class=\"elementor-element elementor-element-f4886bf elementor-invisible elementor-widget elementor-widget-image\" data-id=\"f4886bf\" data-element_type=\"widget\" data-settings=\"{&quot;_animation&quot;:&quot;imageGrowWithScaleLeft&quot;}\" data-widget_type=\"image.default\">\n\t\t\t\t<div class=\"elementor-widget-container\">\n\t\t\t\t\t\t\t\t\t<div class=\"elementor-image\">\n\t\t\t\t\t\t\t\t\t\t\t<div class=\"vamtam-image-wrapper\">\n\t\t\t\t\t\t\t\t\t\t\t\t\t\t\t\t\t\t\t\t\t<img fetchpriority=\"high\" decoding=\"async\" width=\"1024\" height=\"1024\" src=\"https:\/\/www.escuelaturismo.org\/wp-content\/uploads\/2025\/07\/Elena-Soler-Bonet-cv-completo.jpg\" class=\"attachment-large size-large wp-image-994352\" alt=\"\" srcset=\"https:\/\/www.escuelaturismo.org\/wp-content\/uploads\/2025\/07\/Elena-Soler-Bonet-cv-completo.jpg 1024w, https:\/\/www.escuelaturismo.org\/wp-content\/uploads\/2025\/07\/Elena-Soler-Bonet-cv-completo-300x300.jpg 300w, https:\/\/www.escuelaturismo.org\/wp-content\/uploads\/2025\/07\/Elena-Soler-Bonet-cv-completo-150x150.jpg 150w, https:\/\/www.escuelaturismo.org\/wp-content\/uploads\/2025\/07\/Elena-Soler-Bonet-cv-completo-768x768.jpg 768w\" sizes=\"(max-width: 1024px) 100vw, 1024px\" \/>\t\t\t\t\t\t\t\t\t\t\t\t\t\t\t\t\t\t\t\t\t\t\t\t\t\t<\/div>\n\t\t\t\t\t\t\t\t\t<\/div>\n\t\t\t\t\t\t\t\t<\/div>\n\t\t\t\t<\/div>\n\t\t\t\t\t<\/div>\n\t\t<\/div>\n\t\t\t\t\t<\/div>\n\t\t<\/section>\n\t\t\t\t<section class=\"has_eae_slider elementor-section elementor-top-section elementor-element elementor-element-543213c elementor-section-boxed elementor-section-height-default elementor-section-height-default\" data-eae-slider=\"67277\" data-id=\"543213c\" data-element_type=\"section\" data-settings=\"{&quot;background_background&quot;:&quot;classic&quot;}\">\n\t\t\t\t\t\t<div class=\"elementor-container elementor-column-gap-default\">\n\t\t\t\t\t<div class=\"has_eae_slider elementor-column elementor-col-100 elementor-top-column elementor-element elementor-element-1f0f291\" data-eae-slider=\"13068\" data-id=\"1f0f291\" data-element_type=\"column\">\n\t\t\t<div class=\"elementor-widget-wrap elementor-element-populated\">\n\t\t\t\t\t\t<div class=\"elementor-element elementor-element-7d39520 elementor-widget elementor-widget-heading\" data-id=\"7d39520\" data-element_type=\"widget\" data-widget_type=\"heading.default\">\n\t\t\t\t<div class=\"elementor-widget-container\">\n\t\t\t\t\t<h4 class=\"elementor-heading-title elementor-size-default\">Curr\u00edculum breve<\/h4>\t\t\t\t<\/div>\n\t\t\t\t<\/div>\n\t\t\t\t<div class=\"elementor-element elementor-element-f18dd29 elementor-widget-divider--view-line elementor-widget elementor-widget-divider\" data-id=\"f18dd29\" data-element_type=\"widget\" data-widget_type=\"divider.default\">\n\t\t\t\t<div class=\"elementor-widget-container\">\n\t\t\t\t\t\t\t<div class=\"elementor-divider\">\n\t\t\t<span class=\"elementor-divider-separator\">\n\t\t\t\t\t\t<\/span>\n\t\t<\/div>\n\t\t\t\t\t\t<\/div>\n\t\t\t\t<\/div>\n\t\t\t\t<div class=\"elementor-element elementor-element-d0d0f8e elementor-widget elementor-widget-text-editor\" data-id=\"d0d0f8e\" data-element_type=\"widget\" data-widget_type=\"text-editor.default\">\n\t\t\t\t<div class=\"elementor-widget-container\">\n\t\t\t\t\t\t\t\t\t<p>Dades acad\u00e8miques:<br \/>Universitat de les Illes Balears &#8211; M\u00e0ster Universitari en Formaci\u00f3 del Professorat (2021 \u2013 2022)<br \/>Universitat Aut\u00f2noma de Barcelona &#8211; M\u00e0ster en Llengua Espanyola, Literatura Hisp\u00e0nica i Espanyol com a Llengua Estrangera (2016 \u2013 2017)<br \/>Universitat Aut\u00f2noma de Barcelona &#8211; Grau en Traducci\u00f3 i Interpretaci\u00f3 (2012 \u2013 2016)<\/p><p>Cursos i formaci\u00f3 addicional:<br \/>UNED. Legal English for the European Union\/Angl\u00e8s jur\u00eddic per a la Uni\u00f3 Europea (2023 \u2013 2024)<br \/>Nivell C2 de catal\u00e0 | Escola Oficial d\u00b4Idiomes. (2023)<br \/>Curs de japon\u00e8s &#8211; Cicle III Intermedi B (60 hores) | Interspain Network SL i Universitat de Barcelona. (2023)<br \/>UNED. Curs de Traducci\u00f3 audiovisual: doblatge, subtitulaci\u00f3 i accessibilitat als mitjans. (2020-2021)<br \/>UNED. Curs d&#8217;Introducci\u00f3 a la Traducci\u00f3 Jur\u00eddica i Jurada Angl\u00e8s-Espanyol. (2020-2021)<br \/>Curs intensiu de japon\u00e8s. | Arc Academy (Kyoto, Jap\u00f3). (2019)<br \/>Japanese Language Proficiency Test (JLPT) N4 (2016)<br \/>Jornada &#8220;L&#8217;avaluaci\u00f3 del coneixement d&#8217;ELE&#8221; | Grup de Lexicografia i Diacronia.<br \/>Universitat Aut\u00f2noma de Barcelona. (2016)<br \/>Fran\u00e7ais Langue G\u00e9n\u00e9rale et Civilisation. | Universit\u00e9 Toulouse le Mirail (Toulouse, Fran\u00e7a). (2014)<\/p>\t\t\t\t\t\t\t\t<\/div>\n\t\t\t\t<\/div>\n\t\t\t\t\t<\/div>\n\t\t<\/div>\n\t\t\t\t\t<\/div>\n\t\t<\/section>\n\t\t\t\t<section class=\"has_eae_slider elementor-section elementor-top-section elementor-element elementor-element-a5e6510 elementor-section-boxed elementor-section-height-default elementor-section-height-default\" data-eae-slider=\"64254\" data-id=\"a5e6510\" data-element_type=\"section\">\n\t\t\t\t\t\t<div class=\"elementor-container elementor-column-gap-default\">\n\t\t\t\t\t<div class=\"has_eae_slider elementor-column elementor-col-100 elementor-top-column elementor-element elementor-element-89e4d8d\" data-eae-slider=\"61652\" data-id=\"89e4d8d\" data-element_type=\"column\">\n\t\t\t<div class=\"elementor-widget-wrap elementor-element-populated\">\n\t\t\t\t\t\t<div class=\"elementor-element elementor-element-eab8418 elementor-widget elementor-widget-button\" data-id=\"eab8418\" data-element_type=\"widget\" data-widget_type=\"button.default\">\n\t\t\t\t<div class=\"elementor-widget-container\">\n\t\t\t\t\t\t\t\t\t<div class=\"elementor-button-wrapper\">\n\t\t\t\t\t<a class=\"elementor-button elementor-button-link elementor-size-sm\" href=\"https:\/\/www.escuelaturismo.org\/ca\/informacio-academica-professors\/\">\n\t\t\t\t\t\t<span class=\"elementor-button-content-wrapper\">\n\t\t\t\t\t\t<span class=\"elementor-button-icon\">\n\t\t\t\t<i aria-hidden=\"true\" class=\"vamtamtheme- vamtam-theme-arrow-left\"><\/i>\t\t\t<\/span>\n\t\t\t\t\t\t\t\t\t<span class=\"elementor-button-text\">Volver a listado Profesores<\/span>\n\t\t\t\t\t<\/span>\n\t\t\t\t\t<\/a>\n\t\t\t\t<\/div>\n\t\t\t\t\t\t\t\t<\/div>\n\t\t\t\t<\/div>\n\t\t\t\t\t<\/div>\n\t\t<\/div>\n\t\t\t\t\t<\/div>\n\t\t<\/section>\n\t\t\t\t<\/div>\n\t\t","protected":false},"excerpt":{"rendered":"<p>Informaci\u00f3n acad\u00e9mica El Grado oficial en Turismo te prepara para un futuro profesional lleno de \u00e9xitos. Las asignaturas y profesorado est\u00e1n pensados para que triunfes en el principal sector econ\u00f3mico de nuestras islas. Volver a listado Profesores Elena Soler Bonet anglesturisme@gmail.com Professor indefinit\u00a0Assignatures en qu\u00e8 imparteix doc\u00e8ncia l&#8217;any acad\u00e8mic actual:\u00a0 Angl\u00e8s I Angl\u00e8s II Angl\u00e8s&#8230;<\/p>\n","protected":false},"author":1,"featured_media":0,"parent":993014,"menu_order":0,"comment_status":"closed","ping_status":"closed","template":"","meta":{"footnotes":""},"class_list":["post-994307","page","type-page","status-publish","hentry"],"yoast_head":"<!-- This site is optimized with the Yoast SEO plugin v26.3 - https:\/\/yoast.com\/wordpress\/plugins\/seo\/ -->\n<title>Elena Soler Bonet - Escuela de Turismo de Ibiza<\/title>\n<meta name=\"robots\" content=\"index, follow, max-snippet:-1, max-image-preview:large, max-video-preview:-1\" \/>\n<link rel=\"canonical\" href=\"https:\/\/www.escuelaturismo.org\/ca\/informacio-academica-professors\/elena-soler-bonet\/\" \/>\n<meta property=\"og:locale\" content=\"ca_ES\" \/>\n<meta property=\"og:type\" content=\"article\" \/>\n<meta property=\"og:title\" content=\"Elena Soler Bonet - Escuela de Turismo de Ibiza\" \/>\n<meta property=\"og:description\" content=\"Informaci\u00f3n acad\u00e9mica El Grado oficial en Turismo te prepara para un futuro profesional lleno de \u00e9xitos. Las asignaturas y profesorado est\u00e1n pensados para que triunfes en el principal sector econ\u00f3mico de nuestras islas. Volver a listado Profesores Elena Soler Bonet anglesturisme@gmail.com Professor indefinit\u00a0Assignatures en qu\u00e8 imparteix doc\u00e8ncia l&#8217;any acad\u00e8mic actual:\u00a0 Angl\u00e8s I Angl\u00e8s II Angl\u00e8s...\" \/>\n<meta property=\"og:url\" content=\"https:\/\/www.escuelaturismo.org\/ca\/informacio-academica-professors\/elena-soler-bonet\/\" \/>\n<meta property=\"og:site_name\" content=\"Escuela de Turismo de Ibiza\" \/>\n<meta property=\"article:modified_time\" content=\"2025-07-24T07:44:51+00:00\" \/>\n<meta property=\"og:image\" content=\"https:\/\/www.escuelaturismo.org\/wp-content\/uploads\/2025\/07\/Elena-Soler-Bonet-cv-completo.jpg\" \/>\n\t<meta property=\"og:image:width\" content=\"1024\" \/>\n\t<meta property=\"og:image:height\" content=\"1024\" \/>\n\t<meta property=\"og:image:type\" content=\"image\/jpeg\" \/>\n<meta name=\"twitter:card\" content=\"summary_large_image\" \/>\n<meta name=\"twitter:label1\" content=\"Temps estimat de lectura\" \/>\n\t<meta name=\"twitter:data1\" content=\"2 minuts\" \/>\n<script type=\"application\/ld+json\" class=\"yoast-schema-graph\">{\"@context\":\"https:\/\/schema.org\",\"@graph\":[{\"@type\":\"WebPage\",\"@id\":\"https:\/\/www.escuelaturismo.org\/ca\/informacio-academica-professors\/elena-soler-bonet\/\",\"url\":\"https:\/\/www.escuelaturismo.org\/ca\/informacio-academica-professors\/elena-soler-bonet\/\",\"name\":\"Elena Soler Bonet - Escuela de Turismo de Ibiza\",\"isPartOf\":{\"@id\":\"https:\/\/www.escuelaturismo.org\/ca\/#website\"},\"primaryImageOfPage\":{\"@id\":\"https:\/\/www.escuelaturismo.org\/ca\/informacio-academica-professors\/elena-soler-bonet\/#primaryimage\"},\"image\":{\"@id\":\"https:\/\/www.escuelaturismo.org\/ca\/informacio-academica-professors\/elena-soler-bonet\/#primaryimage\"},\"thumbnailUrl\":\"https:\/\/www.escuelaturismo.org\/wp-content\/uploads\/2025\/07\/Elena-Soler-Bonet-cv-completo.jpg\",\"datePublished\":\"2025-07-23T10:33:59+00:00\",\"dateModified\":\"2025-07-24T07:44:51+00:00\",\"breadcrumb\":{\"@id\":\"https:\/\/www.escuelaturismo.org\/ca\/informacio-academica-professors\/elena-soler-bonet\/#breadcrumb\"},\"inLanguage\":\"ca\",\"potentialAction\":[{\"@type\":\"ReadAction\",\"target\":[\"https:\/\/www.escuelaturismo.org\/ca\/informacio-academica-professors\/elena-soler-bonet\/\"]}]},{\"@type\":\"ImageObject\",\"inLanguage\":\"ca\",\"@id\":\"https:\/\/www.escuelaturismo.org\/ca\/informacio-academica-professors\/elena-soler-bonet\/#primaryimage\",\"url\":\"https:\/\/www.escuelaturismo.org\/wp-content\/uploads\/2025\/07\/Elena-Soler-Bonet-cv-completo.jpg\",\"contentUrl\":\"https:\/\/www.escuelaturismo.org\/wp-content\/uploads\/2025\/07\/Elena-Soler-Bonet-cv-completo.jpg\"},{\"@type\":\"BreadcrumbList\",\"@id\":\"https:\/\/www.escuelaturismo.org\/ca\/informacio-academica-professors\/elena-soler-bonet\/#breadcrumb\",\"itemListElement\":[{\"@type\":\"ListItem\",\"position\":1,\"name\":\"Home\",\"item\":\"https:\/\/www.escuelaturismo.org\/ca\/\"},{\"@type\":\"ListItem\",\"position\":2,\"name\":\"Informaci\u00f3 acad\u00e8mica :: Professors\",\"item\":\"https:\/\/www.escuelaturismo.org\/ca\/informacion-academica-profesores\/\"},{\"@type\":\"ListItem\",\"position\":3,\"name\":\"Elena Soler Bonet\"}]},{\"@type\":\"WebSite\",\"@id\":\"https:\/\/www.escuelaturismo.org\/ca\/#website\",\"url\":\"https:\/\/www.escuelaturismo.org\/ca\/\",\"name\":\"Escuela de Turismo de Ibiza\",\"description\":\"Escuela de Turismo de Ibiza\",\"publisher\":{\"@id\":\"https:\/\/www.escuelaturismo.org\/ca\/#organization\"},\"potentialAction\":[{\"@type\":\"SearchAction\",\"target\":{\"@type\":\"EntryPoint\",\"urlTemplate\":\"https:\/\/www.escuelaturismo.org\/ca\/?s={search_term_string}\"},\"query-input\":{\"@type\":\"PropertyValueSpecification\",\"valueRequired\":true,\"valueName\":\"search_term_string\"}}],\"inLanguage\":\"ca\"},{\"@type\":\"Organization\",\"@id\":\"https:\/\/www.escuelaturismo.org\/ca\/#organization\",\"name\":\"Escuela de Turismo de Ibiza\",\"url\":\"https:\/\/www.escuelaturismo.org\/ca\/\",\"logo\":{\"@type\":\"ImageObject\",\"inLanguage\":\"ca\",\"@id\":\"https:\/\/www.escuelaturismo.org\/ca\/#\/schema\/logo\/image\/\",\"url\":\"https:\/\/www.escuelaturismo.org\/wp-content\/uploads\/2023\/01\/logo-ETI-header.svg\",\"contentUrl\":\"https:\/\/www.escuelaturismo.org\/wp-content\/uploads\/2023\/01\/logo-ETI-header.svg\",\"width\":350,\"height\":90,\"caption\":\"Escuela de Turismo de Ibiza\"},\"image\":{\"@id\":\"https:\/\/www.escuelaturismo.org\/ca\/#\/schema\/logo\/image\/\"}}]}<\/script>\n<!-- \/ Yoast SEO plugin. -->","yoast_head_json":{"title":"Elena Soler Bonet - Escuela de Turismo de Ibiza","robots":{"index":"index","follow":"follow","max-snippet":"max-snippet:-1","max-image-preview":"max-image-preview:large","max-video-preview":"max-video-preview:-1"},"canonical":"https:\/\/www.escuelaturismo.org\/ca\/informacio-academica-professors\/elena-soler-bonet\/","og_locale":"ca_ES","og_type":"article","og_title":"Elena Soler Bonet - Escuela de Turismo de Ibiza","og_description":"Informaci\u00f3n acad\u00e9mica El Grado oficial en Turismo te prepara para un futuro profesional lleno de \u00e9xitos. Las asignaturas y profesorado est\u00e1n pensados para que triunfes en el principal sector econ\u00f3mico de nuestras islas. Volver a listado Profesores Elena Soler Bonet anglesturisme@gmail.com Professor indefinit\u00a0Assignatures en qu\u00e8 imparteix doc\u00e8ncia l&#8217;any acad\u00e8mic actual:\u00a0 Angl\u00e8s I Angl\u00e8s II Angl\u00e8s...","og_url":"https:\/\/www.escuelaturismo.org\/ca\/informacio-academica-professors\/elena-soler-bonet\/","og_site_name":"Escuela de Turismo de Ibiza","article_modified_time":"2025-07-24T07:44:51+00:00","og_image":[{"width":1024,"height":1024,"url":"https:\/\/www.escuelaturismo.org\/wp-content\/uploads\/2025\/07\/Elena-Soler-Bonet-cv-completo.jpg","type":"image\/jpeg"}],"twitter_card":"summary_large_image","twitter_misc":{"Temps estimat de lectura":"2 minuts"},"schema":{"@context":"https:\/\/schema.org","@graph":[{"@type":"WebPage","@id":"https:\/\/www.escuelaturismo.org\/ca\/informacio-academica-professors\/elena-soler-bonet\/","url":"https:\/\/www.escuelaturismo.org\/ca\/informacio-academica-professors\/elena-soler-bonet\/","name":"Elena Soler Bonet - Escuela de Turismo de Ibiza","isPartOf":{"@id":"https:\/\/www.escuelaturismo.org\/ca\/#website"},"primaryImageOfPage":{"@id":"https:\/\/www.escuelaturismo.org\/ca\/informacio-academica-professors\/elena-soler-bonet\/#primaryimage"},"image":{"@id":"https:\/\/www.escuelaturismo.org\/ca\/informacio-academica-professors\/elena-soler-bonet\/#primaryimage"},"thumbnailUrl":"https:\/\/www.escuelaturismo.org\/wp-content\/uploads\/2025\/07\/Elena-Soler-Bonet-cv-completo.jpg","datePublished":"2025-07-23T10:33:59+00:00","dateModified":"2025-07-24T07:44:51+00:00","breadcrumb":{"@id":"https:\/\/www.escuelaturismo.org\/ca\/informacio-academica-professors\/elena-soler-bonet\/#breadcrumb"},"inLanguage":"ca","potentialAction":[{"@type":"ReadAction","target":["https:\/\/www.escuelaturismo.org\/ca\/informacio-academica-professors\/elena-soler-bonet\/"]}]},{"@type":"ImageObject","inLanguage":"ca","@id":"https:\/\/www.escuelaturismo.org\/ca\/informacio-academica-professors\/elena-soler-bonet\/#primaryimage","url":"https:\/\/www.escuelaturismo.org\/wp-content\/uploads\/2025\/07\/Elena-Soler-Bonet-cv-completo.jpg","contentUrl":"https:\/\/www.escuelaturismo.org\/wp-content\/uploads\/2025\/07\/Elena-Soler-Bonet-cv-completo.jpg"},{"@type":"BreadcrumbList","@id":"https:\/\/www.escuelaturismo.org\/ca\/informacio-academica-professors\/elena-soler-bonet\/#breadcrumb","itemListElement":[{"@type":"ListItem","position":1,"name":"Home","item":"https:\/\/www.escuelaturismo.org\/ca\/"},{"@type":"ListItem","position":2,"name":"Informaci\u00f3 acad\u00e8mica :: Professors","item":"https:\/\/www.escuelaturismo.org\/ca\/informacion-academica-profesores\/"},{"@type":"ListItem","position":3,"name":"Elena Soler Bonet"}]},{"@type":"WebSite","@id":"https:\/\/www.escuelaturismo.org\/ca\/#website","url":"https:\/\/www.escuelaturismo.org\/ca\/","name":"Escuela de Turismo de Ibiza","description":"Escuela de Turismo de Ibiza","publisher":{"@id":"https:\/\/www.escuelaturismo.org\/ca\/#organization"},"potentialAction":[{"@type":"SearchAction","target":{"@type":"EntryPoint","urlTemplate":"https:\/\/www.escuelaturismo.org\/ca\/?s={search_term_string}"},"query-input":{"@type":"PropertyValueSpecification","valueRequired":true,"valueName":"search_term_string"}}],"inLanguage":"ca"},{"@type":"Organization","@id":"https:\/\/www.escuelaturismo.org\/ca\/#organization","name":"Escuela de Turismo de Ibiza","url":"https:\/\/www.escuelaturismo.org\/ca\/","logo":{"@type":"ImageObject","inLanguage":"ca","@id":"https:\/\/www.escuelaturismo.org\/ca\/#\/schema\/logo\/image\/","url":"https:\/\/www.escuelaturismo.org\/wp-content\/uploads\/2023\/01\/logo-ETI-header.svg","contentUrl":"https:\/\/www.escuelaturismo.org\/wp-content\/uploads\/2023\/01\/logo-ETI-header.svg","width":350,"height":90,"caption":"Escuela de Turismo de Ibiza"},"image":{"@id":"https:\/\/www.escuelaturismo.org\/ca\/#\/schema\/logo\/image\/"}}]}},"_links":{"self":[{"href":"https:\/\/www.escuelaturismo.org\/ca\/wp-json\/wp\/v2\/pages\/994307","targetHints":{"allow":["GET"]}}],"collection":[{"href":"https:\/\/www.escuelaturismo.org\/ca\/wp-json\/wp\/v2\/pages"}],"about":[{"href":"https:\/\/www.escuelaturismo.org\/ca\/wp-json\/wp\/v2\/types\/page"}],"author":[{"embeddable":true,"href":"https:\/\/www.escuelaturismo.org\/ca\/wp-json\/wp\/v2\/users\/1"}],"replies":[{"embeddable":true,"href":"https:\/\/www.escuelaturismo.org\/ca\/wp-json\/wp\/v2\/comments?post=994307"}],"version-history":[{"count":25,"href":"https:\/\/www.escuelaturismo.org\/ca\/wp-json\/wp\/v2\/pages\/994307\/revisions"}],"predecessor-version":[{"id":994406,"href":"https:\/\/www.escuelaturismo.org\/ca\/wp-json\/wp\/v2\/pages\/994307\/revisions\/994406"}],"up":[{"embeddable":true,"href":"https:\/\/www.escuelaturismo.org\/ca\/wp-json\/wp\/v2\/pages\/993014"}],"wp:attachment":[{"href":"https:\/\/www.escuelaturismo.org\/ca\/wp-json\/wp\/v2\/media?parent=994307"}],"curies":[{"name":"wp","href":"https:\/\/api.w.org\/{rel}","templated":true}]}}