{"id":993285,"date":"2022-12-23T15:35:34","date_gmt":"2022-12-23T15:35:34","guid":{"rendered":"https:\/\/www.escuelaturismo.org\/mobilitat-i-intercanvi\/"},"modified":"2023-03-10T12:30:08","modified_gmt":"2023-03-10T12:30:08","slug":"mobilitat-i-intercanvi","status":"publish","type":"page","link":"https:\/\/www.escuelaturismo.org\/ca\/mobilitat-i-intercanvi\/","title":{"rendered":"Mobilitat i intercanvi"},"content":{"rendered":"\t\t<div data-elementor-type=\"wp-page\" data-elementor-id=\"993285\" class=\"elementor elementor-993285 elementor-989024\" data-elementor-post-type=\"page\">\n\t\t\t\t\t\t<section class=\"has_eae_slider elementor-section elementor-top-section elementor-element elementor-element-2dcc6ef elementor-section-height-min-height elementor-section-boxed elementor-section-height-default elementor-section-items-middle\" data-eae-slider=\"95722\" data-id=\"2dcc6ef\" data-element_type=\"section\" data-settings=\"{&quot;background_background&quot;:&quot;classic&quot;}\">\n\t\t\t\t\t\t\t<div class=\"elementor-background-overlay\"><\/div>\n\t\t\t\t\t\t\t<div class=\"elementor-container elementor-column-gap-default\">\n\t\t\t\t\t<div class=\"has_eae_slider elementor-column elementor-col-100 elementor-top-column elementor-element elementor-element-387a2b2\" data-eae-slider=\"64334\" data-id=\"387a2b2\" data-element_type=\"column\" data-settings=\"{&quot;background_background&quot;:&quot;classic&quot;}\">\n\t\t\t<div class=\"elementor-widget-wrap\">\n\t\t\t\t\t\t\t<\/div>\n\t\t<\/div>\n\t\t\t\t\t<\/div>\n\t\t<\/section>\n\t\t\t\t<section class=\"has_eae_slider elementor-section elementor-top-section elementor-element elementor-element-20d594f elementor-section-boxed elementor-section-height-default elementor-section-height-default\" data-eae-slider=\"19712\" data-id=\"20d594f\" data-element_type=\"section\">\n\t\t\t\t\t\t<div class=\"elementor-container elementor-column-gap-no\">\n\t\t\t\t\t<div class=\"has_eae_slider elementor-column elementor-col-50 elementor-top-column elementor-element elementor-element-8edd659 animated-fast entry-box elementor-invisible\" data-eae-slider=\"49829\" data-id=\"8edd659\" data-element_type=\"column\" data-settings=\"{&quot;background_background&quot;:&quot;classic&quot;,&quot;animation&quot;:&quot;fadeIn&quot;,&quot;animation_tablet&quot;:&quot;none&quot;,&quot;animation_mobile&quot;:&quot;none&quot;,&quot;animation_delay&quot;:100}\">\n\t\t\t<div class=\"elementor-widget-wrap elementor-element-populated\">\n\t\t\t\t\t\t<div class=\"elementor-element elementor-element-0c4dd21 elementor-widget elementor-widget-heading\" data-id=\"0c4dd21\" data-element_type=\"widget\" data-settings=\"{&quot;_animation&quot;:&quot;none&quot;,&quot;_animation_tablet&quot;:&quot;none&quot;,&quot;_animation_mobile&quot;:&quot;none&quot;,&quot;_animation_delay&quot;:100}\" data-widget_type=\"heading.default\">\n\t\t\t\t<div class=\"elementor-widget-container\">\n\t\t\t\t\t<h1 class=\"elementor-heading-title elementor-size-default\">Mobilitat <br>i intercanvi<\/h1>\t\t\t\t<\/div>\n\t\t\t\t<\/div>\n\t\t\t\t<div class=\"elementor-element elementor-element-a77c45a entry-box elementor-widget elementor-widget-text-editor\" data-id=\"a77c45a\" data-element_type=\"widget\" data-widget_type=\"text-editor.default\">\n\t\t\t\t<div class=\"elementor-widget-container\">\n\t\t\t\t\t\t\t\t\t<p>L&#8217;Escola Universit\u00e0ria de Turisme promou la mobilitat entre els alumnes a trav\u00e9s de convenis d&#8217;estudis i de pr\u00e0ctiques amb altres centres internacionals.<\/p>\n\t\t\t\t\t\t\t\t<\/div>\n\t\t\t\t<\/div>\n\t\t\t\t\t<\/div>\n\t\t<\/div>\n\t\t\t\t<div class=\"has_eae_slider elementor-column elementor-col-50 elementor-top-column elementor-element elementor-element-0cff86a elementor-hidden-phone\" data-eae-slider=\"42346\" data-id=\"0cff86a\" data-element_type=\"column\">\n\t\t\t<div class=\"elementor-widget-wrap\">\n\t\t\t\t\t\t\t<\/div>\n\t\t<\/div>\n\t\t\t\t\t<\/div>\n\t\t<\/section>\n\t\t\t\t<section class=\"has_eae_slider elementor-section elementor-top-section elementor-element elementor-element-e6ad6ec elementor-section-boxed elementor-section-height-default elementor-section-height-default\" data-eae-slider=\"10311\" data-id=\"e6ad6ec\" data-element_type=\"section\">\n\t\t\t\t\t\t<div class=\"elementor-container elementor-column-gap-default\">\n\t\t\t\t\t<div class=\"has_eae_slider elementor-column elementor-col-50 elementor-top-column elementor-element elementor-element-6452e71\" data-eae-slider=\"40271\" data-id=\"6452e71\" data-element_type=\"column\">\n\t\t\t<div class=\"elementor-widget-wrap elementor-element-populated\">\n\t\t\t\t\t\t<div class=\"elementor-element elementor-element-e2ee00b elementor-widget elementor-widget-heading\" data-id=\"e2ee00b\" data-element_type=\"widget\" data-widget_type=\"heading.default\">\n\t\t\t\t<div class=\"elementor-widget-container\">\n\t\t\t\t\t<h2 class=\"elementor-heading-title elementor-size-default\">ERASMUS +<\/h2>\t\t\t\t<\/div>\n\t\t\t\t<\/div>\n\t\t\t\t\t<\/div>\n\t\t<\/div>\n\t\t\t\t<div class=\"has_eae_slider elementor-column elementor-col-50 elementor-top-column elementor-element elementor-element-577fc8e\" data-eae-slider=\"20175\" data-id=\"577fc8e\" data-element_type=\"column\">\n\t\t\t<div class=\"elementor-widget-wrap elementor-element-populated\">\n\t\t\t\t\t\t<div class=\"elementor-element elementor-element-06a0c88 elementor-widget elementor-widget-text-editor\" data-id=\"06a0c88\" data-element_type=\"widget\" data-widget_type=\"text-editor.default\">\n\t\t\t\t<div class=\"elementor-widget-container\">\n\t\t\t\t\t\t\t\t\t<p>Des del curs acad\u00e8mic 2010-2011, aquests intercanvis es realitzen en el marc del Programa de beques Erasmus.<\/p>\n<p>El programa ERASMUS+ us permet cursar part dels vostres estudis en una universitat europea amb la qual s&#8217;hagi signat un acord d&#8217;intercanvi per a cada estudi.<\/p>\n\t\t\t\t\t\t\t\t<\/div>\n\t\t\t\t<\/div>\n\t\t\t\t<div class=\"elementor-element elementor-element-7df6b44 elementor-widget-divider--view-line elementor-widget elementor-widget-divider\" data-id=\"7df6b44\" data-element_type=\"widget\" data-widget_type=\"divider.default\">\n\t\t\t\t<div class=\"elementor-widget-container\">\n\t\t\t\t\t\t\t<div class=\"elementor-divider\">\n\t\t\t<span class=\"elementor-divider-separator\">\n\t\t\t\t\t\t<\/span>\n\t\t<\/div>\n\t\t\t\t\t\t<\/div>\n\t\t\t\t<\/div>\n\t\t\t\t<section class=\"has_eae_slider elementor-section elementor-inner-section elementor-element elementor-element-11fc9e4 elementor-section-full_width elementor-section-height-default elementor-section-height-default\" data-eae-slider=\"869\" data-id=\"11fc9e4\" data-element_type=\"section\">\n\t\t\t\t\t\t<div class=\"elementor-container elementor-column-gap-default\">\n\t\t\t\t\t<div class=\"has_eae_slider elementor-column elementor-col-50 elementor-inner-column elementor-element elementor-element-3b77be2\" data-eae-slider=\"9947\" data-id=\"3b77be2\" data-element_type=\"column\" data-settings=\"{&quot;background_background&quot;:&quot;classic&quot;}\">\n\t\t\t<div class=\"elementor-widget-wrap elementor-element-populated\">\n\t\t\t\t\t\t<div class=\"elementor-element elementor-element-ceae81a elementor-widget elementor-widget-heading\" data-id=\"ceae81a\" data-element_type=\"widget\" data-widget_type=\"heading.default\">\n\t\t\t\t<div class=\"elementor-widget-container\">\n\t\t\t\t\t<h4 class=\"elementor-heading-title elementor-size-default\">Responsable de relacions internacionals: <\/h4>\t\t\t\t<\/div>\n\t\t\t\t<\/div>\n\t\t\t\t<div class=\"elementor-element elementor-element-47aea44 elementor-widget elementor-widget-heading\" data-id=\"47aea44\" data-element_type=\"widget\" data-widget_type=\"heading.default\">\n\t\t\t\t<div class=\"elementor-widget-container\">\n\t\t\t\t\t<h4 class=\"elementor-heading-title elementor-size-default\">Sra. Yolanda Ortiz Bl\u00e1zquez.<\/h4>\t\t\t\t<\/div>\n\t\t\t\t<\/div>\n\t\t\t\t<div class=\"elementor-element elementor-element-e137b1e elementor-widget elementor-widget-text-editor\" data-id=\"e137b1e\" data-element_type=\"widget\" data-widget_type=\"text-editor.default\">\n\t\t\t\t<div class=\"elementor-widget-container\">\n\t\t\t\t\t\t\t\t\t<p>Horari d&#8217;atenci\u00f3: dimarts i dijous de 12.30 h a 13.30 h.<\/p>\n\t\t\t\t\t\t\t\t<\/div>\n\t\t\t\t<\/div>\n\t\t\t\t<div class=\"elementor-element elementor-element-46605ac elementor-align-right elementor-widget__width-auto elementor-absolute elementor-widget elementor-widget-button\" data-id=\"46605ac\" data-element_type=\"widget\" data-settings=\"{&quot;_position&quot;:&quot;absolute&quot;}\" data-widget_type=\"button.default\">\n\t\t\t\t<div class=\"elementor-widget-container\">\n\t\t\t\t\t\t\t\t\t<div class=\"elementor-button-wrapper\">\n\t\t\t\t\t<a class=\"elementor-button elementor-button-link elementor-size-sm\" href=\"mailto:y.ortiz@uib.es\">\n\t\t\t\t\t\t<span class=\"elementor-button-content-wrapper\">\n\t\t\t\t\t\t<span class=\"elementor-button-icon\">\n\t\t\t\t<i aria-hidden=\"true\" class=\"vamtamtheme- vamtam-theme-arrow-right\"><\/i>\t\t\t<\/span>\n\t\t\t\t\t\t\t\t\t<span class=\"elementor-button-text\">email<\/span>\n\t\t\t\t\t<\/span>\n\t\t\t\t\t<\/a>\n\t\t\t\t<\/div>\n\t\t\t\t\t\t\t\t<\/div>\n\t\t\t\t<\/div>\n\t\t\t\t\t<\/div>\n\t\t<\/div>\n\t\t\t\t<div class=\"has_eae_slider elementor-column elementor-col-50 elementor-inner-column elementor-element elementor-element-9ac41a2 elementor-hidden-mobile\" data-eae-slider=\"16579\" data-id=\"9ac41a2\" data-element_type=\"column\">\n\t\t\t<div class=\"elementor-widget-wrap\">\n\t\t\t\t\t\t\t<\/div>\n\t\t<\/div>\n\t\t\t\t\t<\/div>\n\t\t<\/section>\n\t\t\t\t<div class=\"elementor-element elementor-element-6b5b835 elementor-widget-divider--view-line elementor-widget elementor-widget-divider\" data-id=\"6b5b835\" data-element_type=\"widget\" data-widget_type=\"divider.default\">\n\t\t\t\t<div class=\"elementor-widget-container\">\n\t\t\t\t\t\t\t<div class=\"elementor-divider\">\n\t\t\t<span class=\"elementor-divider-separator\">\n\t\t\t\t\t\t<\/span>\n\t\t<\/div>\n\t\t\t\t\t\t<\/div>\n\t\t\t\t<\/div>\n\t\t\t\t\t<\/div>\n\t\t<\/div>\n\t\t\t\t\t<\/div>\n\t\t<\/section>\n\t\t\t\t<section class=\"has_eae_slider elementor-section elementor-top-section elementor-element elementor-element-712c5a5 elementor-section-boxed elementor-section-height-default elementor-section-height-default\" data-eae-slider=\"7475\" data-id=\"712c5a5\" data-element_type=\"section\" data-settings=\"{&quot;background_background&quot;:&quot;classic&quot;}\">\n\t\t\t\t\t\t<div class=\"elementor-container elementor-column-gap-default\">\n\t\t\t\t\t<div class=\"has_eae_slider elementor-column elementor-col-100 elementor-top-column elementor-element elementor-element-e5f95bb\" data-eae-slider=\"44389\" data-id=\"e5f95bb\" data-element_type=\"column\">\n\t\t\t<div class=\"elementor-widget-wrap elementor-element-populated\">\n\t\t\t\t\t\t<div class=\"elementor-element elementor-element-a328806 elementor-widget elementor-widget-heading\" data-id=\"a328806\" data-element_type=\"widget\" data-widget_type=\"heading.default\">\n\t\t\t\t<div class=\"elementor-widget-container\">\n\t\t\t\t\t<h4 class=\"elementor-heading-title elementor-size-default\">Durada<\/h4>\t\t\t\t<\/div>\n\t\t\t\t<\/div>\n\t\t\t\t<div class=\"elementor-element elementor-element-8e3dbda elementor-widget-divider--view-line elementor-widget elementor-widget-divider\" data-id=\"8e3dbda\" data-element_type=\"widget\" data-widget_type=\"divider.default\">\n\t\t\t\t<div class=\"elementor-widget-container\">\n\t\t\t\t\t\t\t<div class=\"elementor-divider\">\n\t\t\t<span class=\"elementor-divider-separator\">\n\t\t\t\t\t\t<\/span>\n\t\t<\/div>\n\t\t\t\t\t\t<\/div>\n\t\t\t\t<\/div>\n\t\t\t\t<div class=\"elementor-element elementor-element-b1c2c47 elementor-widget elementor-widget-text-editor\" data-id=\"b1c2c47\" data-element_type=\"widget\" data-widget_type=\"text-editor.default\">\n\t\t\t\t<div class=\"elementor-widget-container\">\n\t\t\t\t\t\t\t\t\t<p>3 &#8211; 12 mesos per cada cicle d&#8217;estudis. Es pot fer m\u00e9s d&#8217;un Erasmus sempre que les dues estades no superin els 12 mesos.<\/p>\n<p>Els estudiants que ja hagin realitzat un ERASMUS anteriorment podran sol\u00b7licitar una altra mobilitat sempre que no se superin els 12 mesos entre les dues estades i per cicle d\u2019estudis.<\/p>\n<p>A m\u00e9s, els alumnes que facin una estada el primer semestre del curs, podran sol\u00b7licitar ampliar l&#8217;estada fins a un m\u00e0xim de 12 mesos, d&#8217;acord amb els requisits i els criteris establerts a la convocat\u00f2ria.<\/p>\n\t\t\t\t\t\t\t\t<\/div>\n\t\t\t\t<\/div>\n\t\t\t\t\t<\/div>\n\t\t<\/div>\n\t\t\t\t\t<\/div>\n\t\t<\/section>\n\t\t\t\t<section class=\"has_eae_slider elementor-section elementor-top-section elementor-element elementor-element-6f4029f elementor-section-boxed elementor-section-height-default elementor-section-height-default\" data-eae-slider=\"45529\" data-id=\"6f4029f\" data-element_type=\"section\" data-settings=\"{&quot;background_background&quot;:&quot;classic&quot;}\">\n\t\t\t\t\t\t<div class=\"elementor-container elementor-column-gap-default\">\n\t\t\t\t\t<div class=\"has_eae_slider elementor-column elementor-col-100 elementor-top-column elementor-element elementor-element-fef1e29\" data-eae-slider=\"77731\" data-id=\"fef1e29\" data-element_type=\"column\">\n\t\t\t<div class=\"elementor-widget-wrap elementor-element-populated\">\n\t\t\t\t\t\t<div class=\"elementor-element elementor-element-8a1d523 elementor-widget elementor-widget-heading\" data-id=\"8a1d523\" data-element_type=\"widget\" data-widget_type=\"heading.default\">\n\t\t\t\t<div class=\"elementor-widget-container\">\n\t\t\t\t\t<h4 class=\"elementor-heading-title elementor-size-default\">Normativa<\/h4>\t\t\t\t<\/div>\n\t\t\t\t<\/div>\n\t\t\t\t<div class=\"elementor-element elementor-element-038260e elementor-widget-divider--view-line elementor-widget elementor-widget-divider\" data-id=\"038260e\" data-element_type=\"widget\" data-widget_type=\"divider.default\">\n\t\t\t\t<div class=\"elementor-widget-container\">\n\t\t\t\t\t\t\t<div class=\"elementor-divider\">\n\t\t\t<span class=\"elementor-divider-separator\">\n\t\t\t\t\t\t<\/span>\n\t\t<\/div>\n\t\t\t\t\t\t<\/div>\n\t\t\t\t<\/div>\n\t\t\t\t<div class=\"elementor-element elementor-element-81dcc41 elementor-widget elementor-widget-text-editor\" data-id=\"81dcc41\" data-element_type=\"widget\" data-widget_type=\"text-editor.default\">\n\t\t\t\t<div class=\"elementor-widget-container\">\n\t\t\t\t\t\t\t\t\t<p>La normativa dels intercanvis a la UIB i els seus centres adscrits es pot consultar aqu\u00ed: <strong><a href=\"https:\/\/internacional.uib.es\/Mobilitat-i-intercanvi\/AlumnatUIB\/Informacio-general\/Normativa\/\">https:\/\/internacional.uib.es\/Mobilitat-i-intercanvi\/AlumnatUIB\/Informacio-general\/Normativa\/<\/a><\/strong><\/p>\n\t\t\t\t\t\t\t\t<\/div>\n\t\t\t\t<\/div>\n\t\t\t\t\t<\/div>\n\t\t<\/div>\n\t\t\t\t\t<\/div>\n\t\t<\/section>\n\t\t\t\t<section class=\"has_eae_slider elementor-section elementor-top-section elementor-element elementor-element-95ba3f1 elementor-section-boxed elementor-section-height-default elementor-section-height-default\" data-eae-slider=\"41673\" data-id=\"95ba3f1\" data-element_type=\"section\" data-settings=\"{&quot;background_background&quot;:&quot;classic&quot;}\">\n\t\t\t\t\t\t<div class=\"elementor-container elementor-column-gap-default\">\n\t\t\t\t\t<div class=\"has_eae_slider elementor-column elementor-col-100 elementor-top-column elementor-element elementor-element-d1e088d\" data-eae-slider=\"16854\" data-id=\"d1e088d\" data-element_type=\"column\">\n\t\t\t<div class=\"elementor-widget-wrap elementor-element-populated\">\n\t\t\t\t\t\t<div class=\"elementor-element elementor-element-8638df8 elementor-widget elementor-widget-heading\" data-id=\"8638df8\" data-element_type=\"widget\" data-widget_type=\"heading.default\">\n\t\t\t\t<div class=\"elementor-widget-container\">\n\t\t\t\t\t<h4 class=\"elementor-heading-title elementor-size-default\">Matr\u00edcula<\/h4>\t\t\t\t<\/div>\n\t\t\t\t<\/div>\n\t\t\t\t<div class=\"elementor-element elementor-element-e388756 elementor-widget-divider--view-line elementor-widget elementor-widget-divider\" data-id=\"e388756\" data-element_type=\"widget\" data-widget_type=\"divider.default\">\n\t\t\t\t<div class=\"elementor-widget-container\">\n\t\t\t\t\t\t\t<div class=\"elementor-divider\">\n\t\t\t<span class=\"elementor-divider-separator\">\n\t\t\t\t\t\t<\/span>\n\t\t<\/div>\n\t\t\t\t\t\t<\/div>\n\t\t\t\t<\/div>\n\t\t\t\t<div class=\"elementor-element elementor-element-7998963 elementor-widget elementor-widget-text-editor\" data-id=\"7998963\" data-element_type=\"widget\" data-widget_type=\"text-editor.default\">\n\t\t\t\t<div class=\"elementor-widget-container\">\n\t\t\t\t\t\t\t\t\t<p>La matr\u00edcula s&#8217;ha d&#8217;abonar a l&#8217;Escola de Turisme i els estudiants estaran exempts de pagar qualsevol quantitat en concepte de taxes acad\u00e8miques a la universitat de destinaci\u00f3.<\/p>\n\t\t\t\t\t\t\t\t<\/div>\n\t\t\t\t<\/div>\n\t\t\t\t\t<\/div>\n\t\t<\/div>\n\t\t\t\t\t<\/div>\n\t\t<\/section>\n\t\t\t\t<section class=\"has_eae_slider elementor-section elementor-top-section elementor-element elementor-element-db271e1 elementor-section-boxed elementor-section-height-default elementor-section-height-default\" data-eae-slider=\"53010\" data-id=\"db271e1\" data-element_type=\"section\" data-settings=\"{&quot;background_background&quot;:&quot;classic&quot;}\">\n\t\t\t\t\t\t<div class=\"elementor-container elementor-column-gap-default\">\n\t\t\t\t\t<div class=\"has_eae_slider elementor-column elementor-col-100 elementor-top-column elementor-element elementor-element-185984b\" data-eae-slider=\"194\" data-id=\"185984b\" data-element_type=\"column\">\n\t\t\t<div class=\"elementor-widget-wrap elementor-element-populated\">\n\t\t\t\t\t\t<div class=\"elementor-element elementor-element-d265c42 elementor-widget elementor-widget-heading\" data-id=\"d265c42\" data-element_type=\"widget\" data-widget_type=\"heading.default\">\n\t\t\t\t<div class=\"elementor-widget-container\">\n\t\t\t\t\t<h4 class=\"elementor-heading-title elementor-size-default\">Requisits<\/h4>\t\t\t\t<\/div>\n\t\t\t\t<\/div>\n\t\t\t\t<div class=\"elementor-element elementor-element-06356d9 elementor-widget-divider--view-line elementor-widget elementor-widget-divider\" data-id=\"06356d9\" data-element_type=\"widget\" data-widget_type=\"divider.default\">\n\t\t\t\t<div class=\"elementor-widget-container\">\n\t\t\t\t\t\t\t<div class=\"elementor-divider\">\n\t\t\t<span class=\"elementor-divider-separator\">\n\t\t\t\t\t\t<\/span>\n\t\t<\/div>\n\t\t\t\t\t\t<\/div>\n\t\t\t\t<\/div>\n\t\t\t\t<div class=\"elementor-element elementor-element-3271bdc elementor-widget elementor-widget-text-editor\" data-id=\"3271bdc\" data-element_type=\"widget\" data-widget_type=\"text-editor.default\">\n\t\t\t\t<div class=\"elementor-widget-container\">\n\t\t\t\t\t\t\t\t\t<ol>\n<li>Estar matriculat durant el curs acad\u00e8mic actual i matricular-se durant el curs acad\u00e8mic en qu\u00e8 es fa la mobilitat.<\/li>\n<li>Cursar estudis oficials d\u2019ensenyament superior que permetin obtenir un t\u00edtol universitari reconegut o un t\u00edtol reconegut de nivell superior, incl\u00f2s el m\u00e0ster i doctorat.<\/li>\n<li>Haver superat un m\u00ednim de 60 cr\u00e8dits en el moment de fer la sol\u00b7licitud i estar matriculat al segon any d&#8217;estudis d&#8217;ensenyament superior (excepte estudiants de m\u00e0ster o doctorat).<\/li>\n<li>Tenir la nacionalitat, resid\u00e8ncia permanent o estatus de refugiat o ap\u00e0trida en un dels estats participants a ERASMUS+.<\/li>\n<li>Tenir el nivell d&#8217;idioma que requereix la universitat de destinaci\u00f3 d&#8217;acord amb l\u2019annex II de la convocat\u00f2ria. Tamb\u00e9 es recomana visitar la p\u00e0gina web de la universitat que voleu sol\u00b7licitar per trobar m\u00e9s informaci\u00f3 sobre el nivell d&#8217;idioma requerit. \u00c9s imprescindible presentar el document acreditatiu corresponent en el moment de lliurar la sol\u00b7licitud al registre, d&#8217;acord amb el Marc europeu com\u00fa de refer\u00e8ncia.<\/li>\n<li>Asseguran\u00e7a m\u00e8dica. Targeta Sanit\u00e0ria Europea <strong><a href=\"https:\/\/ec.europa.eu\/social\/main.jsp?catId=559&amp;langId=ca\">https:\/\/ec.europa.eu\/social\/main.jsp?catId=559&amp;langId=ca<\/a>)<\/strong><\/li>\n<li>Tractament m\u00e8dic imprevist <strong><a href=\"https:\/\/ec.europa.eu\/social\/main.jsp?catId=1021&amp;langId=ca\">https:\/\/ec.europa.eu\/social\/main.jsp?catId=1021&amp;langId=ca<\/a><\/strong><\/li>\n<li>Alumnes amb necessitats especials. Podeu demanar m\u00e9s informaci\u00f3 aqu\u00ed: <strong><a href=\"http:\/\/sepie.es\/inclusion.html\">http:\/\/sepie.es\/inclusion.html<\/a><\/strong><\/li>\n<\/ol>\n<p>Si teniu qualsevol dubte podeu consultar al seg\u00fcent enlla\u00e7: <strong><a href=\"https:\/\/internacional.uib.es\/Mobilitat-i-intercanvi\/AlumnatUIB\/Programes\/Erasmus-Estudis\/\">https:\/\/internacional.uib.es\/Mobilitat-i-intercanvi\/AlumnatUIB\/Programes\/Erasmus-Estudis\/<\/a><\/strong><\/p>\n\t\t\t\t\t\t\t\t<\/div>\n\t\t\t\t<\/div>\n\t\t\t\t\t<\/div>\n\t\t<\/div>\n\t\t\t\t\t<\/div>\n\t\t<\/section>\n\t\t\t\t<section class=\"has_eae_slider elementor-section elementor-top-section elementor-element elementor-element-3e3d264 elementor-section-boxed elementor-section-height-default elementor-section-height-default\" data-eae-slider=\"38801\" data-id=\"3e3d264\" data-element_type=\"section\" data-settings=\"{&quot;background_background&quot;:&quot;classic&quot;}\">\n\t\t\t\t\t\t<div class=\"elementor-container elementor-column-gap-default\">\n\t\t\t\t\t<div class=\"has_eae_slider elementor-column elementor-col-100 elementor-top-column elementor-element elementor-element-29a4e7f\" data-eae-slider=\"54795\" data-id=\"29a4e7f\" data-element_type=\"column\">\n\t\t\t<div class=\"elementor-widget-wrap elementor-element-populated\">\n\t\t\t\t\t\t<div class=\"elementor-element elementor-element-d0c2d58 elementor-widget elementor-widget-heading\" data-id=\"d0c2d58\" data-element_type=\"widget\" data-widget_type=\"heading.default\">\n\t\t\t\t<div class=\"elementor-widget-container\">\n\t\t\t\t\t<h4 class=\"elementor-heading-title elementor-size-default\">Requisits per sol\u00b7licitar una pla\u00e7a:<\/h4>\t\t\t\t<\/div>\n\t\t\t\t<\/div>\n\t\t\t\t<div class=\"elementor-element elementor-element-4f1b1b6 elementor-widget-divider--view-line elementor-widget elementor-widget-divider\" data-id=\"4f1b1b6\" data-element_type=\"widget\" data-widget_type=\"divider.default\">\n\t\t\t\t<div class=\"elementor-widget-container\">\n\t\t\t\t\t\t\t<div class=\"elementor-divider\">\n\t\t\t<span class=\"elementor-divider-separator\">\n\t\t\t\t\t\t<\/span>\n\t\t<\/div>\n\t\t\t\t\t\t<\/div>\n\t\t\t\t<\/div>\n\t\t\t\t<div class=\"elementor-element elementor-element-39076f4 elementor-widget elementor-widget-text-editor\" data-id=\"39076f4\" data-element_type=\"widget\" data-widget_type=\"text-editor.default\">\n\t\t\t\t<div class=\"elementor-widget-container\">\n\t\t\t\t\t\t\t\t\t<p>a) Estar matriculat a la UIB o als seus centres adscrits durant el curs acad\u00e8mic actual i matricular-se durant el curs acad\u00e8mic en qu\u00e8 es realitza la mobilitat.<\/p>\n<p>b) Cursar a la UIB estudis oficials d&#8217;ensenyament superior que permetin obtenir un t\u00edtol universitari reconegut o un t\u00edtol reconegut de nivell superior, inclosos el m\u00e0ster i el doctorat.<\/p>\n<p>c) Haver superat un m\u00ednim de 60 cr\u00e8dits a l&#8217;hora de fer la sol\u00b7licitud i estar matriculat al segon any d&#8217;estudis d&#8217;ensenyament superior (excepte estudiants de m\u00e0ster o doctorat).<\/p>\n<p>d) Tenir la nacionalitat, resid\u00e8ncia permanent o estatus de refugiat o ap\u00e0trida en un dels estats participants a ERASMUS+.<\/p>\n<p>e) Tenir el nivell \u2018idioma que requereix la universitat de destinaci\u00f3 d\u2019acord amb l\u2019annex II de la convocat\u00f2ria. Tamb\u00e9 es recomana visitar la p\u00e0gina web de la universitat que voleu sol\u00b7licitar per trobar-hi m\u00e9s informaci\u00f3 sobre el nivell d&#8217;idioma requerit. \u00c9s imprescindible presentar el document acreditatiu corresponent en el moment de lliurar la sol\u00b7licitud al registre, d&#8217;acord amb el Marc europeu com\u00fa de refer\u00e8ncia.<\/p>\n<p>(Consultau la informaci\u00f3 sobre examen oficial CertiUni, Servei Ling\u00fc\u00edstic de la UIB).<\/p>\n\t\t\t\t\t\t\t\t<\/div>\n\t\t\t\t<\/div>\n\t\t\t\t\t<\/div>\n\t\t<\/div>\n\t\t\t\t\t<\/div>\n\t\t<\/section>\n\t\t\t\t<section class=\"has_eae_slider elementor-section elementor-top-section elementor-element elementor-element-9ec3ce6 elementor-section-boxed elementor-section-height-default elementor-section-height-default\" data-eae-slider=\"88082\" data-id=\"9ec3ce6\" data-element_type=\"section\" data-settings=\"{&quot;background_background&quot;:&quot;classic&quot;}\">\n\t\t\t\t\t\t<div class=\"elementor-container elementor-column-gap-default\">\n\t\t\t\t\t<div class=\"has_eae_slider elementor-column elementor-col-100 elementor-top-column elementor-element elementor-element-7d3544b\" data-eae-slider=\"28770\" data-id=\"7d3544b\" data-element_type=\"column\">\n\t\t\t<div class=\"elementor-widget-wrap elementor-element-populated\">\n\t\t\t\t\t\t<div class=\"elementor-element elementor-element-c271604 elementor-widget elementor-widget-heading\" data-id=\"c271604\" data-element_type=\"widget\" data-widget_type=\"heading.default\">\n\t\t\t\t<div class=\"elementor-widget-container\">\n\t\t\t\t\t<h4 class=\"elementor-heading-title elementor-size-default\">Procediment per sol\u00b7licitar pla\u00e7a:<\/h4>\t\t\t\t<\/div>\n\t\t\t\t<\/div>\n\t\t\t\t<div class=\"elementor-element elementor-element-d00585a elementor-widget-divider--view-line elementor-widget elementor-widget-divider\" data-id=\"d00585a\" data-element_type=\"widget\" data-widget_type=\"divider.default\">\n\t\t\t\t<div class=\"elementor-widget-container\">\n\t\t\t\t\t\t\t<div class=\"elementor-divider\">\n\t\t\t<span class=\"elementor-divider-separator\">\n\t\t\t\t\t\t<\/span>\n\t\t<\/div>\n\t\t\t\t\t\t<\/div>\n\t\t\t\t<\/div>\n\t\t\t\t<div class=\"elementor-element elementor-element-1475e9b elementor-widget elementor-widget-text-editor\" data-id=\"1475e9b\" data-element_type=\"widget\" data-widget_type=\"text-editor.default\">\n\t\t\t\t<div class=\"elementor-widget-container\">\n\t\t\t\t\t\t\t\t\t<p>1) Informar-se i decidir la universitat de destinaci\u00f3, d\u2019acord amb l\u2019oferta de places que s\u2019estableix a cada convocat\u00f2ria.<br \/>\n2) Contactar amb el tutor o el coordinador de mobilitat, per saber quina pla\u00e7a s&#8217;adequa m\u00e9s al perfil de l&#8217;alumne\/a.<br \/>\n3) Emplenar la sol\u00b7licitud ERASMUS+ mitjan\u00e7ant UIBdigital\/doc a la Secretaria de l&#8217;Escola. A la mateixa sol\u00b7licitud es poden fer fins a cinc peticions, classificades per ordre de prefer\u00e8ncia.<br \/>\n4) Preparar la documentaci\u00f3 seg\u00fcent per a cada tutor\/a de les universitats que se sol\u00b7licitin i lliurar-les a secret\u00e0ria de l&#8217;Escola, per tenir const\u00e0ncia que la sol\u00b7licitud s&#8217;ha lliurat en el per\u00edode de la convocat\u00f2ria.<\/p>\n<ul>\n<li>Sol\u00b7licitud impresa des de UIBdigital i signada.<\/li>\n<li>Fotoc\u00f2pia del DNI\/NIE.<\/li>\n<li>Extracte acad\u00e8mic dels estudis realitzats fins avui.<\/li>\n<li>Certificat del nivell d&#8217;idioma que es demana a les universitats de destinaci\u00f3. Podeu consultar l&#8217;annex II de la convocat\u00f2ria i el web de cada universitat, pel que fa al nivell d&#8217;idioma.<\/li>\n<\/ul>\n\t\t\t\t\t\t\t\t<\/div>\n\t\t\t\t<\/div>\n\t\t\t\t\t<\/div>\n\t\t<\/div>\n\t\t\t\t\t<\/div>\n\t\t<\/section>\n\t\t\t\t<section class=\"has_eae_slider elementor-section elementor-top-section elementor-element elementor-element-d5d06ce elementor-section-boxed elementor-section-height-default elementor-section-height-default\" data-eae-slider=\"21064\" data-id=\"d5d06ce\" data-element_type=\"section\" data-settings=\"{&quot;background_background&quot;:&quot;classic&quot;}\">\n\t\t\t\t\t\t<div class=\"elementor-container elementor-column-gap-default\">\n\t\t\t\t\t<div class=\"has_eae_slider elementor-column elementor-col-100 elementor-top-column elementor-element elementor-element-af86673\" data-eae-slider=\"24753\" data-id=\"af86673\" data-element_type=\"column\">\n\t\t\t<div class=\"elementor-widget-wrap elementor-element-populated\">\n\t\t\t\t\t\t<div class=\"elementor-element elementor-element-1c7992c elementor-widget elementor-widget-heading\" data-id=\"1c7992c\" data-element_type=\"widget\" data-widget_type=\"heading.default\">\n\t\t\t\t<div class=\"elementor-widget-container\">\n\t\t\t\t\t<h4 class=\"elementor-heading-title elementor-size-default\">Procediment de selecci\u00f3<\/h4>\t\t\t\t<\/div>\n\t\t\t\t<\/div>\n\t\t\t\t<div class=\"elementor-element elementor-element-dfcb64d elementor-widget-divider--view-line elementor-widget elementor-widget-divider\" data-id=\"dfcb64d\" data-element_type=\"widget\" data-widget_type=\"divider.default\">\n\t\t\t\t<div class=\"elementor-widget-container\">\n\t\t\t\t\t\t\t<div class=\"elementor-divider\">\n\t\t\t<span class=\"elementor-divider-separator\">\n\t\t\t\t\t\t<\/span>\n\t\t<\/div>\n\t\t\t\t\t\t<\/div>\n\t\t\t\t<\/div>\n\t\t\t\t<div class=\"elementor-element elementor-element-4278e90 elementor-widget elementor-widget-text-editor\" data-id=\"4278e90\" data-element_type=\"widget\" data-widget_type=\"text-editor.default\">\n\t\t\t\t<div class=\"elementor-widget-container\">\n\t\t\t\t\t\t\t\t\t<p>La selecci\u00f3 es far\u00e0 d\u2019acord amb els principis d\u2019igualtat, m\u00e8rit i capacitat, tenint en compte especialment l\u2019expedient acad\u00e8mic, la certificaci\u00f3 del nivell d\u2019idioma i de l\u2019adequaci\u00f3 del programa d\u2019intercanvi al perfil curricular.<\/p>\n<p>El servei de relacions internacionals revisar\u00e0 les sol\u00b7licituds presentades i informar\u00e0 els sol\u00b7licitants en cas que hagin d&#8217;esmenar la documentaci\u00f3. Per aix\u00f2, hauran de presentar als registres especificats anteriorment una inst\u00e0ncia general dirigida al Servei de Relacions Internacionals i adjuntar la documentaci\u00f3 corresponent.<\/p>\n<p>Els tutors i les tutores d\u2019ERASMUS+ faran la preselecci\u00f3 de les sol\u00b7licituds rebudes. El coordinador de mobilitat del centre o dels estudis corresponents en far\u00e0 la selecci\u00f3 definitiva.<\/p>\n<p>Cada sol\u00b7licitant ser\u00e0 informat de l&#8217;estat en qu\u00e8 es troba la sol\u00b7licitud per UIBdigital i tamb\u00e9 rebr\u00e0 la comunicaci\u00f3 de resoluci\u00f3.<\/p>\n\t\t\t\t\t\t\t\t<\/div>\n\t\t\t\t<\/div>\n\t\t\t\t\t<\/div>\n\t\t<\/div>\n\t\t\t\t\t<\/div>\n\t\t<\/section>\n\t\t\t\t<section class=\"has_eae_slider elementor-section elementor-top-section elementor-element elementor-element-714280d elementor-section-boxed elementor-section-height-default elementor-section-height-default\" data-eae-slider=\"44623\" data-id=\"714280d\" data-element_type=\"section\" data-settings=\"{&quot;background_background&quot;:&quot;classic&quot;}\">\n\t\t\t\t\t\t<div class=\"elementor-container elementor-column-gap-default\">\n\t\t\t\t\t<div class=\"has_eae_slider elementor-column elementor-col-100 elementor-top-column elementor-element elementor-element-ac9f91d\" data-eae-slider=\"61960\" data-id=\"ac9f91d\" data-element_type=\"column\">\n\t\t\t<div class=\"elementor-widget-wrap elementor-element-populated\">\n\t\t\t\t\t\t<div class=\"elementor-element elementor-element-03c1c7b elementor-widget elementor-widget-heading\" data-id=\"03c1c7b\" data-element_type=\"widget\" data-widget_type=\"heading.default\">\n\t\t\t\t<div class=\"elementor-widget-container\">\n\t\t\t\t\t<h4 class=\"elementor-heading-title elementor-size-default\">Procediment d'acceptaci\u00f3 o ren\u00fancia de la pla\u00e7a<\/h4>\t\t\t\t<\/div>\n\t\t\t\t<\/div>\n\t\t\t\t<div class=\"elementor-element elementor-element-4534dfd elementor-widget-divider--view-line elementor-widget elementor-widget-divider\" data-id=\"4534dfd\" data-element_type=\"widget\" data-widget_type=\"divider.default\">\n\t\t\t\t<div class=\"elementor-widget-container\">\n\t\t\t\t\t\t\t<div class=\"elementor-divider\">\n\t\t\t<span class=\"elementor-divider-separator\">\n\t\t\t\t\t\t<\/span>\n\t\t<\/div>\n\t\t\t\t\t\t<\/div>\n\t\t\t\t<\/div>\n\t\t\t\t<div class=\"elementor-element elementor-element-6a02865 elementor-widget elementor-widget-text-editor\" data-id=\"6a02865\" data-element_type=\"widget\" data-widget_type=\"text-editor.default\">\n\t\t\t\t<div class=\"elementor-widget-container\">\n\t\t\t\t\t\t\t\t\t<p>L&#8217;acceptaci\u00f3 o la ren\u00fancia de la pla\u00e7a concedida s&#8217;haur\u00e0 de realitzar a trav\u00e9s d&#8217;UIBdigital en el per\u00edode establert a la convocat\u00f2ria. A m\u00e9s, s\u2019obrir\u00e0 un termini d\u2019acceptaci\u00f3 de les places en llista d\u2019espera que hagin quedat vacants. En qualsevol cas, la concessi\u00f3 de la pla\u00e7a ser\u00e0 definitiva quan l\u2019alumne\/a rebi la confirmaci\u00f3 formal de la universitat de destinaci\u00f3 corresponent.<\/p>\n<p>En cas d&#8217;acceptar la pla\u00e7a, cal presentar fotoc\u00f2pia de la primera p\u00e0gina de la llibreta banc\u00e0ria on l&#8217;alumne\/a figuri com a titular i s&#8217;hi inclogui l&#8217;IBAN.<\/p>\n\t\t\t\t\t\t\t\t<\/div>\n\t\t\t\t<\/div>\n\t\t\t\t\t<\/div>\n\t\t<\/div>\n\t\t\t\t\t<\/div>\n\t\t<\/section>\n\t\t\t\t<section class=\"has_eae_slider elementor-section elementor-top-section elementor-element elementor-element-5e21b0b elementor-section-boxed elementor-section-height-default elementor-section-height-default\" data-eae-slider=\"92048\" data-id=\"5e21b0b\" data-element_type=\"section\" data-settings=\"{&quot;background_background&quot;:&quot;classic&quot;}\">\n\t\t\t\t\t\t<div class=\"elementor-container elementor-column-gap-default\">\n\t\t\t\t\t<div class=\"has_eae_slider elementor-column elementor-col-100 elementor-top-column elementor-element elementor-element-b44261e\" data-eae-slider=\"2064\" data-id=\"b44261e\" data-element_type=\"column\">\n\t\t\t<div class=\"elementor-widget-wrap elementor-element-populated\">\n\t\t\t\t\t\t<div class=\"elementor-element elementor-element-fc2d582 elementor-widget elementor-widget-heading\" data-id=\"fc2d582\" data-element_type=\"widget\" data-widget_type=\"heading.default\">\n\t\t\t\t<div class=\"elementor-widget-container\">\n\t\t\t\t\t<h4 class=\"elementor-heading-title elementor-size-default\">Ajuts econ\u00f2mics<\/h4>\t\t\t\t<\/div>\n\t\t\t\t<\/div>\n\t\t\t\t<div class=\"elementor-element elementor-element-1e2240a elementor-widget-divider--view-line elementor-widget elementor-widget-divider\" data-id=\"1e2240a\" data-element_type=\"widget\" data-widget_type=\"divider.default\">\n\t\t\t\t<div class=\"elementor-widget-container\">\n\t\t\t\t\t\t\t<div class=\"elementor-divider\">\n\t\t\t<span class=\"elementor-divider-separator\">\n\t\t\t\t\t\t<\/span>\n\t\t<\/div>\n\t\t\t\t\t\t<\/div>\n\t\t\t\t<\/div>\n\t\t\t\t<div class=\"elementor-element elementor-element-a831209 elementor-widget elementor-widget-text-editor\" data-id=\"a831209\" data-element_type=\"widget\" data-widget_type=\"text-editor.default\">\n\t\t\t\t<div class=\"elementor-widget-container\">\n\t\t\t\t\t\t\t\t\t<p>La beca ERASMUS+ constitueix una contribuci\u00f3 de la UE a les despeses de viatge i manutenci\u00f3 dels participants. Aquests ajuts dependran del pa\u00eds de destinaci\u00f3 d&#8217;acord amb els grups seg\u00fcents, classificats segons el nivell de vida:<\/p>\n\t\t\t\t\t\t\t\t<\/div>\n\t\t\t\t<\/div>\n\t\t\t\t<section class=\"has_eae_slider elementor-section elementor-inner-section elementor-element elementor-element-8d1c6a7 elementor-section-full_width elementor-section-height-default elementor-section-height-default\" data-eae-slider=\"77436\" data-id=\"8d1c6a7\" data-element_type=\"section\">\n\t\t\t\t\t\t<div class=\"elementor-container elementor-column-gap-no\">\n\t\t\t\t\t<div class=\"has_eae_slider elementor-column elementor-col-50 elementor-inner-column elementor-element elementor-element-aba4397\" data-eae-slider=\"6042\" data-id=\"aba4397\" data-element_type=\"column\">\n\t\t\t<div class=\"elementor-widget-wrap elementor-element-populated\">\n\t\t\t\t\t\t<div class=\"elementor-element elementor-element-6a6fc54 eael-table-align-center eael-dt-th-align-left elementor-widget elementor-widget-eael-data-table\" data-id=\"6a6fc54\" data-element_type=\"widget\" data-widget_type=\"eael-data-table.default\">\n\t\t\t\t<div class=\"elementor-widget-container\">\n\t\t\t\t\t\t\t<div class=\"eael-data-table-wrap\" data-table_id=\"6a6fc54\" id=\"eael-data-table-wrapper-6a6fc54\" data-custom_responsive=\"false\">\n\t\t\t<table class=\"tablesorter eael-data-table center\" id=\"eael-data-table-6a6fc54\">\n\t\t\t    <thead>\n\t\t\t        <tr class=\"table-header\">\n\t\t\t\t\t\t\t\t\t            <th class=\"\" id=\"\" colspan=\"\">\n\t\t\t\t\t\t\t\t\t\t\t\t\t\t<span class=\"data-table-header-text\">GRUP<\/span><\/th>\n\t\t\t        \t\t\t\t            <th class=\"\" id=\"\" colspan=\"\">\n\t\t\t\t\t\t\t\t\t\t\t\t\t\t<span class=\"data-table-header-text\">PA\u00cdS DE DESTINACI\u00d3<\/span><\/th>\n\t\t\t        \t\t\t\t            <th class=\"\" id=\"\" colspan=\"\">\n\t\t\t\t\t\t\t\t\t\t\t\t\t\t<span class=\"data-table-header-text\">QUANTITAT MENSUAL DELS AJUTS<\/span><\/th>\n\t\t\t        \t\t\t\t        <\/tr>\n\t\t\t    <\/thead>\n\t\t\t  \t<tbody>\n\t\t\t\t\t\t\t\t\t\t\t<tr>\n\t\t\t\t\t\t\t\t\t\t\t\t\t\t\t\t   \t\t\t\t\t\t\t\t\t\t\t<td colspan=\"\" rowspan=\"\" class=\"\" id=\"\">\n\t\t\t\t\t\t\t\t\t\t\t\t<div class=\"td-content-wrapper\"><div class=\"td-content\">\n\t\t\t\t\t\t\t\t\t\t\t\t\tGrup 1\t\t\t\t\t\t\t\t\t\t\t\t<\/div><\/div>\n\t\t\t\t\t\t\t\t\t\t\t<\/td>\n\t\t\t\t\t\t\t\t\t\t\t\t\t\t\t\t\t\t\t\t\t\t\t\t\t\t\t\t\t   \t\t\t\t\t\t\t\t\t\t\t<td colspan=\"\" rowspan=\"\" class=\"\" id=\"\">\n\t\t\t\t\t\t\t\t\t\t\t\t<div class=\"td-content-wrapper\"><div class=\"td-content\">\n\t\t\t\t\t\t\t\t\t\t\t\t\t\u00c0ustria, Dinamarca, Finl\u00e0ndia, Fran\u00e7a, Irlanda, It\u00e0lia, Liechtenstein, Noruega, Regne Unit i Su\u00e8cia\t\t\t\t\t\t\t\t\t\t\t\t<\/div><\/div>\n\t\t\t\t\t\t\t\t\t\t\t<\/td>\n\t\t\t\t\t\t\t\t\t\t\t\t\t\t\t\t\t\t\t\t\t\t\t\t\t\t\t\t\t   \t\t\t\t\t\t\t\t\t\t\t<td colspan=\"\" rowspan=\"\" class=\"\" id=\"\">\n\t\t\t\t\t\t\t\t\t\t\t\t<div class=\"td-content-wrapper\"><div class=\"td-content\">\n\t\t\t\t\t\t\t\t\t\t\t\t\t300 \u20ac \/ mes\t\t\t\t\t\t\t\t\t\t\t\t<\/div><\/div>\n\t\t\t\t\t\t\t\t\t\t\t<\/td>\n\t\t\t\t\t\t\t\t\t\t\t\t\t\t\t\t\t\t\t\t\t\t\t\t\t\t<\/tr>\n\t\t\t        \t\t\t\t\t\t<tr>\n\t\t\t\t\t\t\t\t\t\t\t\t\t\t\t\t   \t\t\t\t\t\t\t\t\t\t\t<td colspan=\"\" rowspan=\"\" class=\"\" id=\"\">\n\t\t\t\t\t\t\t\t\t\t\t\t<div class=\"td-content-wrapper\"><div class=\"td-content\">\n\t\t\t\t\t\t\t\t\t\t\t\t\tGrup 2\t\t\t\t\t\t\t\t\t\t\t\t<\/div><\/div>\n\t\t\t\t\t\t\t\t\t\t\t<\/td>\n\t\t\t\t\t\t\t\t\t\t\t\t\t\t\t\t\t\t\t\t\t\t\t\t\t\t\t\t\t   \t\t\t\t\t\t\t\t\t\t\t<td colspan=\"\" rowspan=\"\" class=\"\" id=\"\">\n\t\t\t\t\t\t\t\t\t\t\t\t<div class=\"td-content-wrapper\"><div class=\"td-content\">\n\t\t\t\t\t\t\t\t\t\t\t\t\tAlemanya, B\u00e8lgica, Xipre, Cro\u00e0cia, Eslov\u00e8nia, Gr\u00e8cia, Isl\u00e0ndia, Luxemburg, Pa\u00efsos Baixos, Portugal, Rep\u00fablica Txeca i Turquia\t\t\t\t\t\t\t\t\t\t\t\t<\/div><\/div>\n\t\t\t\t\t\t\t\t\t\t\t<\/td>\n\t\t\t\t\t\t\t\t\t\t\t\t\t\t\t\t\t\t\t\t\t\t\t\t\t\t\t\t\t   \t\t\t\t\t\t\t\t\t\t\t<td colspan=\"\" rowspan=\"\" class=\"\" id=\"\">\n\t\t\t\t\t\t\t\t\t\t\t\t<div class=\"td-content-wrapper\"><div class=\"td-content\">\n\t\t\t\t\t\t\t\t\t\t\t\t\t250 \u20ac \/ mes\t\t\t\t\t\t\t\t\t\t\t\t<\/div><\/div>\n\t\t\t\t\t\t\t\t\t\t\t<\/td>\n\t\t\t\t\t\t\t\t\t\t\t\t\t\t\t\t\t\t\t\t\t\t\t\t\t\t<\/tr>\n\t\t\t        \t\t\t\t\t\t<tr>\n\t\t\t\t\t\t\t\t\t\t\t\t\t\t\t\t   \t\t\t\t\t\t\t\t\t\t\t<td colspan=\"\" rowspan=\"\" class=\"\" id=\"\">\n\t\t\t\t\t\t\t\t\t\t\t\t<div class=\"td-content-wrapper\"><div class=\"td-content\">\n\t\t\t\t\t\t\t\t\t\t\t\t\tGrup 3\t\t\t\t\t\t\t\t\t\t\t\t<\/div><\/div>\n\t\t\t\t\t\t\t\t\t\t\t<\/td>\n\t\t\t\t\t\t\t\t\t\t\t\t\t\t\t\t\t\t\t\t\t\t\t\t\t\t\t\t\t   \t\t\t\t\t\t\t\t\t\t\t<td colspan=\"\" rowspan=\"\" class=\"\" id=\"\">\n\t\t\t\t\t\t\t\t\t\t\t\t<div class=\"td-content-wrapper\"><div class=\"td-content\">\n\t\t\t\t\t\t\t\t\t\t\t\t\tBulg\u00e0ria, Eslov\u00e0quia, Est\u00f2nia, Hongria, Let\u00f2nia, Litu\u00e0nia, Malta, Pol\u00f2nia, Romania i l&#8217;antiga Rep\u00fablica Iugoslava de Maced\u00f2nia\t\t\t\t\t\t\t\t\t\t\t\t<\/div><\/div>\n\t\t\t\t\t\t\t\t\t\t\t<\/td>\n\t\t\t\t\t\t\t\t\t\t\t\t\t\t\t\t\t\t\t\t\t\t\t\t\t\t\t\t\t   \t\t\t\t\t\t\t\t\t\t\t<td colspan=\"\" rowspan=\"\" class=\"\" id=\"\">\n\t\t\t\t\t\t\t\t\t\t\t\t<div class=\"td-content-wrapper\"><div class=\"td-content\">\n\t\t\t\t\t\t\t\t\t\t\t\t\t200 \u20ac \/ mes\t\t\t\t\t\t\t\t\t\t\t\t<\/div><\/div>\n\t\t\t\t\t\t\t\t\t\t\t<\/td>\n\t\t\t\t\t\t\t\t\t\t\t\t\t\t\t\t\t\t\t\t\t\t\t\t\t\t<\/tr>\n\t\t\t        \t\t\t    <\/tbody>\n\t\t\t<\/table>\n\t\t<\/div>\n\t  \t\t\t\t\t<\/div>\n\t\t\t\t<\/div>\n\t\t\t\t<div class=\"elementor-element elementor-element-6a83521 elementor-widget elementor-widget-spacer\" data-id=\"6a83521\" data-element_type=\"widget\" data-widget_type=\"spacer.default\">\n\t\t\t\t<div class=\"elementor-widget-container\">\n\t\t\t\t\t\t\t<div class=\"elementor-spacer\">\n\t\t\t<div class=\"elementor-spacer-inner\"><\/div>\n\t\t<\/div>\n\t\t\t\t\t\t<\/div>\n\t\t\t\t<\/div>\n\t\t\t\t\t<\/div>\n\t\t<\/div>\n\t\t\t\t<div class=\"has_eae_slider elementor-column elementor-col-50 elementor-inner-column elementor-element elementor-element-450bed6 elementor-hidden-mobile\" data-eae-slider=\"37869\" data-id=\"450bed6\" data-element_type=\"column\">\n\t\t\t<div class=\"elementor-widget-wrap\">\n\t\t\t\t\t\t\t<\/div>\n\t\t<\/div>\n\t\t\t\t\t<\/div>\n\t\t<\/section>\n\t\t\t\t<div class=\"elementor-element elementor-element-98f5afa elementor-widget elementor-widget-text-editor\" data-id=\"98f5afa\" data-element_type=\"widget\" data-widget_type=\"text-editor.default\">\n\t\t\t\t<div class=\"elementor-widget-container\">\n\t\t\t\t\t\t\t\t\t<p>A m\u00e9s, es podran rebre 100 euros\/mes per a estudiants amb menys recursos econ\u00f2mics. La beca ERASMUS+ cobrir\u00e0 un m\u00e0xim de 5 mesos per curs acad\u00e8mic, segons els requisits que s&#8217;especifiquin a la convocat\u00f2ria que publiqui l&#8217;Ag\u00e8ncia Nacional ERASMUS (SEPIE).<\/p>\n<p>Els i les alumnes que no rebin ajut econ\u00f2mic o aquells que allarguin la seua estada, hauran de fer la mobilitat amb recursos propis, per\u00f2 dins del marc del programa ERASMUS+.<\/p>\n\t\t\t\t\t\t\t\t<\/div>\n\t\t\t\t<\/div>\n\t\t\t\t\t<\/div>\n\t\t<\/div>\n\t\t\t\t\t<\/div>\n\t\t<\/section>\n\t\t\t\t<section class=\"has_eae_slider elementor-section elementor-top-section elementor-element elementor-element-47f7be4 elementor-section-boxed elementor-section-height-default elementor-section-height-default\" data-eae-slider=\"29278\" data-id=\"47f7be4\" data-element_type=\"section\" data-settings=\"{&quot;background_background&quot;:&quot;classic&quot;}\">\n\t\t\t\t\t\t<div class=\"elementor-container elementor-column-gap-wide\">\n\t\t\t\t\t<div class=\"has_eae_slider elementor-column elementor-col-100 elementor-top-column elementor-element elementor-element-1b2c563\" data-eae-slider=\"37783\" data-id=\"1b2c563\" data-element_type=\"column\">\n\t\t\t<div class=\"elementor-widget-wrap elementor-element-populated\">\n\t\t\t\t\t\t<div class=\"elementor-element elementor-element-c55ebd3 elementor-widget elementor-widget-heading\" data-id=\"c55ebd3\" data-element_type=\"widget\" data-widget_type=\"heading.default\">\n\t\t\t\t<div class=\"elementor-widget-container\">\n\t\t\t\t\t<h4 class=\"elementor-heading-title elementor-size-default\">UNIVERSITATS<\/h4>\t\t\t\t<\/div>\n\t\t\t\t<\/div>\n\t\t\t\t<div class=\"elementor-element elementor-element-6d5fbd6 elementor-widget-divider--view-line elementor-widget elementor-widget-divider\" data-id=\"6d5fbd6\" data-element_type=\"widget\" data-widget_type=\"divider.default\">\n\t\t\t\t<div class=\"elementor-widget-container\">\n\t\t\t\t\t\t\t<div class=\"elementor-divider\">\n\t\t\t<span class=\"elementor-divider-separator\">\n\t\t\t\t\t\t<\/span>\n\t\t<\/div>\n\t\t\t\t\t\t<\/div>\n\t\t\t\t<\/div>\n\t\t\t\t<section class=\"has_eae_slider elementor-section elementor-inner-section elementor-element elementor-element-8407708 elementor-section-full_width elementor-section-height-default elementor-section-height-default\" data-eae-slider=\"21862\" data-id=\"8407708\" data-element_type=\"section\">\n\t\t\t\t\t\t<div class=\"elementor-container elementor-column-gap-no\">\n\t\t\t\t\t<div class=\"has_eae_slider elementor-column elementor-col-50 elementor-inner-column elementor-element elementor-element-94f27d7\" data-eae-slider=\"90546\" data-id=\"94f27d7\" data-element_type=\"column\">\n\t\t\t<div class=\"elementor-widget-wrap elementor-element-populated\">\n\t\t\t\t\t\t<div class=\"elementor-element elementor-element-d5ecd58 eael-table-align-center eael-dt-th-align-left elementor-widget elementor-widget-eael-data-table\" data-id=\"d5ecd58\" data-element_type=\"widget\" data-widget_type=\"eael-data-table.default\">\n\t\t\t\t<div class=\"elementor-widget-container\">\n\t\t\t\t\t\t\t<div class=\"eael-data-table-wrap\" data-table_id=\"d5ecd58\" id=\"eael-data-table-wrapper-d5ecd58\" data-custom_responsive=\"false\">\n\t\t\t<table class=\"tablesorter eael-data-table center\" id=\"eael-data-table-d5ecd58\">\n\t\t\t    <thead>\n\t\t\t        <tr class=\"table-header\">\n\t\t\t\t\t\t\t\t\t            <th class=\"\" id=\"\" colspan=\"\">\n\t\t\t\t\t\t\t\t\t\t\t\t\t\t<span class=\"data-table-header-text\">Universitat de Turisme de Kempten, Alemanya<\/span><\/th>\n\t\t\t        \t\t\t\t        <\/tr>\n\t\t\t    <\/thead>\n\t\t\t  \t<tbody>\n\t\t\t\t\t\t\t\t\t\t\t<tr>\n\t\t\t\t\t\t\t\t\t\t\t\t\t\t\t\t   \t\t\t\t\t\t\t\t\t\t\t<td colspan=\"\" rowspan=\"\" class=\"\" id=\"\">\n\t\t\t\t\t\t\t\t\t\t\t\t<div class=\"td-content-wrapper\"><div class=\"td-content\">\n\t\t\t\t\t\t\t\t\t\t\t\t\t<p>Kempten \u00e9s una petita ciutat comercial situada al sud d&#8217;Alemanya. La ciutat m\u00e9s propera \u00e9s Munic (a 3 hores de dist\u00e0ncia amb tren).<\/p><p>Aquesta universitat \u00e9s una de les poques universitats d&#8217;Alemanya on els estudis s&#8217;imparteixen majorit\u00e0riament en alemany, per la qual cosa tamb\u00e9 s&#8217;ofereixen als estudiants d&#8217;intercanvi cursos d&#8217;alemany durant la vostra estada. En aquesta universitat, els estudiants poden cursar assignatures de la branca de turisme i de la d&#8217;administraci\u00f3 d&#8217;empreses (aquesta darrera amb m\u00e9s assignatures impartides en angl\u00e8s).<\/p><p>El Servei de Relacions Internacionals de la universitat ajuda els estudiants a buscar allotjament.<\/p><p>Gr\u00e0cies a aquest programa d&#8217;intercanvi, els estudiants de la nostra Escola tenen la possibilitat d&#8217;estudiar un semestre o dos a Alemanya, facilitant-los l&#8217;allotjament en resid\u00e8ncies d&#8217;estudiants. La possibilitat d&#8217;estudiar a la Universitat alemanya de Kempten \u00e9s una experi\u00e8ncia molt enriquidora i formativa per als alumnes tant des del punt de vista acad\u00e8mic \u2013ja que adquireixen un nivell molt alt en el coneixement de la llengua alemanya- com tamb\u00e9 a l\u2019\u00e0mbit personal. Aix\u00ed mateix, els brinda la possibilitat de complementar la seua formaci\u00f3 i augmentar el seu nivell de preparaci\u00f3 per respondre als reptes cada vegada m\u00e9s exigents de la vida laboral<\/p><p><a href=\"http:\/\/www.hochschule-kempten.de\">www.hochschule-kempten.de<\/a><\/p>\t\t\t\t\t\t\t\t\t\t\t\t<\/div><\/div>\n\t\t\t\t\t\t\t\t\t\t\t<\/td>\n\t\t\t\t\t\t\t\t\t\t\t\t\t\t\t\t\t\t\t\t\t\t\t\t\t\t<\/tr>\n\t\t\t        \t\t\t    <\/tbody>\n\t\t\t<\/table>\n\t\t<\/div>\n\t  \t\t\t\t\t<\/div>\n\t\t\t\t<\/div>\n\t\t\t\t<div class=\"elementor-element elementor-element-fe007b7 elementor-widget elementor-widget-spacer\" data-id=\"fe007b7\" data-element_type=\"widget\" data-widget_type=\"spacer.default\">\n\t\t\t\t<div class=\"elementor-widget-container\">\n\t\t\t\t\t\t\t<div class=\"elementor-spacer\">\n\t\t\t<div class=\"elementor-spacer-inner\"><\/div>\n\t\t<\/div>\n\t\t\t\t\t\t<\/div>\n\t\t\t\t<\/div>\n\t\t\t\t\t<\/div>\n\t\t<\/div>\n\t\t\t\t<div class=\"has_eae_slider elementor-column elementor-col-50 elementor-inner-column elementor-element elementor-element-f0f22fe elementor-hidden-mobile\" data-eae-slider=\"45779\" data-id=\"f0f22fe\" data-element_type=\"column\">\n\t\t\t<div class=\"elementor-widget-wrap\">\n\t\t\t\t\t\t\t<\/div>\n\t\t<\/div>\n\t\t\t\t\t<\/div>\n\t\t<\/section>\n\t\t\t\t<section class=\"has_eae_slider elementor-section elementor-inner-section elementor-element elementor-element-e9d10a6 elementor-section-full_width elementor-section-height-min-height elementor-section-height-default\" data-eae-slider=\"55861\" data-id=\"e9d10a6\" data-element_type=\"section\">\n\t\t\t\t\t\t<div class=\"elementor-container elementor-column-gap-no\">\n\t\t\t\t\t<div class=\"has_eae_slider elementor-column elementor-col-50 elementor-inner-column elementor-element elementor-element-3a48ede\" data-eae-slider=\"50705\" data-id=\"3a48ede\" data-element_type=\"column\">\n\t\t\t<div class=\"elementor-widget-wrap elementor-element-populated\">\n\t\t\t\t\t\t<div class=\"elementor-element elementor-element-c627822 eael-table-align-center eael-dt-th-align-left elementor-widget elementor-widget-eael-data-table\" data-id=\"c627822\" data-element_type=\"widget\" data-widget_type=\"eael-data-table.default\">\n\t\t\t\t<div class=\"elementor-widget-container\">\n\t\t\t\t\t\t\t<div class=\"eael-data-table-wrap\" data-table_id=\"c627822\" id=\"eael-data-table-wrapper-c627822\" data-custom_responsive=\"false\">\n\t\t\t<table class=\"tablesorter eael-data-table center\" id=\"eael-data-table-c627822\">\n\t\t\t    <thead>\n\t\t\t        <tr class=\"table-header\">\n\t\t\t\t\t\t\t\t\t            <th class=\"\" id=\"\" colspan=\"\">\n\t\t\t\t\t\t\t\t\t\t\t\t\t\t<span class=\"data-table-header-text\">Groupe Ecole Sup\u00e9rieur Troyes, Fran\u00e7a<\/span><\/th>\n\t\t\t        \t\t\t\t        <\/tr>\n\t\t\t    <\/thead>\n\t\t\t  \t<tbody>\n\t\t\t\t\t\t\t\t\t\t\t<tr>\n\t\t\t\t\t\t\t\t\t\t\t\t\t\t\t\t   \t\t\t\t\t\t\t\t\t\t\t<td colspan=\"\" rowspan=\"\" class=\"\" id=\"\">\n\t\t\t\t\t\t\t\t\t\t\t\t<div class=\"td-content-wrapper\"><div class=\"td-content\">\n\t\t\t\t\t\t\t\t\t\t\t\t\t<p>Troyes \u00e9s una ciutat i municipi franc\u00e8s, situada a la regi\u00f3 del Gran Orient, a l&#8217;Aube a una hora i mitja de Par\u00eds.<\/p>\n<p>El Groupe Ecole Sup\u00e9rieur Troyes \u00e9s un grup de centres d&#8217;educaci\u00f3 superior que inclou una Escola Superior de Negocis, fundada el 1992.<\/p>\n<p>Ofereix als estudiants d&#8217;intercanvi 3 programes:<br \/>\n&#8211; Turisme<br \/>\n&#8211; Management Internacional<br \/>\n&#8211; Comer\u00e7 Internacional<\/p>\n<p>Les assignatures es cursen en franc\u00e8s i angl\u00e8s.<br \/>\nhttps:\/\/yschools.fr\/<\/p>\n\t\t\t\t\t\t\t\t\t\t\t\t<\/div><\/div>\n\t\t\t\t\t\t\t\t\t\t\t<\/td>\n\t\t\t\t\t\t\t\t\t\t\t\t\t\t\t\t\t\t\t\t\t\t\t\t\t\t<\/tr>\n\t\t\t        \t\t\t    <\/tbody>\n\t\t\t<\/table>\n\t\t<\/div>\n\t  \t\t\t\t\t<\/div>\n\t\t\t\t<\/div>\n\t\t\t\t<div class=\"elementor-element elementor-element-9a3e32c elementor-widget elementor-widget-spacer\" data-id=\"9a3e32c\" data-element_type=\"widget\" data-widget_type=\"spacer.default\">\n\t\t\t\t<div class=\"elementor-widget-container\">\n\t\t\t\t\t\t\t<div class=\"elementor-spacer\">\n\t\t\t<div class=\"elementor-spacer-inner\"><\/div>\n\t\t<\/div>\n\t\t\t\t\t\t<\/div>\n\t\t\t\t<\/div>\n\t\t\t\t\t<\/div>\n\t\t<\/div>\n\t\t\t\t<div class=\"has_eae_slider elementor-column elementor-col-50 elementor-inner-column elementor-element elementor-element-1232049 elementor-hidden-mobile\" data-eae-slider=\"28134\" data-id=\"1232049\" data-element_type=\"column\">\n\t\t\t<div class=\"elementor-widget-wrap\">\n\t\t\t\t\t\t\t<\/div>\n\t\t<\/div>\n\t\t\t\t\t<\/div>\n\t\t<\/section>\n\t\t\t\t<section class=\"has_eae_slider elementor-section elementor-inner-section elementor-element elementor-element-8a9e53d elementor-section-full_width elementor-section-height-min-height elementor-section-height-default\" data-eae-slider=\"76112\" data-id=\"8a9e53d\" data-element_type=\"section\">\n\t\t\t\t\t\t<div class=\"elementor-container elementor-column-gap-no\">\n\t\t\t\t\t<div class=\"has_eae_slider elementor-column elementor-col-50 elementor-inner-column elementor-element elementor-element-e8d5394\" data-eae-slider=\"38519\" data-id=\"e8d5394\" data-element_type=\"column\">\n\t\t\t<div class=\"elementor-widget-wrap elementor-element-populated\">\n\t\t\t\t\t\t<div class=\"elementor-element elementor-element-6b0bf41 eael-table-align-center eael-dt-th-align-left elementor-widget elementor-widget-eael-data-table\" data-id=\"6b0bf41\" data-element_type=\"widget\" data-widget_type=\"eael-data-table.default\">\n\t\t\t\t<div class=\"elementor-widget-container\">\n\t\t\t\t\t\t\t<div class=\"eael-data-table-wrap\" data-table_id=\"6b0bf41\" id=\"eael-data-table-wrapper-6b0bf41\" data-custom_responsive=\"false\">\n\t\t\t<table class=\"tablesorter eael-data-table center\" id=\"eael-data-table-6b0bf41\">\n\t\t\t    <thead>\n\t\t\t        <tr class=\"table-header\">\n\t\t\t\t\t\t\t\t\t            <th class=\"\" id=\"\" colspan=\"\">\n\t\t\t\t\t\t\t\t\t\t\t\t\t\t<span class=\"data-table-header-text\">Universidad de Worms, Alemanya<\/span><\/th>\n\t\t\t        \t\t\t\t        <\/tr>\n\t\t\t    <\/thead>\n\t\t\t  \t<tbody>\n\t\t\t\t\t\t\t\t\t\t\t<tr>\n\t\t\t\t\t\t\t\t\t\t\t\t\t\t\t\t   \t\t\t\t\t\t\t\t\t\t\t<td colspan=\"\" rowspan=\"\" class=\"\" id=\"\">\n\t\t\t\t\t\t\t\t\t\t\t\t<div class=\"td-content-wrapper\"><div class=\"td-content\">\n\t\t\t\t\t\t\t\t\t\t\t\t\t<p>Worms \u00e9s una petita ciutat a la vora del riu Rin. \u00c9s una de les ciutats m\u00e9s antigues d&#8217;Alemanya.<\/p>\n<p>Worms t\u00e9 una universitat de ci\u00e8ncies aplicades orientada als negocis i la tecnologia, on els alumnes internacionals s\u00f3n molt ben rebuts. Ofereixen excursions gratu\u00eftes a Berl\u00edn i Munic perqu\u00e8 puguin con\u00e8ixer el pa\u00eds.<\/p>\n<p>Ofereixen servei de cerca d&#8217;allotjament per als estudiants d&#8217;intercanvi.<br \/>\nEls estudis s&#8217;imparteixen en angl\u00e8s, per\u00f2 ofereixen cursos d&#8217;alemany de tots els nivells.<br \/>\n<a href=\"https:\/\/www.hs-worms.de\/\">https:\/\/www.hs-worms.de\/<\/a><\/p>\n\t\t\t\t\t\t\t\t\t\t\t\t<\/div><\/div>\n\t\t\t\t\t\t\t\t\t\t\t<\/td>\n\t\t\t\t\t\t\t\t\t\t\t\t\t\t\t\t\t\t\t\t\t\t\t\t\t\t<\/tr>\n\t\t\t        \t\t\t    <\/tbody>\n\t\t\t<\/table>\n\t\t<\/div>\n\t  \t\t\t\t\t<\/div>\n\t\t\t\t<\/div>\n\t\t\t\t<div class=\"elementor-element elementor-element-e9c3a2d elementor-widget elementor-widget-spacer\" data-id=\"e9c3a2d\" data-element_type=\"widget\" data-widget_type=\"spacer.default\">\n\t\t\t\t<div class=\"elementor-widget-container\">\n\t\t\t\t\t\t\t<div class=\"elementor-spacer\">\n\t\t\t<div class=\"elementor-spacer-inner\"><\/div>\n\t\t<\/div>\n\t\t\t\t\t\t<\/div>\n\t\t\t\t<\/div>\n\t\t\t\t\t<\/div>\n\t\t<\/div>\n\t\t\t\t<div class=\"has_eae_slider elementor-column elementor-col-50 elementor-inner-column elementor-element elementor-element-8cfe841 elementor-hidden-mobile\" data-eae-slider=\"1410\" data-id=\"8cfe841\" data-element_type=\"column\">\n\t\t\t<div class=\"elementor-widget-wrap\">\n\t\t\t\t\t\t\t<\/div>\n\t\t<\/div>\n\t\t\t\t\t<\/div>\n\t\t<\/section>\n\t\t\t\t\t<\/div>\n\t\t<\/div>\n\t\t\t\t\t<\/div>\n\t\t<\/section>\n\t\t\t\t<\/div>\n\t\t","protected":false},"excerpt":{"rendered":"<p>Mobilitat i intercanvi L&#8217;Escola Universit\u00e0ria de Turisme promou la mobilitat entre els alumnes a trav\u00e9s de convenis d&#8217;estudis i de pr\u00e0ctiques amb altres centres internacionals. ERASMUS + Des del curs acad\u00e8mic 2010-2011, aquests intercanvis es realitzen en el marc del Programa de beques Erasmus. El programa ERASMUS+ us permet cursar part dels vostres estudis en&#8230;<\/p>\n","protected":false},"author":1,"featured_media":0,"parent":0,"menu_order":0,"comment_status":"closed","ping_status":"closed","template":"","meta":{"footnotes":""},"class_list":["post-993285","page","type-page","status-publish","hentry"],"yoast_head":"<!-- This site is optimized with the Yoast SEO plugin v26.3 - https:\/\/yoast.com\/wordpress\/plugins\/seo\/ -->\n<title>Mobilitat i intercanvi - Escuela de Turismo de Ibiza<\/title>\n<meta name=\"robots\" content=\"index, follow, max-snippet:-1, max-image-preview:large, max-video-preview:-1\" \/>\n<link rel=\"canonical\" href=\"https:\/\/www.escuelaturismo.org\/ca\/mobilitat-i-intercanvi\/\" \/>\n<meta property=\"og:locale\" content=\"ca_ES\" \/>\n<meta property=\"og:type\" content=\"article\" \/>\n<meta property=\"og:title\" content=\"Mobilitat i intercanvi - Escuela de Turismo de Ibiza\" \/>\n<meta property=\"og:description\" content=\"Mobilitat i intercanvi L&#8217;Escola Universit\u00e0ria de Turisme promou la mobilitat entre els alumnes a trav\u00e9s de convenis d&#8217;estudis i de pr\u00e0ctiques amb altres centres internacionals. ERASMUS + Des del curs acad\u00e8mic 2010-2011, aquests intercanvis es realitzen en el marc del Programa de beques Erasmus. El programa ERASMUS+ us permet cursar part dels vostres estudis en...\" \/>\n<meta property=\"og:url\" content=\"https:\/\/www.escuelaturismo.org\/ca\/mobilitat-i-intercanvi\/\" \/>\n<meta property=\"og:site_name\" content=\"Escuela de Turismo de Ibiza\" \/>\n<meta property=\"article:modified_time\" content=\"2023-03-10T12:30:08+00:00\" \/>\n<meta name=\"twitter:card\" content=\"summary_large_image\" \/>\n<meta name=\"twitter:label1\" content=\"Temps estimat de lectura\" \/>\n\t<meta name=\"twitter:data1\" content=\"9 minuts\" \/>\n<script type=\"application\/ld+json\" class=\"yoast-schema-graph\">{\"@context\":\"https:\/\/schema.org\",\"@graph\":[{\"@type\":\"WebPage\",\"@id\":\"https:\/\/www.escuelaturismo.org\/ca\/mobilitat-i-intercanvi\/\",\"url\":\"https:\/\/www.escuelaturismo.org\/ca\/mobilitat-i-intercanvi\/\",\"name\":\"Mobilitat i intercanvi - Escuela de Turismo de Ibiza\",\"isPartOf\":{\"@id\":\"https:\/\/www.escuelaturismo.org\/ca\/#website\"},\"datePublished\":\"2022-12-23T15:35:34+00:00\",\"dateModified\":\"2023-03-10T12:30:08+00:00\",\"breadcrumb\":{\"@id\":\"https:\/\/www.escuelaturismo.org\/ca\/mobilitat-i-intercanvi\/#breadcrumb\"},\"inLanguage\":\"ca\",\"potentialAction\":[{\"@type\":\"ReadAction\",\"target\":[\"https:\/\/www.escuelaturismo.org\/ca\/mobilitat-i-intercanvi\/\"]}]},{\"@type\":\"BreadcrumbList\",\"@id\":\"https:\/\/www.escuelaturismo.org\/ca\/mobilitat-i-intercanvi\/#breadcrumb\",\"itemListElement\":[{\"@type\":\"ListItem\",\"position\":1,\"name\":\"Home\",\"item\":\"https:\/\/www.escuelaturismo.org\/ca\/\"},{\"@type\":\"ListItem\",\"position\":2,\"name\":\"Mobilitat i intercanvi\"}]},{\"@type\":\"WebSite\",\"@id\":\"https:\/\/www.escuelaturismo.org\/ca\/#website\",\"url\":\"https:\/\/www.escuelaturismo.org\/ca\/\",\"name\":\"Escuela de Turismo de Ibiza\",\"description\":\"Escuela de Turismo de Ibiza\",\"publisher\":{\"@id\":\"https:\/\/www.escuelaturismo.org\/ca\/#organization\"},\"potentialAction\":[{\"@type\":\"SearchAction\",\"target\":{\"@type\":\"EntryPoint\",\"urlTemplate\":\"https:\/\/www.escuelaturismo.org\/ca\/?s={search_term_string}\"},\"query-input\":{\"@type\":\"PropertyValueSpecification\",\"valueRequired\":true,\"valueName\":\"search_term_string\"}}],\"inLanguage\":\"ca\"},{\"@type\":\"Organization\",\"@id\":\"https:\/\/www.escuelaturismo.org\/ca\/#organization\",\"name\":\"Escuela de Turismo de Ibiza\",\"url\":\"https:\/\/www.escuelaturismo.org\/ca\/\",\"logo\":{\"@type\":\"ImageObject\",\"inLanguage\":\"ca\",\"@id\":\"https:\/\/www.escuelaturismo.org\/ca\/#\/schema\/logo\/image\/\",\"url\":\"https:\/\/www.escuelaturismo.org\/wp-content\/uploads\/2023\/01\/logo-ETI-header.svg\",\"contentUrl\":\"https:\/\/www.escuelaturismo.org\/wp-content\/uploads\/2023\/01\/logo-ETI-header.svg\",\"width\":350,\"height\":90,\"caption\":\"Escuela de Turismo de Ibiza\"},\"image\":{\"@id\":\"https:\/\/www.escuelaturismo.org\/ca\/#\/schema\/logo\/image\/\"}}]}<\/script>\n<!-- \/ Yoast SEO plugin. -->","yoast_head_json":{"title":"Mobilitat i intercanvi - Escuela de Turismo de Ibiza","robots":{"index":"index","follow":"follow","max-snippet":"max-snippet:-1","max-image-preview":"max-image-preview:large","max-video-preview":"max-video-preview:-1"},"canonical":"https:\/\/www.escuelaturismo.org\/ca\/mobilitat-i-intercanvi\/","og_locale":"ca_ES","og_type":"article","og_title":"Mobilitat i intercanvi - Escuela de Turismo de Ibiza","og_description":"Mobilitat i intercanvi L&#8217;Escola Universit\u00e0ria de Turisme promou la mobilitat entre els alumnes a trav\u00e9s de convenis d&#8217;estudis i de pr\u00e0ctiques amb altres centres internacionals. ERASMUS + Des del curs acad\u00e8mic 2010-2011, aquests intercanvis es realitzen en el marc del Programa de beques Erasmus. El programa ERASMUS+ us permet cursar part dels vostres estudis en...","og_url":"https:\/\/www.escuelaturismo.org\/ca\/mobilitat-i-intercanvi\/","og_site_name":"Escuela de Turismo de Ibiza","article_modified_time":"2023-03-10T12:30:08+00:00","twitter_card":"summary_large_image","twitter_misc":{"Temps estimat de lectura":"9 minuts"},"schema":{"@context":"https:\/\/schema.org","@graph":[{"@type":"WebPage","@id":"https:\/\/www.escuelaturismo.org\/ca\/mobilitat-i-intercanvi\/","url":"https:\/\/www.escuelaturismo.org\/ca\/mobilitat-i-intercanvi\/","name":"Mobilitat i intercanvi - Escuela de Turismo de Ibiza","isPartOf":{"@id":"https:\/\/www.escuelaturismo.org\/ca\/#website"},"datePublished":"2022-12-23T15:35:34+00:00","dateModified":"2023-03-10T12:30:08+00:00","breadcrumb":{"@id":"https:\/\/www.escuelaturismo.org\/ca\/mobilitat-i-intercanvi\/#breadcrumb"},"inLanguage":"ca","potentialAction":[{"@type":"ReadAction","target":["https:\/\/www.escuelaturismo.org\/ca\/mobilitat-i-intercanvi\/"]}]},{"@type":"BreadcrumbList","@id":"https:\/\/www.escuelaturismo.org\/ca\/mobilitat-i-intercanvi\/#breadcrumb","itemListElement":[{"@type":"ListItem","position":1,"name":"Home","item":"https:\/\/www.escuelaturismo.org\/ca\/"},{"@type":"ListItem","position":2,"name":"Mobilitat i intercanvi"}]},{"@type":"WebSite","@id":"https:\/\/www.escuelaturismo.org\/ca\/#website","url":"https:\/\/www.escuelaturismo.org\/ca\/","name":"Escuela de Turismo de Ibiza","description":"Escuela de Turismo de Ibiza","publisher":{"@id":"https:\/\/www.escuelaturismo.org\/ca\/#organization"},"potentialAction":[{"@type":"SearchAction","target":{"@type":"EntryPoint","urlTemplate":"https:\/\/www.escuelaturismo.org\/ca\/?s={search_term_string}"},"query-input":{"@type":"PropertyValueSpecification","valueRequired":true,"valueName":"search_term_string"}}],"inLanguage":"ca"},{"@type":"Organization","@id":"https:\/\/www.escuelaturismo.org\/ca\/#organization","name":"Escuela de Turismo de Ibiza","url":"https:\/\/www.escuelaturismo.org\/ca\/","logo":{"@type":"ImageObject","inLanguage":"ca","@id":"https:\/\/www.escuelaturismo.org\/ca\/#\/schema\/logo\/image\/","url":"https:\/\/www.escuelaturismo.org\/wp-content\/uploads\/2023\/01\/logo-ETI-header.svg","contentUrl":"https:\/\/www.escuelaturismo.org\/wp-content\/uploads\/2023\/01\/logo-ETI-header.svg","width":350,"height":90,"caption":"Escuela de Turismo de Ibiza"},"image":{"@id":"https:\/\/www.escuelaturismo.org\/ca\/#\/schema\/logo\/image\/"}}]}},"_links":{"self":[{"href":"https:\/\/www.escuelaturismo.org\/ca\/wp-json\/wp\/v2\/pages\/993285","targetHints":{"allow":["GET"]}}],"collection":[{"href":"https:\/\/www.escuelaturismo.org\/ca\/wp-json\/wp\/v2\/pages"}],"about":[{"href":"https:\/\/www.escuelaturismo.org\/ca\/wp-json\/wp\/v2\/types\/page"}],"author":[{"embeddable":true,"href":"https:\/\/www.escuelaturismo.org\/ca\/wp-json\/wp\/v2\/users\/1"}],"replies":[{"embeddable":true,"href":"https:\/\/www.escuelaturismo.org\/ca\/wp-json\/wp\/v2\/comments?post=993285"}],"version-history":[{"count":4,"href":"https:\/\/www.escuelaturismo.org\/ca\/wp-json\/wp\/v2\/pages\/993285\/revisions"}],"predecessor-version":[{"id":993485,"href":"https:\/\/www.escuelaturismo.org\/ca\/wp-json\/wp\/v2\/pages\/993285\/revisions\/993485"}],"wp:attachment":[{"href":"https:\/\/www.escuelaturismo.org\/ca\/wp-json\/wp\/v2\/media?parent=993285"}],"curies":[{"name":"wp","href":"https:\/\/api.w.org\/{rel}","templated":true}]}}