{"id":993090,"date":"2022-12-28T07:29:54","date_gmt":"2022-12-28T07:29:54","guid":{"rendered":"https:\/\/www.escuelaturismo.org\/pla-daccio-tutorial\/"},"modified":"2023-02-22T10:12:03","modified_gmt":"2023-02-22T10:12:03","slug":"pla-daccio-tutorial","status":"publish","type":"page","link":"https:\/\/www.escuelaturismo.org\/ca\/pla-daccio-tutorial\/","title":{"rendered":"Pla d&#8217;acci\u00f3 tutorial"},"content":{"rendered":"\t\t<div data-elementor-type=\"wp-page\" data-elementor-id=\"993090\" class=\"elementor elementor-993090 elementor-989334\" data-elementor-post-type=\"page\">\n\t\t\t\t\t\t<section class=\"has_eae_slider elementor-section elementor-top-section elementor-element elementor-element-f613fe2 elementor-section-height-min-height elementor-section-boxed elementor-section-height-default elementor-section-items-middle\" data-eae-slider=\"41375\" data-id=\"f613fe2\" data-element_type=\"section\" data-settings=\"{&quot;background_background&quot;:&quot;classic&quot;}\">\n\t\t\t\t\t\t<div class=\"elementor-container elementor-column-gap-default\">\n\t\t\t\t\t<div class=\"has_eae_slider elementor-column elementor-col-100 elementor-top-column elementor-element elementor-element-e2ab26d\" data-eae-slider=\"52446\" data-id=\"e2ab26d\" data-element_type=\"column\" data-settings=\"{&quot;background_background&quot;:&quot;classic&quot;}\">\n\t\t\t<div class=\"elementor-widget-wrap\">\n\t\t\t\t\t\t\t<\/div>\n\t\t<\/div>\n\t\t\t\t\t<\/div>\n\t\t<\/section>\n\t\t\t\t<section class=\"has_eae_slider elementor-section elementor-top-section elementor-element elementor-element-caaf071 elementor-section-boxed elementor-section-height-default elementor-section-height-default\" data-eae-slider=\"29930\" data-id=\"caaf071\" data-element_type=\"section\">\n\t\t\t\t\t\t<div class=\"elementor-container elementor-column-gap-no\">\n\t\t\t\t\t<div class=\"has_eae_slider elementor-column elementor-col-50 elementor-top-column elementor-element elementor-element-4e79ffa animated-fast entry-box elementor-invisible\" data-eae-slider=\"31174\" data-id=\"4e79ffa\" data-element_type=\"column\" data-settings=\"{&quot;background_background&quot;:&quot;classic&quot;,&quot;animation&quot;:&quot;fadeIn&quot;,&quot;animation_tablet&quot;:&quot;none&quot;,&quot;animation_mobile&quot;:&quot;none&quot;,&quot;animation_delay&quot;:100}\">\n\t\t\t<div class=\"elementor-widget-wrap elementor-element-populated\">\n\t\t\t\t\t\t<div class=\"elementor-element elementor-element-c2112f5 elementor-widget elementor-widget-heading\" data-id=\"c2112f5\" data-element_type=\"widget\" data-widget_type=\"heading.default\">\n\t\t\t\t<div class=\"elementor-widget-container\">\n\t\t\t\t\t<h1 class=\"elementor-heading-title elementor-size-default\">Pla d&#8217;acci\u00f3 tutorial<\/h1>\t\t\t\t<\/div>\n\t\t\t\t<\/div>\n\t\t\t\t<div class=\"elementor-element elementor-element-d65f78a elementor-widget elementor-widget-text-editor\" data-id=\"d65f78a\" data-element_type=\"widget\" data-widget_type=\"text-editor.default\">\n\t\t\t\t<div class=\"elementor-widget-container\">\n\t\t\t\t\t\t\t\t\t<p>El Pla d&#8217;acci\u00f3 tutorial (PAT) \u00e9s un gui\u00f3 que estableix les l\u00ednies d&#8217;actuaci\u00f3 i pautes que ha de seguir el docent al seu dia a dia, de manera que quedin ben planificades totes les accions i els processos que s&#8217;han de dur a terme durant el desenvolupament de l\u2019acci\u00f3 formativa.<\/p>\n\t\t\t\t\t\t\t\t<\/div>\n\t\t\t\t<\/div>\n\t\t\t\t\t<\/div>\n\t\t<\/div>\n\t\t\t\t<div class=\"has_eae_slider elementor-column elementor-col-50 elementor-top-column elementor-element elementor-element-1028bc1 elementor-hidden-desktop elementor-hidden-tablet elementor-hidden-phone\" data-eae-slider=\"97176\" data-id=\"1028bc1\" data-element_type=\"column\">\n\t\t\t<div class=\"elementor-widget-wrap\">\n\t\t\t\t\t\t\t<\/div>\n\t\t<\/div>\n\t\t\t\t\t<\/div>\n\t\t<\/section>\n\t\t\t\t<section class=\"has_eae_slider elementor-section elementor-top-section elementor-element elementor-element-3f9e931 elementor-section-boxed elementor-section-height-default elementor-section-height-default\" data-eae-slider=\"64093\" data-id=\"3f9e931\" data-element_type=\"section\">\n\t\t\t\t\t\t<div class=\"elementor-container elementor-column-gap-default\">\n\t\t\t\t\t<div class=\"has_eae_slider elementor-column elementor-col-100 elementor-top-column elementor-element elementor-element-10fcfd3\" data-eae-slider=\"21088\" data-id=\"10fcfd3\" data-element_type=\"column\">\n\t\t\t<div class=\"elementor-widget-wrap elementor-element-populated\">\n\t\t\t\t\t\t<div class=\"elementor-element elementor-element-31a7fa3 superbig-p elementor-widget elementor-widget-text-editor\" data-id=\"31a7fa3\" data-element_type=\"widget\" data-settings=\"{&quot;_animation&quot;:&quot;none&quot;,&quot;_animation_tablet&quot;:&quot;none&quot;,&quot;_animation_mobile&quot;:&quot;none&quot;,&quot;_animation_delay&quot;:300}\" data-widget_type=\"text-editor.default\">\n\t\t\t\t<div class=\"elementor-widget-container\">\n\t\t\t\t\t\t\t\t\t<p>Les sigles SIGC corresponen a Sistema Intern de Garantia de Qualitat, el principal prop\u00f2sit del qual \u00e9s controlat permament per la Comissi\u00f3 de Qualitat de l&#8217;Escola.<\/p>\n\t\t\t\t\t\t\t\t<\/div>\n\t\t\t\t<\/div>\n\t\t\t\t\t<\/div>\n\t\t<\/div>\n\t\t\t\t\t<\/div>\n\t\t<\/section>\n\t\t\t\t<section class=\"has_eae_slider elementor-section elementor-top-section elementor-element elementor-element-ffe0a85 elementor-section-boxed elementor-section-height-default elementor-section-height-default\" data-eae-slider=\"24886\" data-id=\"ffe0a85\" data-element_type=\"section\">\n\t\t\t\t\t\t<div class=\"elementor-container elementor-column-gap-default\">\n\t\t\t\t\t<div class=\"has_eae_slider elementor-column elementor-col-100 elementor-top-column elementor-element elementor-element-9dd2dbc\" data-eae-slider=\"88177\" data-id=\"9dd2dbc\" data-element_type=\"column\">\n\t\t\t<div class=\"elementor-widget-wrap elementor-element-populated\">\n\t\t\t\t\t\t<div class=\"elementor-element elementor-element-6105d60 accordion-text elementor-widget elementor-widget-toggle\" data-id=\"6105d60\" data-element_type=\"widget\" data-widget_type=\"toggle.default\">\n\t\t\t\t<div class=\"elementor-widget-container\">\n\t\t\t\t\t\t\t<div class=\"elementor-toggle\">\n\t\t\t\t\t\t\t<div class=\"elementor-toggle-item\">\n\t\t\t\t\t<h3 id=\"elementor-tab-title-1011\" class=\"elementor-tab-title\" data-tab=\"1\" role=\"button\" aria-controls=\"elementor-tab-content-1011\" aria-expanded=\"false\">\n\t\t\t\t\t\t\t\t\t\t\t\t<span class=\"elementor-toggle-icon elementor-toggle-icon-right\" aria-hidden=\"true\">\n\t\t\t\t\t\t\t\t\t\t\t\t\t\t\t<span class=\"elementor-toggle-icon-closed\"><i class=\"vamtamtheme- vamtam-theme-arrow-down\"><\/i><\/span>\n\t\t\t\t\t\t\t\t<span class=\"elementor-toggle-icon-opened\"><i class=\"elementor-toggle-icon-opened vamtamtheme- vamtam-theme-arrow-up\"><\/i><\/span>\n\t\t\t\t\t\t\t\t\t\t\t\t\t<\/span>\n\t\t\t\t\t\t\t\t\t\t\t\t<a class=\"elementor-toggle-title\" tabindex=\"0\">1.\tIntroducci\u00f3 <\/a>\n\t\t\t\t\t<\/h3>\n\n\t\t\t\t\t<div id=\"elementor-tab-content-1011\" class=\"elementor-tab-content elementor-clearfix\" data-tab=\"1\" role=\"region\" aria-labelledby=\"elementor-tab-title-1011\"><p>La tutoria universit\u00e0ria \u00e9s un concepte molt m\u00e9s ampli que la simple tutoria d\u2019assignatura. La primera t\u00e9 com a finalitat ajudar l&#8217;alumne\/a a aconseguir definir clarament els seus objectius acad\u00e8mics, personals i professionals oferint-li la informaci\u00f3 i formaci\u00f3 que requereixi, aix\u00ed com orientant-lo i ajudant-lo a prendre decisions de tall acad\u00e8mic, professional, social i administratiu per procurar l&#8217;adaptaci\u00f3 desenvolupament i la finalitzaci\u00f3 d\u2019una vida acad\u00e8mica universit\u00e0ria profitosa. \u00c9s indubtable que la figura del professor o la professora, com a suport per aconseguir-ho, \u00e9s fonamental en aquest proc\u00e9s.<\/p>\n<p>El PAT de l&#8217;Escola Universit\u00e0ria de Turisme del Consell Insular d&#8217;Eivissa, d&#8217;ara endavant L&#8217;Escola, \u00e9s un dret acad\u00e8mic voluntari de tot l\u2019alumnat. \u00c9s per aix\u00f2 que l&#8217;acci\u00f3 tutorial es desenvolupa a partir de les necessitats i demandes dels estudiants, sense detriment que el professor tutor pugui prendre la iniciativa en aquells casos en qu\u00e8 detecti que un alumne presenti problemes d&#8217;adaptaci\u00f3 o de baix rendiment acad\u00e8mic o prevegi que aix\u00f2 pugui passar. La tutoritzaci\u00f3 a l&#8217;Escola \u00e9s cont\u00ednua i permanent i inclou tots els aspectes dels estudiants, incloent-hi els aspectes personals. La finalitat \u00faltima \u00e9s servir de suport per a una formaci\u00f3 integral i t\u00e9 com a base de desenvolupament el PAT de la UIB, del qual \u00e9s una adaptaci\u00f3 a les caracter\u00edstiques especials de l&#8217;Escola.<\/p>\n<\/div>\n\t\t\t\t<\/div>\n\t\t\t\t\t\t\t<div class=\"elementor-toggle-item\">\n\t\t\t\t\t<h3 id=\"elementor-tab-title-1012\" class=\"elementor-tab-title\" data-tab=\"2\" role=\"button\" aria-controls=\"elementor-tab-content-1012\" aria-expanded=\"false\">\n\t\t\t\t\t\t\t\t\t\t\t\t<span class=\"elementor-toggle-icon elementor-toggle-icon-right\" aria-hidden=\"true\">\n\t\t\t\t\t\t\t\t\t\t\t\t\t\t\t<span class=\"elementor-toggle-icon-closed\"><i class=\"vamtamtheme- vamtam-theme-arrow-down\"><\/i><\/span>\n\t\t\t\t\t\t\t\t<span class=\"elementor-toggle-icon-opened\"><i class=\"elementor-toggle-icon-opened vamtamtheme- vamtam-theme-arrow-up\"><\/i><\/span>\n\t\t\t\t\t\t\t\t\t\t\t\t\t<\/span>\n\t\t\t\t\t\t\t\t\t\t\t\t<a class=\"elementor-toggle-title\" tabindex=\"0\">2.\tObjectius del PAT<\/a>\n\t\t\t\t\t<\/h3>\n\n\t\t\t\t\t<div id=\"elementor-tab-content-1012\" class=\"elementor-tab-content elementor-clearfix\" data-tab=\"2\" role=\"region\" aria-labelledby=\"elementor-tab-title-1012\"><p>El PAT de l&#8217;Escola t\u00e9 com a objectius:<\/p>\n<ol style=\"list-style: upper-alpha;\">\n<li>Afavorir la integraci\u00f3 de l&#8217;alumnat a l&#8217;escola<\/li>\n<li>Optimitzar el proc\u00e9s d\u2019aprenentatge de l\u2019alumne\/a<\/li>\n<li>Orientar per a la formaci\u00f3 cont\u00ednua i la inserci\u00f3 laboral<\/li>\n<\/ol>\n<\/div>\n\t\t\t\t<\/div>\n\t\t\t\t\t\t\t<div class=\"elementor-toggle-item\">\n\t\t\t\t\t<h3 id=\"elementor-tab-title-1013\" class=\"elementor-tab-title\" data-tab=\"3\" role=\"button\" aria-controls=\"elementor-tab-content-1013\" aria-expanded=\"false\">\n\t\t\t\t\t\t\t\t\t\t\t\t<span class=\"elementor-toggle-icon elementor-toggle-icon-right\" aria-hidden=\"true\">\n\t\t\t\t\t\t\t\t\t\t\t\t\t\t\t<span class=\"elementor-toggle-icon-closed\"><i class=\"vamtamtheme- vamtam-theme-arrow-down\"><\/i><\/span>\n\t\t\t\t\t\t\t\t<span class=\"elementor-toggle-icon-opened\"><i class=\"elementor-toggle-icon-opened vamtamtheme- vamtam-theme-arrow-up\"><\/i><\/span>\n\t\t\t\t\t\t\t\t\t\t\t\t\t<\/span>\n\t\t\t\t\t\t\t\t\t\t\t\t<a class=\"elementor-toggle-title\" tabindex=\"0\">3.\tEstructura del proc\u00e9s de tutoritzaci\u00f3<\/a>\n\t\t\t\t\t<\/h3>\n\n\t\t\t\t\t<div id=\"elementor-tab-content-1013\" class=\"elementor-tab-content elementor-clearfix\" data-tab=\"3\" role=\"region\" aria-labelledby=\"elementor-tab-title-1013\"><p>Tot i que la tutoria ha de ser un proc\u00e9s constant al llarg dels estudis de l&#8217;alumnat, diferenciam tres tipus de tutoria relacionats amb les etapes de la vida de l&#8217;estudiant universitari:<\/p>\n<ol>\n<li>La tutoria de matr\u00edcula (entrada a la Universitat): Acollida<\/li>\n<li>La tutoria de carrera (durant l&#8217;estada de l&#8217;alumne\/a a l&#8217;escola): Seguiment<\/li>\n<li>La tutoria de sortida al m\u00f3n laboral (finalitzaci\u00f3 dels estudis): Sortida<\/li>\n<\/ol>\n<p>La tutoria pot adoptar les modalitats seg\u00fcents:<\/p>\n<ol>\n<li>Tutoria individualitzada. Aquest tipus de tutoria permet un suport a l\u2019alumnat basat en la relaci\u00f3 personal i directa amb el tutor.<\/li>\n<li>Tutoria grupal, pr\u00e8viament planificada, es du a terme per treballar o b\u00e9 temes de tipus transversal (pla d\u2019estudis, itineraris&#8230;), o b\u00e9 problem\u00e0tiques comunes entre els membres del grup.<\/li>\n<\/ol>\n<p>Pel que fa al desenvolupament de les tutories, comptem amb tres vies:<\/p>\n<ol>\n<li>Presencial, mitjan\u00e7ant les entrevistes directes, tant de tipus individual com grupal<\/li>\n<li>No presencial, mitjan\u00e7ant correu electr\u00f2nic; i<\/li>\n<li>Mixta, si es fan servir ambdues modalitats anteriors.<\/li>\n<\/ol>\n<p><a href=\"https:\/\/www.escuelaturismo.org\/wp-content\/uploads\/2023\/02\/tabla-Plan-Accion-Tutorial-CAT.jpg\"><img fetchpriority=\"high\" decoding=\"async\" class=\"alignnone size-full wp-image-989344\" src=\"https:\/\/www.escuelaturismo.org\/wp-content\/uploads\/2023\/02\/tabla-Plan-Accion-Tutorial-CAT.jpg\" alt=\"\" width=\"650\" height=\"438\" \/><\/a><\/p>\n<h6 style=\"text-decoration: underline; color: #01b4e8;\">TUTOR\u00cdA DE LA MATR\u00cdCULA<\/h6>\n<p>La tutoria de matr\u00edcula t\u00e9 per objectiu orientar i informar l\u2019alumnat en aspectes acad\u00e8mics. Es pot dur a terme de manera individual o per sessions grupals. Els alumnes interessats en aquesta tutoria han de sol\u00b7licitar-la pr\u00e8viament a Secretaria.<\/p>\n<p>Alguns punts clau que es treballen a la tutoria de matr\u00edcula s\u00f3n:<\/p>\n<ul>\n<li>Coneixement de l&#8217;alumnat:\n<ul>\n<li>Con\u00e8ixer la seua situaci\u00f3 familiar i professional,<\/li>\n<li>\u00a0les motivacions i expectatives,<\/li>\n<li>h\u00e0bits i estrat\u00e8gies d\u2019estudi,<\/li>\n<li>etc&#8230;<\/li>\n<\/ul>\n<\/li>\n<li>Presentaci\u00f3 del PAT de l&#8217;escola:\n<ul>\n<li>Informaci\u00f3 sobre la tutoria, funcions i funcionament.<\/li>\n<\/ul>\n<\/li>\n<li>Informaci\u00f3 sobre el pla d\u2019estudis:\n<ul>\n<li>Informaci\u00f3 sobre el sistema de cr\u00e8dits ECTS i sobre el pla d&#8217;estudis espec\u00edfic,<\/li>\n<li>Informaci\u00f3 i orientaci\u00f3 per a la presa de decisions sobre el proc\u00e9s de matr\u00edcula (assignatures, itineraris&#8230;).<\/li>\n<\/ul>\n<\/li>\n<li>Informaci\u00f3 general de l&#8217;escola:\n<ul>\n<li>Donar a con\u00e8ixer la p\u00e0gina web, estructura i contingut,<\/li>\n<li>Informaci\u00f3 sobre beques, mobilitat i altres aspectes i serveis.<\/li>\n<\/ul>\n<\/li>\n<\/ul>\n<h6 style=\"text-decoration: underline; color: #01b4e8;\">TUTOR\u00cdA DE CARRERA<\/h6>\n<p>La tutoria de carrera t\u00e9 com a objectius primordials el suport a l\u2019alumnat durant la perman\u00e8ncia a l\u2019Escola, el seguiment dels processos d\u2019ensenyament-aprenentatge, la prevenci\u00f3 de l\u2019abandonament acad\u00e8mic i la integraci\u00f3 de l\u2019alumnat a la vida universit\u00e0ria.<br \/>\nDurant l&#8217;estada de l&#8217;estudiant a l&#8217;escola, el tutor es constitueix com a interlocutor v\u00e0lid i el guia acompanyant de l&#8217;alumnat. El professorat tutor \u00e9s el nexe entre l\u2019alumne tutoritzat i els \u00f2rgans, agents i serveis de l\u2019Escola. L&#8217;alumne\/a \u00e9s el protagonista de la tutoria de carrera, \u00e9s qui marca el ritme, el volum i el contingut.<br \/>\nEs consideren criteris essencials per al desenvolupament de l\u2019acci\u00f3 tutorial:<\/p>\n<ul>\n<li>Ser una activitat intencional, amb objectius clars i programatss.<\/li>\n<li>Actuaci\u00f3 basada en el respecte i la confidencialitat<\/li>\n<li>Partir del perfil de l\u2019alumnat.<\/li>\n<li>Atenci\u00f3 personalitzada per donar resposta a les necessitats de l&#8217;alumnat<\/li>\n<li>Programaci\u00f3 i agrupaci\u00f3 de les activitats en funci\u00f3 de les necessitats de l\u2019alumnat i de la titulaci\u00f3 acad\u00e8mica.<\/li>\n<li>Col\u00b7laboraci\u00f3 amb la resta de serveis de la UIB.<\/li>\n<li>Preveure els mitjans i els recursos necessaris per a la realitzaci\u00f3 de les accions.<\/li>\n<\/ul>\n<p>Les tutories de carrera es poden fer de manera grupal o individual. La primera sessi\u00f3 o entrevista t\u00e9 com a objectiu fonamental la presa de contacte entre tutor i alumne:<\/p>\n<ul>\n<li>Presentar la figura del professorat-tutor i les seues funcions<\/li>\n<li>Recollir les impressions de l&#8217;alumne\/a en refer\u00e8ncia al centre, professorat, assignatures, metodologia did\u00e0ctica, horaris, activitats complement\u00e0ries, inquietuds, fites personals&#8230;<\/li>\n<li>Con\u00e8ixer la situaci\u00f3 acad\u00e8mica de l&#8217;alumne\/a; fer la valoraci\u00f3 de l&#8217;aprenentatge adquirit, h\u00e0bits d&#8217;estudi, necessitat de suport&#8230;<\/li>\n<li>Con\u00e8ixer la situaci\u00f3 personal de l&#8217;alumne\/a: laboral, social, etc.<\/li>\n<li>Respondre les necessitats espec\u00edfiques d\u2019assessorament i orientaci\u00f3.<\/li>\n<\/ul>\n<p>Posteriorment, al llarg del desenvolupament dels estudis, els continguts de les tutories de carrera seran diversos:<\/p>\n<ul>\n<li>Seguiment i avaluaci\u00f3 del rendiment acad\u00e8mic o del proc\u00e9s d\u2019aprenentatge personal.<\/li>\n<li>Desenvolupament de compet\u00e8ncies generals o de determinats aprenentatges transversals<\/li>\n<li>Informaci\u00f3 i treball de t\u00e8cniques d\u2019estudi.<\/li>\n<li>Informaci\u00f3 espec\u00edfica sobre el pla d\u2019estudis.<\/li>\n<li>Informaci\u00f3 sobre beques, ajuts i programes de l&#8217;Escola, aix\u00ed com tamb\u00e9 dels serveis disponibles per als alumnes.<\/li>\n<\/ul>\n<p>&nbsp;<\/p>\n<p>Una de les funcions essencials dels tutors \u00e9s registrar el seguiment realitzat dels alumnes tutoritzats. El registre de les tutories permet millorar l\u2019atenci\u00f3 tutorial i oferir un millor suport; aix\u00ed mateix, possibilita el trasp\u00e0s d&#8217;informaci\u00f3 en cas que sigui necessari.<\/p>\n<h6 style=\"text-decoration: underline; color: #01b4e8;\">TUTORIA DE SORTIDA AL M\u00d3N LABORAL<\/h6>\n<p>El tutor podr\u00e0 acompanyar l\u2019alumnat en el pas previ a la transici\u00f3 al m\u00f3n laboral. Les tutories de sortida al m\u00f3n laboral es duen a terme a l&#8217;\u00faltim curs acad\u00e8mic dels ensenyaments. Seran presencials i, preferentment, de tipus grupal.<\/p>\n<ul>\n<li>En aquesta part de l&#8217;acci\u00f3 tutorial es poden emmarcar activitats com ara:<\/li>\n<li>Assessorament per a la formaci\u00f3 continuada: m\u00e0ster, postgraus\u2026<\/li>\n<li>Informaci\u00f3 sobre les borses de treball, oposicions, empreses sensibles a la integraci\u00f3 de nous treballadors&#8230;<\/li>\n<li>Assessorament en la redacci\u00f3 de documents necessaris per a la inserci\u00f3 a la vida laboral: formularis, curr\u00edculum&#8230;<\/li>\n<li>Sessions informatives amb graduats, col\u00b7legis professionals, associacions i altres entitats relacionades.<\/li>\n<\/ul>\n<\/div>\n\t\t\t\t<\/div>\n\t\t\t\t\t\t\t<div class=\"elementor-toggle-item\">\n\t\t\t\t\t<h3 id=\"elementor-tab-title-1014\" class=\"elementor-tab-title\" data-tab=\"4\" role=\"button\" aria-controls=\"elementor-tab-content-1014\" aria-expanded=\"false\">\n\t\t\t\t\t\t\t\t\t\t\t\t<span class=\"elementor-toggle-icon elementor-toggle-icon-right\" aria-hidden=\"true\">\n\t\t\t\t\t\t\t\t\t\t\t\t\t\t\t<span class=\"elementor-toggle-icon-closed\"><i class=\"vamtamtheme- vamtam-theme-arrow-down\"><\/i><\/span>\n\t\t\t\t\t\t\t\t<span class=\"elementor-toggle-icon-opened\"><i class=\"elementor-toggle-icon-opened vamtamtheme- vamtam-theme-arrow-up\"><\/i><\/span>\n\t\t\t\t\t\t\t\t\t\t\t\t\t<\/span>\n\t\t\t\t\t\t\t\t\t\t\t\t<a class=\"elementor-toggle-title\" tabindex=\"0\">4.\tProcediment i seguiment del proc\u00e9s de tutoritzaci\u00f3<\/a>\n\t\t\t\t\t<\/h3>\n\n\t\t\t\t\t<div id=\"elementor-tab-content-1014\" class=\"elementor-tab-content elementor-clearfix\" data-tab=\"4\" role=\"region\" aria-labelledby=\"elementor-tab-title-1014\"><p>Tots els professors de l\u2019Escola es consideren professorat disponible per realitzar les tutories. L&#8217;assignaci\u00f3 del tutor a cada alumne\/a \u00e9s aleat\u00f2ria, sempre que aquest\/a ho sol\u00b7liciti o que el professor determini la necessitat de tutoritzar l&#8217;alumne\/a. El nombre m\u00e0xim d\u2019alumnes tutoritzats per professor tutor \u00e9s de 20, encara que en ocasions especials es pot arribar fins a 30 alumnes tutoritzats.<\/p>\n<p>El tutor ser\u00e0 la persona encarregada d\u2019acompanyar i assessorar l\u2019alumne\/a durant la seua estada a l\u2019Escola. Si es produ\u00eds un canvi de tutor\/a, per algun tipus de circumst\u00e0ncia, aquest canvi el gestionaria el responsable de qualitat, que informaria els diferents serveis implicats.<\/p>\n<p>Per facilitar el proc\u00e9s de tutoritzaci\u00f3, els tutors disposen de:<\/p>\n<ul>\n<li>Una llista activa de correus electr\u00f2nics dels alumnes que tutoritzen, des de la qual el tutor es pot comunicar directament mitjan\u00e7ant correu electr\u00f2nic.<\/li>\n<li>Acc\u00e9s a les dades personals i acad\u00e8miques de l\u2019alumnat que tutoritzen amb l&#8217;objectiu de facilitar la detecci\u00f3 de necessitats individuals i prevenir l&#8217;aparici\u00f3 de situacions que puguin suposar un risc per a la continuaci\u00f3 dels estudis.<\/li>\n<li>La utilitzaci\u00f3 d\u2019aquestes eines facilitar\u00e0 el seguiment de l\u2019acci\u00f3 tutorial aix\u00ed com el trasp\u00e0s de la informaci\u00f3 recollida en l\u2019expedient de l\u2019alumne\/a en els casos necessaris.<\/li>\n<li>Per la seua banda, l\u2019alumnat tutoritzat pot accedir a les dades del seu tutor i contactar mitjan\u00e7ant correu electr\u00f2nic disponible al web de l\u2019Escola.<\/li>\n<li>Les habilitats necess\u00e0ries que cal que tengui el professor tutor s\u00f3n b\u00e0sicament:<\/li>\n<li>Per orientar acad\u00e8micament, d&#8217;una banda, con\u00e8ixer el pla d&#8217;estudis corresponent i la informaci\u00f3 b\u00e0sica sobre reconeixement de cr\u00e8dits, mobilitat, etc.<\/li>\n<li>Per a l&#8217;orientaci\u00f3 professional (laboral i formaci\u00f3 continuada), coneixement de la formaci\u00f3 de postgrau a l&#8217;abast de l&#8217;alumnat, de les sortides professionals i dels serveis de suport a la inserci\u00f3 laboral.<\/li>\n<\/ul>\n<p>&nbsp;<\/p>\n<\/div>\n\t\t\t\t<\/div>\n\t\t\t\t\t\t\t<div class=\"elementor-toggle-item\">\n\t\t\t\t\t<h3 id=\"elementor-tab-title-1015\" class=\"elementor-tab-title\" data-tab=\"5\" role=\"button\" aria-controls=\"elementor-tab-content-1015\" aria-expanded=\"false\">\n\t\t\t\t\t\t\t\t\t\t\t\t<span class=\"elementor-toggle-icon elementor-toggle-icon-right\" aria-hidden=\"true\">\n\t\t\t\t\t\t\t\t\t\t\t\t\t\t\t<span class=\"elementor-toggle-icon-closed\"><i class=\"vamtamtheme- vamtam-theme-arrow-down\"><\/i><\/span>\n\t\t\t\t\t\t\t\t<span class=\"elementor-toggle-icon-opened\"><i class=\"elementor-toggle-icon-opened vamtamtheme- vamtam-theme-arrow-up\"><\/i><\/span>\n\t\t\t\t\t\t\t\t\t\t\t\t\t<\/span>\n\t\t\t\t\t\t\t\t\t\t\t\t<a class=\"elementor-toggle-title\" tabindex=\"0\">5.\tL\u2019avaluaci\u00f3 de l\u2019acci\u00f3 tutorial<\/a>\n\t\t\t\t\t<\/h3>\n\n\t\t\t\t\t<div id=\"elementor-tab-content-1015\" class=\"elementor-tab-content elementor-clearfix\" data-tab=\"5\" role=\"region\" aria-labelledby=\"elementor-tab-title-1015\"><p>El proc\u00e9s de tutoritzaci\u00f3 s\u2019avalua anualment (any acad\u00e8mic). A la valoraci\u00f3 intervenen l&#8217;alumnat tutoritzat, el professor tutor i els responsables de la gesti\u00f3 del proc\u00e9s.<\/p>\n<p><strong>\u00a0<\/strong><\/p>\n<p>S\u00f3n indicadors d\u2019aquest proc\u00e9s:<\/p>\n<p>&nbsp;<\/p>\n<ul>\n<li>La satisfacci\u00f3 dels estudiants<\/li>\n<li>La satisfacci\u00f3 dels tutors<\/li>\n<li>L\u2019activitat realitzada.<\/li>\n<\/ul>\n<p>El responsable de qualitat elaborar\u00e0 anualment un informe del proc\u00e9s, sempre que hi hagi alumnes tutoritzats. Aquest informe contendr\u00e0 les dades quantitatives i qualitatives derivades de la consulta a ambd\u00f3s col\u00b7lectius, de les queixes i els suggeriments presentats i de les dades obtengudes mitjan\u00e7ant el registre que realitza el professorat tutor de l&#8217;activitat tutorial. Aquest informe anual ha d\u2019incloure tamb\u00e9 les propostes de millora de la qualitat d\u2019atenci\u00f3 tutorial que es considerin adequades.<\/p>\n<\/div>\n\t\t\t\t<\/div>\n\t\t\t\t\t\t\t\t<\/div>\n\t\t\t\t\t\t<\/div>\n\t\t\t\t<\/div>\n\t\t\t\t\t<\/div>\n\t\t<\/div>\n\t\t\t\t\t<\/div>\n\t\t<\/section>\n\t\t\t\t<\/div>\n\t\t","protected":false},"excerpt":{"rendered":"<p>El Pla d&#8217;acci\u00f3 tutorial (PAT) \u00e9s un gui\u00f3 que estableix les l\u00ednies d&#8217;actuaci\u00f3 i pautes que ha de seguir el docent al seu dia a dia, de manera que quedin ben planificades totes les accions i els processos que s&#8217;han de dur a terme durant el desenvolupament de l\u2019acci\u00f3 formativa. Les sigles SIGC corresponen a&#8230;<\/p>\n","protected":false},"author":1,"featured_media":0,"parent":0,"menu_order":0,"comment_status":"closed","ping_status":"closed","template":"","meta":{"footnotes":""},"class_list":["post-993090","page","type-page","status-publish","hentry"],"yoast_head":"<!-- This site is optimized with the Yoast SEO plugin v26.3 - https:\/\/yoast.com\/wordpress\/plugins\/seo\/ -->\n<title>Pla d&#039;acci\u00f3 tutorial - Escuela de Turismo de Ibiza<\/title>\n<meta name=\"robots\" content=\"index, follow, max-snippet:-1, max-image-preview:large, max-video-preview:-1\" \/>\n<link rel=\"canonical\" href=\"https:\/\/www.escuelaturismo.org\/ca\/pla-daccio-tutorial\/\" \/>\n<meta property=\"og:locale\" content=\"ca_ES\" \/>\n<meta property=\"og:type\" content=\"article\" \/>\n<meta property=\"og:title\" content=\"Pla d&#039;acci\u00f3 tutorial - Escuela de Turismo de Ibiza\" \/>\n<meta property=\"og:description\" content=\"El Pla d&#8217;acci\u00f3 tutorial (PAT) \u00e9s un gui\u00f3 que estableix les l\u00ednies d&#8217;actuaci\u00f3 i pautes que ha de seguir el docent al seu dia a dia, de manera que quedin ben planificades totes les accions i els processos que s&#8217;han de dur a terme durant el desenvolupament de l\u2019acci\u00f3 formativa. Les sigles SIGC corresponen a...\" \/>\n<meta property=\"og:url\" content=\"https:\/\/www.escuelaturismo.org\/ca\/pla-daccio-tutorial\/\" \/>\n<meta property=\"og:site_name\" content=\"Escuela de Turismo de Ibiza\" \/>\n<meta property=\"article:modified_time\" content=\"2023-02-22T10:12:03+00:00\" \/>\n<meta property=\"og:image\" content=\"https:\/\/www.escuelaturismo.org\/wp-content\/uploads\/2023\/02\/tabla-Plan-Accion-Tutorial-CAT.jpg\" \/>\n<meta name=\"twitter:card\" content=\"summary_large_image\" \/>\n<meta name=\"twitter:label1\" content=\"Temps estimat de lectura\" \/>\n\t<meta name=\"twitter:data1\" content=\"9 minuts\" \/>\n<script type=\"application\/ld+json\" class=\"yoast-schema-graph\">{\"@context\":\"https:\/\/schema.org\",\"@graph\":[{\"@type\":\"WebPage\",\"@id\":\"https:\/\/www.escuelaturismo.org\/ca\/pla-daccio-tutorial\/\",\"url\":\"https:\/\/www.escuelaturismo.org\/ca\/pla-daccio-tutorial\/\",\"name\":\"Pla d'acci\u00f3 tutorial - Escuela de Turismo de Ibiza\",\"isPartOf\":{\"@id\":\"https:\/\/www.escuelaturismo.org\/ca\/#website\"},\"primaryImageOfPage\":{\"@id\":\"https:\/\/www.escuelaturismo.org\/ca\/pla-daccio-tutorial\/#primaryimage\"},\"image\":{\"@id\":\"https:\/\/www.escuelaturismo.org\/ca\/pla-daccio-tutorial\/#primaryimage\"},\"thumbnailUrl\":\"https:\/\/www.escuelaturismo.org\/wp-content\/uploads\/2023\/02\/tabla-Plan-Accion-Tutorial-CAT.jpg\",\"datePublished\":\"2022-12-28T07:29:54+00:00\",\"dateModified\":\"2023-02-22T10:12:03+00:00\",\"breadcrumb\":{\"@id\":\"https:\/\/www.escuelaturismo.org\/ca\/pla-daccio-tutorial\/#breadcrumb\"},\"inLanguage\":\"ca\",\"potentialAction\":[{\"@type\":\"ReadAction\",\"target\":[\"https:\/\/www.escuelaturismo.org\/ca\/pla-daccio-tutorial\/\"]}]},{\"@type\":\"ImageObject\",\"inLanguage\":\"ca\",\"@id\":\"https:\/\/www.escuelaturismo.org\/ca\/pla-daccio-tutorial\/#primaryimage\",\"url\":\"https:\/\/www.escuelaturismo.org\/wp-content\/uploads\/2023\/02\/tabla-Plan-Accion-Tutorial-CAT.jpg\",\"contentUrl\":\"https:\/\/www.escuelaturismo.org\/wp-content\/uploads\/2023\/02\/tabla-Plan-Accion-Tutorial-CAT.jpg\"},{\"@type\":\"BreadcrumbList\",\"@id\":\"https:\/\/www.escuelaturismo.org\/ca\/pla-daccio-tutorial\/#breadcrumb\",\"itemListElement\":[{\"@type\":\"ListItem\",\"position\":1,\"name\":\"Home\",\"item\":\"https:\/\/www.escuelaturismo.org\/ca\/\"},{\"@type\":\"ListItem\",\"position\":2,\"name\":\"Pla d&#8217;acci\u00f3 tutorial\"}]},{\"@type\":\"WebSite\",\"@id\":\"https:\/\/www.escuelaturismo.org\/ca\/#website\",\"url\":\"https:\/\/www.escuelaturismo.org\/ca\/\",\"name\":\"Escuela de Turismo de Ibiza\",\"description\":\"Escuela de Turismo de Ibiza\",\"publisher\":{\"@id\":\"https:\/\/www.escuelaturismo.org\/ca\/#organization\"},\"potentialAction\":[{\"@type\":\"SearchAction\",\"target\":{\"@type\":\"EntryPoint\",\"urlTemplate\":\"https:\/\/www.escuelaturismo.org\/ca\/?s={search_term_string}\"},\"query-input\":{\"@type\":\"PropertyValueSpecification\",\"valueRequired\":true,\"valueName\":\"search_term_string\"}}],\"inLanguage\":\"ca\"},{\"@type\":\"Organization\",\"@id\":\"https:\/\/www.escuelaturismo.org\/ca\/#organization\",\"name\":\"Escuela de Turismo de Ibiza\",\"url\":\"https:\/\/www.escuelaturismo.org\/ca\/\",\"logo\":{\"@type\":\"ImageObject\",\"inLanguage\":\"ca\",\"@id\":\"https:\/\/www.escuelaturismo.org\/ca\/#\/schema\/logo\/image\/\",\"url\":\"https:\/\/www.escuelaturismo.org\/wp-content\/uploads\/2023\/01\/logo-ETI-header.svg\",\"contentUrl\":\"https:\/\/www.escuelaturismo.org\/wp-content\/uploads\/2023\/01\/logo-ETI-header.svg\",\"width\":350,\"height\":90,\"caption\":\"Escuela de Turismo de Ibiza\"},\"image\":{\"@id\":\"https:\/\/www.escuelaturismo.org\/ca\/#\/schema\/logo\/image\/\"}}]}<\/script>\n<!-- \/ Yoast SEO plugin. -->","yoast_head_json":{"title":"Pla d'acci\u00f3 tutorial - Escuela de Turismo de Ibiza","robots":{"index":"index","follow":"follow","max-snippet":"max-snippet:-1","max-image-preview":"max-image-preview:large","max-video-preview":"max-video-preview:-1"},"canonical":"https:\/\/www.escuelaturismo.org\/ca\/pla-daccio-tutorial\/","og_locale":"ca_ES","og_type":"article","og_title":"Pla d'acci\u00f3 tutorial - Escuela de Turismo de Ibiza","og_description":"El Pla d&#8217;acci\u00f3 tutorial (PAT) \u00e9s un gui\u00f3 que estableix les l\u00ednies d&#8217;actuaci\u00f3 i pautes que ha de seguir el docent al seu dia a dia, de manera que quedin ben planificades totes les accions i els processos que s&#8217;han de dur a terme durant el desenvolupament de l\u2019acci\u00f3 formativa. Les sigles SIGC corresponen a...","og_url":"https:\/\/www.escuelaturismo.org\/ca\/pla-daccio-tutorial\/","og_site_name":"Escuela de Turismo de Ibiza","article_modified_time":"2023-02-22T10:12:03+00:00","og_image":[{"url":"https:\/\/www.escuelaturismo.org\/wp-content\/uploads\/2023\/02\/tabla-Plan-Accion-Tutorial-CAT.jpg","type":"","width":"","height":""}],"twitter_card":"summary_large_image","twitter_misc":{"Temps estimat de lectura":"9 minuts"},"schema":{"@context":"https:\/\/schema.org","@graph":[{"@type":"WebPage","@id":"https:\/\/www.escuelaturismo.org\/ca\/pla-daccio-tutorial\/","url":"https:\/\/www.escuelaturismo.org\/ca\/pla-daccio-tutorial\/","name":"Pla d'acci\u00f3 tutorial - Escuela de Turismo de Ibiza","isPartOf":{"@id":"https:\/\/www.escuelaturismo.org\/ca\/#website"},"primaryImageOfPage":{"@id":"https:\/\/www.escuelaturismo.org\/ca\/pla-daccio-tutorial\/#primaryimage"},"image":{"@id":"https:\/\/www.escuelaturismo.org\/ca\/pla-daccio-tutorial\/#primaryimage"},"thumbnailUrl":"https:\/\/www.escuelaturismo.org\/wp-content\/uploads\/2023\/02\/tabla-Plan-Accion-Tutorial-CAT.jpg","datePublished":"2022-12-28T07:29:54+00:00","dateModified":"2023-02-22T10:12:03+00:00","breadcrumb":{"@id":"https:\/\/www.escuelaturismo.org\/ca\/pla-daccio-tutorial\/#breadcrumb"},"inLanguage":"ca","potentialAction":[{"@type":"ReadAction","target":["https:\/\/www.escuelaturismo.org\/ca\/pla-daccio-tutorial\/"]}]},{"@type":"ImageObject","inLanguage":"ca","@id":"https:\/\/www.escuelaturismo.org\/ca\/pla-daccio-tutorial\/#primaryimage","url":"https:\/\/www.escuelaturismo.org\/wp-content\/uploads\/2023\/02\/tabla-Plan-Accion-Tutorial-CAT.jpg","contentUrl":"https:\/\/www.escuelaturismo.org\/wp-content\/uploads\/2023\/02\/tabla-Plan-Accion-Tutorial-CAT.jpg"},{"@type":"BreadcrumbList","@id":"https:\/\/www.escuelaturismo.org\/ca\/pla-daccio-tutorial\/#breadcrumb","itemListElement":[{"@type":"ListItem","position":1,"name":"Home","item":"https:\/\/www.escuelaturismo.org\/ca\/"},{"@type":"ListItem","position":2,"name":"Pla d&#8217;acci\u00f3 tutorial"}]},{"@type":"WebSite","@id":"https:\/\/www.escuelaturismo.org\/ca\/#website","url":"https:\/\/www.escuelaturismo.org\/ca\/","name":"Escuela de Turismo de Ibiza","description":"Escuela de Turismo de Ibiza","publisher":{"@id":"https:\/\/www.escuelaturismo.org\/ca\/#organization"},"potentialAction":[{"@type":"SearchAction","target":{"@type":"EntryPoint","urlTemplate":"https:\/\/www.escuelaturismo.org\/ca\/?s={search_term_string}"},"query-input":{"@type":"PropertyValueSpecification","valueRequired":true,"valueName":"search_term_string"}}],"inLanguage":"ca"},{"@type":"Organization","@id":"https:\/\/www.escuelaturismo.org\/ca\/#organization","name":"Escuela de Turismo de Ibiza","url":"https:\/\/www.escuelaturismo.org\/ca\/","logo":{"@type":"ImageObject","inLanguage":"ca","@id":"https:\/\/www.escuelaturismo.org\/ca\/#\/schema\/logo\/image\/","url":"https:\/\/www.escuelaturismo.org\/wp-content\/uploads\/2023\/01\/logo-ETI-header.svg","contentUrl":"https:\/\/www.escuelaturismo.org\/wp-content\/uploads\/2023\/01\/logo-ETI-header.svg","width":350,"height":90,"caption":"Escuela de Turismo de Ibiza"},"image":{"@id":"https:\/\/www.escuelaturismo.org\/ca\/#\/schema\/logo\/image\/"}}]}},"_links":{"self":[{"href":"https:\/\/www.escuelaturismo.org\/ca\/wp-json\/wp\/v2\/pages\/993090","targetHints":{"allow":["GET"]}}],"collection":[{"href":"https:\/\/www.escuelaturismo.org\/ca\/wp-json\/wp\/v2\/pages"}],"about":[{"href":"https:\/\/www.escuelaturismo.org\/ca\/wp-json\/wp\/v2\/types\/page"}],"author":[{"embeddable":true,"href":"https:\/\/www.escuelaturismo.org\/ca\/wp-json\/wp\/v2\/users\/1"}],"replies":[{"embeddable":true,"href":"https:\/\/www.escuelaturismo.org\/ca\/wp-json\/wp\/v2\/comments?post=993090"}],"version-history":[{"count":1,"href":"https:\/\/www.escuelaturismo.org\/ca\/wp-json\/wp\/v2\/pages\/993090\/revisions"}],"predecessor-version":[{"id":993091,"href":"https:\/\/www.escuelaturismo.org\/ca\/wp-json\/wp\/v2\/pages\/993090\/revisions\/993091"}],"wp:attachment":[{"href":"https:\/\/www.escuelaturismo.org\/ca\/wp-json\/wp\/v2\/media?parent=993090"}],"curies":[{"name":"wp","href":"https:\/\/api.w.org\/{rel}","templated":true}]}}