{"id":993034,"date":"2022-12-29T08:05:32","date_gmt":"2022-12-29T08:05:32","guid":{"rendered":"https:\/\/www.escuelaturismo.org\/informacio-academica-professors\/jose-ramon-soler-fuensanta\/"},"modified":"2023-04-25T16:02:05","modified_gmt":"2023-04-25T16:02:05","slug":"jose-ramon-soler-fuensanta","status":"publish","type":"page","link":"https:\/\/www.escuelaturismo.org\/ca\/informacio-academica-professors\/jose-ramon-soler-fuensanta\/","title":{"rendered":"Jos\u00e9 Ram\u00f3n Soler Fuensanta"},"content":{"rendered":"\t\t<div data-elementor-type=\"wp-page\" data-elementor-id=\"993034\" class=\"elementor elementor-993034 elementor-989521\" data-elementor-post-type=\"page\">\n\t\t\t\t\t\t<section class=\"has_eae_slider elementor-section elementor-top-section elementor-element elementor-element-d64bc6e elementor-section-height-min-height elementor-section-boxed elementor-section-height-default elementor-section-items-middle\" data-eae-slider=\"96411\" data-id=\"d64bc6e\" data-element_type=\"section\" data-settings=\"{&quot;background_background&quot;:&quot;classic&quot;}\">\n\t\t\t\t\t\t\t<div class=\"elementor-background-overlay\"><\/div>\n\t\t\t\t\t\t\t<div class=\"elementor-container elementor-column-gap-default\">\n\t\t\t\t\t<div class=\"has_eae_slider elementor-column elementor-col-100 elementor-top-column elementor-element elementor-element-fa2ae3e\" data-eae-slider=\"88844\" data-id=\"fa2ae3e\" data-element_type=\"column\" data-settings=\"{&quot;background_background&quot;:&quot;classic&quot;}\">\n\t\t\t<div class=\"elementor-widget-wrap\">\n\t\t\t\t\t\t\t<\/div>\n\t\t<\/div>\n\t\t\t\t\t<\/div>\n\t\t<\/section>\n\t\t\t\t<section class=\"has_eae_slider elementor-section elementor-top-section elementor-element elementor-element-118bd99 elementor-section-boxed elementor-section-height-default elementor-section-height-default\" data-eae-slider=\"82039\" data-id=\"118bd99\" data-element_type=\"section\">\n\t\t\t\t\t\t<div class=\"elementor-container elementor-column-gap-no\">\n\t\t\t\t\t<div class=\"has_eae_slider elementor-column elementor-col-50 elementor-top-column elementor-element elementor-element-08422df animated-fast entry-box elementor-invisible\" data-eae-slider=\"73606\" data-id=\"08422df\" data-element_type=\"column\" data-settings=\"{&quot;background_background&quot;:&quot;classic&quot;,&quot;animation&quot;:&quot;fadeIn&quot;,&quot;animation_tablet&quot;:&quot;none&quot;,&quot;animation_mobile&quot;:&quot;none&quot;,&quot;animation_delay&quot;:100}\">\n\t\t\t<div class=\"elementor-widget-wrap elementor-element-populated\">\n\t\t\t\t\t\t<div class=\"elementor-element elementor-element-8c90433 elementor-widget elementor-widget-heading\" data-id=\"8c90433\" data-element_type=\"widget\" data-widget_type=\"heading.default\">\n\t\t\t\t<div class=\"elementor-widget-container\">\n\t\t\t\t\t<h1 class=\"elementor-heading-title elementor-size-default\"> Informaci\u00f3 <br>d'acad\u00e8mica<\/h1>\t\t\t\t<\/div>\n\t\t\t\t<\/div>\n\t\t\t\t<div class=\"elementor-element elementor-element-1692c43 elementor-widget elementor-widget-text-editor\" data-id=\"1692c43\" data-element_type=\"widget\" data-widget_type=\"text-editor.default\">\n\t\t\t\t<div class=\"elementor-widget-container\">\n\t\t\t\t\t\t\t\t\t<p>El Grau oficial de Turisme et prepara per a un futur professional ple d&#8217;\u00e8xits. Les assignatures i el professorat estan pensats perqu\u00e8 triomfis al principal sector econ\u00f2mic de les nostres illes.<\/p>\n\t\t\t\t\t\t\t\t<\/div>\n\t\t\t\t<\/div>\n\t\t\t\t\t<\/div>\n\t\t<\/div>\n\t\t\t\t<div class=\"has_eae_slider elementor-column elementor-col-50 elementor-top-column elementor-element elementor-element-43f7226 header-menu-doble profesores\" data-eae-slider=\"13233\" data-id=\"43f7226\" data-element_type=\"column\">\n\t\t\t<div class=\"elementor-widget-wrap elementor-element-populated\">\n\t\t\t\t\t\t<div class=\"elementor-element elementor-element-68d0231 elementor-nav-menu--dropdown-none vamtam-has-mobile-disable-scroll elementor-widget elementor-widget-nav-menu\" data-id=\"68d0231\" data-element_type=\"widget\" data-settings=\"{&quot;layout&quot;:&quot;vertical&quot;,&quot;submenu_icon&quot;:{&quot;value&quot;:&quot;&lt;i class=\\&quot;fas fa-caret-down\\&quot; aria-hidden=\\&quot;true\\&quot;&gt;&lt;\\\/i&gt;&quot;,&quot;library&quot;:&quot;fa-solid&quot;},&quot;toggle_icon_active&quot;:{&quot;value&quot;:&quot;&quot;,&quot;library&quot;:&quot;&quot;}}\" data-widget_type=\"nav-menu.default\">\n\t\t\t\t<div class=\"elementor-widget-container\">\n\t\t\t\t\t\t\t\t<nav aria-label=\"Menu\" class=\"elementor-nav-menu--main elementor-nav-menu__container elementor-nav-menu--layout-vertical e--pointer-none\">\n\t\t\t\t<ul id=\"menu-1-68d0231\" class=\"elementor-nav-menu sm-vertical\"><li class=\"menu-item menu-item-type-post_type menu-item-object-page menu-item-993193\"><a href=\"https:\/\/www.escuelaturismo.org\/ca\/informacio-academica-pla-destudis\/\" class=\"elementor-item\">Pla d\u2019Estudis<\/a><\/li>\n<li class=\"menu-item menu-item-type-post_type menu-item-object-page menu-item-993196\"><a href=\"https:\/\/www.escuelaturismo.org\/ca\/informacio-academica-professors\/\" class=\"elementor-item\">Professors<\/a><\/li>\n<li class=\"menu-item menu-item-type-post_type menu-item-object-page menu-item-993194\"><a href=\"https:\/\/www.escuelaturismo.org\/ca\/informacio-academica-horaris\/\" class=\"elementor-item\">Horaris<\/a><\/li>\n<li class=\"menu-item menu-item-type-post_type menu-item-object-page menu-item-993195\"><a href=\"https:\/\/www.escuelaturismo.org\/ca\/informacio-academica-calendari-examens\/\" class=\"elementor-item\">Calendari ex\u00e0mens<\/a><\/li>\n<li class=\"menu-item menu-item-type-post_type menu-item-object-page menu-item-993197\"><a href=\"https:\/\/www.escuelaturismo.org\/ca\/informacio-academica-treballs-fi-de-grau\/\" class=\"elementor-item\">Treballs fi de grau<\/a><\/li>\n<li class=\"menu-item menu-item-type-post_type menu-item-object-page menu-item-993577\"><a href=\"https:\/\/www.escuelaturismo.org\/ca\/informacio-academica-personal-dadministracio-i-serveis-pas\/\" class=\"elementor-item\">Administraci\u00f3 i Serveis PAS<\/a><\/li>\n<\/ul>\t\t\t<\/nav>\n\t\t\t\t\t\t<nav class=\"elementor-nav-menu--dropdown elementor-nav-menu__container\" aria-hidden=\"true\">\n\t\t\t\t<ul id=\"menu-2-68d0231\" class=\"elementor-nav-menu sm-vertical\"><li class=\"menu-item menu-item-type-post_type menu-item-object-page menu-item-993193\"><a href=\"https:\/\/www.escuelaturismo.org\/ca\/informacio-academica-pla-destudis\/\" class=\"elementor-item\" tabindex=\"-1\">Pla d\u2019Estudis<\/a><\/li>\n<li class=\"menu-item menu-item-type-post_type menu-item-object-page menu-item-993196\"><a href=\"https:\/\/www.escuelaturismo.org\/ca\/informacio-academica-professors\/\" class=\"elementor-item\" tabindex=\"-1\">Professors<\/a><\/li>\n<li class=\"menu-item menu-item-type-post_type menu-item-object-page menu-item-993194\"><a href=\"https:\/\/www.escuelaturismo.org\/ca\/informacio-academica-horaris\/\" class=\"elementor-item\" tabindex=\"-1\">Horaris<\/a><\/li>\n<li class=\"menu-item menu-item-type-post_type menu-item-object-page menu-item-993195\"><a href=\"https:\/\/www.escuelaturismo.org\/ca\/informacio-academica-calendari-examens\/\" class=\"elementor-item\" tabindex=\"-1\">Calendari ex\u00e0mens<\/a><\/li>\n<li class=\"menu-item menu-item-type-post_type menu-item-object-page menu-item-993197\"><a href=\"https:\/\/www.escuelaturismo.org\/ca\/informacio-academica-treballs-fi-de-grau\/\" class=\"elementor-item\" tabindex=\"-1\">Treballs fi de grau<\/a><\/li>\n<li class=\"menu-item menu-item-type-post_type menu-item-object-page menu-item-993577\"><a href=\"https:\/\/www.escuelaturismo.org\/ca\/informacio-academica-personal-dadministracio-i-serveis-pas\/\" class=\"elementor-item\" tabindex=\"-1\">Administraci\u00f3 i Serveis PAS<\/a><\/li>\n<\/ul>\t\t\t<\/nav>\n\t\t\t\t\t\t<\/div>\n\t\t\t\t<\/div>\n\t\t\t\t\t<\/div>\n\t\t<\/div>\n\t\t\t\t\t<\/div>\n\t\t<\/section>\n\t\t\t\t<section class=\"has_eae_slider elementor-section elementor-top-section elementor-element elementor-element-8f791c5 elementor-section-boxed elementor-section-height-default elementor-section-height-default\" data-eae-slider=\"50958\" data-id=\"8f791c5\" data-element_type=\"section\">\n\t\t\t\t\t\t<div class=\"elementor-container elementor-column-gap-default\">\n\t\t\t\t\t<div class=\"has_eae_slider elementor-column elementor-col-100 elementor-top-column elementor-element elementor-element-39a6179\" data-eae-slider=\"36827\" data-id=\"39a6179\" data-element_type=\"column\">\n\t\t\t<div class=\"elementor-widget-wrap elementor-element-populated\">\n\t\t\t\t\t\t<div class=\"elementor-element elementor-element-6baf110 elementor-widget elementor-widget-button\" data-id=\"6baf110\" data-element_type=\"widget\" data-widget_type=\"button.default\">\n\t\t\t\t<div class=\"elementor-widget-container\">\n\t\t\t\t\t\t\t\t\t<div class=\"elementor-button-wrapper\">\n\t\t\t\t\t<a class=\"elementor-button elementor-button-link elementor-size-sm\" href=\"https:\/\/www.escuelaturismo.org\/ca\/informacio-academica-professors\/\">\n\t\t\t\t\t\t<span class=\"elementor-button-content-wrapper\">\n\t\t\t\t\t\t<span class=\"elementor-button-icon\">\n\t\t\t\t<i aria-hidden=\"true\" class=\"vamtamtheme- vamtam-theme-arrow-left\"><\/i>\t\t\t<\/span>\n\t\t\t\t\t\t\t\t\t<span class=\"elementor-button-text\"> Tornar a llistat Professors<\/span>\n\t\t\t\t\t<\/span>\n\t\t\t\t\t<\/a>\n\t\t\t\t<\/div>\n\t\t\t\t\t\t\t\t<\/div>\n\t\t\t\t<\/div>\n\t\t\t\t\t<\/div>\n\t\t<\/div>\n\t\t\t\t\t<\/div>\n\t\t<\/section>\n\t\t\t\t<section class=\"has_eae_slider elementor-section elementor-top-section elementor-element elementor-element-92168b0 elementor-section-content-top elementor-reverse-mobile elementor-reverse-tablet elementor-section-boxed elementor-section-height-default elementor-section-height-default\" data-eae-slider=\"25738\" data-id=\"92168b0\" data-element_type=\"section\" data-settings=\"{&quot;background_background&quot;:&quot;classic&quot;}\">\n\t\t\t\t\t\t<div class=\"elementor-container elementor-column-gap-default\">\n\t\t\t\t\t<div class=\"has_eae_slider elementor-column elementor-col-50 elementor-top-column elementor-element elementor-element-00d5e18\" data-eae-slider=\"95805\" data-id=\"00d5e18\" data-element_type=\"column\">\n\t\t\t<div class=\"elementor-widget-wrap elementor-element-populated\">\n\t\t\t\t\t\t<div class=\"elementor-element elementor-element-36b4f54 elementor-widget elementor-widget-heading\" data-id=\"36b4f54\" data-element_type=\"widget\" data-settings=\"{&quot;_animation&quot;:&quot;none&quot;,&quot;_animation_tablet&quot;:&quot;none&quot;,&quot;_animation_mobile&quot;:&quot;none&quot;,&quot;_animation_delay&quot;:100}\" data-widget_type=\"heading.default\">\n\t\t\t\t<div class=\"elementor-widget-container\">\n\t\t\t\t\t<h2 class=\"elementor-heading-title elementor-size-default\">Dr. Jos\u00e9 Ram\u00f3n <br>Soler Fuensanta<\/h2>\t\t\t\t<\/div>\n\t\t\t\t<\/div>\n\t\t\t\t<div class=\"elementor-element elementor-element-d2875a3 elementor-icon-list--layout-traditional elementor-list-item-link-full_width elementor-widget elementor-widget-icon-list\" data-id=\"d2875a3\" data-element_type=\"widget\" data-widget_type=\"icon-list.default\">\n\t\t\t\t<div class=\"elementor-widget-container\">\n\t\t\t\t\t\t\t<ul class=\"elementor-icon-list-items\">\n\t\t\t\t\t\t\t<li class=\"elementor-icon-list-item\">\n\t\t\t\t\t\t\t\t\t\t\t<a href=\"mailto:info@escuelaturismo.es\">\n\n\t\t\t\t\t\t\t\t\t\t\t\t<span class=\"elementor-icon-list-icon\">\n\t\t\t\t\t\t\t<i aria-hidden=\"true\" class=\"far fa-envelope\"><\/i>\t\t\t\t\t\t<\/span>\n\t\t\t\t\t\t\t\t\t\t<span class=\"elementor-icon-list-text\">info@escuelaturismo.es<\/span>\n\t\t\t\t\t\t\t\t\t\t\t<\/a>\n\t\t\t\t\t\t\t\t\t<\/li>\n\t\t\t\t\t\t<\/ul>\n\t\t\t\t\t\t<\/div>\n\t\t\t\t<\/div>\n\t\t\t\t<div class=\"elementor-element elementor-element-02e1fd0 elementor-widget elementor-widget-text-editor\" data-id=\"02e1fd0\" data-element_type=\"widget\" data-settings=\"{&quot;_animation&quot;:&quot;none&quot;,&quot;_animation_tablet&quot;:&quot;none&quot;,&quot;_animation_mobile&quot;:&quot;none&quot;,&quot;_animation_delay&quot;:200}\" data-widget_type=\"text-editor.default\">\n\t\t\t\t<div class=\"elementor-widget-container\">\n\t\t\t\t\t\t\t\t\t<div><strong>Professor indefinit<\/strong><\/div>\n<div><\/div>\n<div>Mat\u00e8ries en las que imparteix doc\u00e8ncia en l\u2019any acad\u00e8mic actual:<\/div>\n<div><\/div>\n<ul>\n<li>Operacions i Processos en Empreses Tur\u00edstiques (Curs 2n)<\/li>\n<li>Intermediaci\u00f3 Tur\u00edstica (Curs 3r)<\/li>\n<li>Gesti\u00f3 de la Qualitat i Atenci\u00f3 al Client (Curs 3r)<\/li>\n<li>Economia Ambiental en Espais Tur\u00edstics (Curs 3r)<\/li>\n<\/ul>\n\t\t\t\t\t\t\t\t<\/div>\n\t\t\t\t<\/div>\n\t\t\t\t\t<\/div>\n\t\t<\/div>\n\t\t\t\t<div class=\"has_eae_slider elementor-column elementor-col-50 elementor-top-column elementor-element elementor-element-b064c00\" data-eae-slider=\"36637\" data-id=\"b064c00\" data-element_type=\"column\" data-settings=\"{&quot;background_background&quot;:&quot;classic&quot;}\">\n\t\t\t<div class=\"elementor-widget-wrap elementor-element-populated\">\n\t\t\t\t\t\t<div class=\"elementor-element elementor-element-f4886bf elementor-invisible elementor-widget elementor-widget-image\" data-id=\"f4886bf\" data-element_type=\"widget\" data-settings=\"{&quot;_animation&quot;:&quot;imageGrowWithScaleLeft&quot;}\" data-widget_type=\"image.default\">\n\t\t\t\t<div class=\"elementor-widget-container\">\n\t\t\t\t\t\t\t\t\t<div class=\"elementor-image\">\n\t\t\t\t\t\t\t\t\t\t\t<div class=\"vamtam-image-wrapper\">\n\t\t\t\t\t\t\t\t\t\t\t\t\t\t\t\t\t\t\t\t\t<img fetchpriority=\"high\" decoding=\"async\" width=\"1024\" height=\"1024\" src=\"https:\/\/www.escuelaturismo.org\/wp-content\/uploads\/2022\/12\/JOS-RA2-1024x1024.jpg\" class=\"attachment-large size-large wp-image-992666\" alt=\"\" srcset=\"https:\/\/www.escuelaturismo.org\/wp-content\/uploads\/2022\/12\/JOS-RA2-1024x1024.jpg 1024w, https:\/\/www.escuelaturismo.org\/wp-content\/uploads\/2022\/12\/JOS-RA2-300x300.jpg 300w, https:\/\/www.escuelaturismo.org\/wp-content\/uploads\/2022\/12\/JOS-RA2-150x150.jpg 150w, https:\/\/www.escuelaturismo.org\/wp-content\/uploads\/2022\/12\/JOS-RA2-768x768.jpg 768w, https:\/\/www.escuelaturismo.org\/wp-content\/uploads\/2022\/12\/JOS-RA2.jpg 1200w\" sizes=\"(max-width: 1024px) 100vw, 1024px\" \/>\t\t\t\t\t\t\t\t\t\t\t\t\t\t\t\t\t\t\t\t\t\t\t\t\t\t<\/div>\n\t\t\t\t\t\t\t\t\t<\/div>\n\t\t\t\t\t\t\t\t<\/div>\n\t\t\t\t<\/div>\n\t\t\t\t\t<\/div>\n\t\t<\/div>\n\t\t\t\t\t<\/div>\n\t\t<\/section>\n\t\t\t\t<section class=\"has_eae_slider elementor-section elementor-top-section elementor-element elementor-element-543213c elementor-section-boxed elementor-section-height-default elementor-section-height-default\" data-eae-slider=\"53396\" data-id=\"543213c\" data-element_type=\"section\" data-settings=\"{&quot;background_background&quot;:&quot;classic&quot;}\">\n\t\t\t\t\t\t<div class=\"elementor-container elementor-column-gap-default\">\n\t\t\t\t\t<div class=\"has_eae_slider elementor-column elementor-col-100 elementor-top-column elementor-element elementor-element-1f0f291\" data-eae-slider=\"74521\" data-id=\"1f0f291\" data-element_type=\"column\">\n\t\t\t<div class=\"elementor-widget-wrap elementor-element-populated\">\n\t\t\t\t\t\t<div class=\"elementor-element elementor-element-7d39520 elementor-widget elementor-widget-heading\" data-id=\"7d39520\" data-element_type=\"widget\" data-widget_type=\"heading.default\">\n\t\t\t\t<div class=\"elementor-widget-container\">\n\t\t\t\t\t<h4 class=\"elementor-heading-title elementor-size-default\"> Curr\u00edculum breu<\/h4>\t\t\t\t<\/div>\n\t\t\t\t<\/div>\n\t\t\t\t<div class=\"elementor-element elementor-element-f18dd29 elementor-widget-divider--view-line elementor-widget elementor-widget-divider\" data-id=\"f18dd29\" data-element_type=\"widget\" data-widget_type=\"divider.default\">\n\t\t\t\t<div class=\"elementor-widget-container\">\n\t\t\t\t\t\t\t<div class=\"elementor-divider\">\n\t\t\t<span class=\"elementor-divider-separator\">\n\t\t\t\t\t\t<\/span>\n\t\t<\/div>\n\t\t\t\t\t\t<\/div>\n\t\t\t\t<\/div>\n\t\t\t\t<div class=\"elementor-element elementor-element-d0d0f8e elementor-widget elementor-widget-text-editor\" data-id=\"d0d0f8e\" data-element_type=\"widget\" data-widget_type=\"text-editor.default\">\n\t\t\t\t<div class=\"elementor-widget-container\">\n\t\t\t\t\t\t\t\t\t<p>Doctor Enginyer Industrial amb la qualificaci\u00f3 d&#8217;Excel\u00b7lent \u201cCum Laude\u201d per la UNED. CISA (Certified Information Systems Auditor).<\/p>\n<p>Llicenciat en Ci\u00e8ncies, secci\u00f3 inform\u00e0tica, per la Universitat Aut\u00f2noma de Barcelona. Enginyer en Inform\u00e0tica. Expert Europeu Certificat en Gesti\u00f3 de la Qualitat per l\u00b4Associaci\u00f3 Espanyola de Qualitat. Auditor de Qualitat (ISO 9001), medi ambient (ISO 14001) i Seguretat i Salut a la feina (ISO 45001). S&#8217;ha especialitzat en producci\u00f3 hotelera, gesti\u00f3 de la qualitat en entorns tur\u00edstics, comercialitzaci\u00f3 i comer\u00e7 electr\u00f2nic, protecci\u00f3 de dades i criptologia.<\/p>\n<p>Secretari, coordinador i ponent dels cursos d&#8217;extensi\u00f3 universit\u00e0ria anuals de la UNED sobre comer\u00e7 electr\u00f2nic entre els anys 1999-2006. Assessor i consultor en temes de gesti\u00f3 hotelera, qualitat, protecci\u00f3 de dades, comercialitzaci\u00f3, sistemes de fidelitzaci\u00f3 i comer\u00e7 electr\u00f2nic. Ha realitzat tamb\u00e9 auditories de certificaci\u00f3 per a entitats de certificaci\u00f3.<\/p>\n<p>Des de 1987 ha desenvolupat la seva tasca docent a la E. U. de Turisme del Consell Insular impartint diverses assignatures, al pla d&#8217;estudis de TEAT les assignatures Inform\u00e0tica, Introducci\u00f3 a la inform\u00e0tica, Gesti\u00f3 de producci\u00f3 d&#8217;allotjaments i restauraci\u00f3; a la Diplomatura en Turisme les assignatures Operacions i Processos de Producci\u00f3, Entorns Ofim\u00e0tics i Sistemes de Distribuci\u00f3 de l&#8217;Activitat Tur\u00edstica i al Pla de Grau les assignatures Operacions i Processos en Empreses Tur\u00edstiques, Intermediaci\u00f3 Tur\u00edstica, Gesti\u00f3 de la Qualitat i Atenci\u00f3 al Client, Gesti\u00f3 d\u00b4Empreses d\u00b4Allotjament, Gesti\u00f3 d\u00b4Inform\u00e0tica i Economia ambiental.<\/p>\n\t\t\t\t\t\t\t\t<\/div>\n\t\t\t\t<\/div>\n\t\t\t\t\t<\/div>\n\t\t<\/div>\n\t\t\t\t\t<\/div>\n\t\t<\/section>\n\t\t\t\t<section class=\"has_eae_slider elementor-section elementor-top-section elementor-element elementor-element-a5e6510 elementor-section-boxed elementor-section-height-default elementor-section-height-default\" data-eae-slider=\"3047\" data-id=\"a5e6510\" data-element_type=\"section\">\n\t\t\t\t\t\t<div class=\"elementor-container elementor-column-gap-default\">\n\t\t\t\t\t<div class=\"has_eae_slider elementor-column elementor-col-100 elementor-top-column elementor-element elementor-element-89e4d8d\" data-eae-slider=\"40986\" data-id=\"89e4d8d\" data-element_type=\"column\">\n\t\t\t<div class=\"elementor-widget-wrap elementor-element-populated\">\n\t\t\t\t\t\t<div class=\"elementor-element elementor-element-eab8418 elementor-widget elementor-widget-button\" data-id=\"eab8418\" data-element_type=\"widget\" data-widget_type=\"button.default\">\n\t\t\t\t<div class=\"elementor-widget-container\">\n\t\t\t\t\t\t\t\t\t<div class=\"elementor-button-wrapper\">\n\t\t\t\t\t<a class=\"elementor-button elementor-button-link elementor-size-sm\" href=\"https:\/\/www.escuelaturismo.org\/ca\/informacio-academica-professors\/\">\n\t\t\t\t\t\t<span class=\"elementor-button-content-wrapper\">\n\t\t\t\t\t\t<span class=\"elementor-button-icon\">\n\t\t\t\t<i aria-hidden=\"true\" class=\"vamtamtheme- vamtam-theme-arrow-left\"><\/i>\t\t\t<\/span>\n\t\t\t\t\t\t\t\t\t<span class=\"elementor-button-text\"> Tornar a llistat Professors<\/span>\n\t\t\t\t\t<\/span>\n\t\t\t\t\t<\/a>\n\t\t\t\t<\/div>\n\t\t\t\t\t\t\t\t<\/div>\n\t\t\t\t<\/div>\n\t\t\t\t\t<\/div>\n\t\t<\/div>\n\t\t\t\t\t<\/div>\n\t\t<\/section>\n\t\t\t\t<\/div>\n\t\t","protected":false},"excerpt":{"rendered":"<p>Informaci\u00f3 d&#8217;acad\u00e8mica El Grau oficial de Turisme et prepara per a un futur professional ple d&#8217;\u00e8xits. Les assignatures i el professorat estan pensats perqu\u00e8 triomfis al principal sector econ\u00f2mic de les nostres illes. Tornar a llistat Professors Dr. Jos\u00e9 Ram\u00f3n Soler Fuensanta info@escuelaturismo.es Professor indefinit Mat\u00e8ries en las que imparteix doc\u00e8ncia en l\u2019any acad\u00e8mic actual:&#8230;<\/p>\n","protected":false},"author":1,"featured_media":0,"parent":993014,"menu_order":0,"comment_status":"closed","ping_status":"closed","template":"","meta":{"footnotes":""},"class_list":["post-993034","page","type-page","status-publish","hentry"],"yoast_head":"<!-- This site is optimized with the Yoast SEO plugin v26.3 - https:\/\/yoast.com\/wordpress\/plugins\/seo\/ -->\n<title>Jos\u00e9 Ram\u00f3n Soler Fuensanta - Escuela de Turismo de Ibiza<\/title>\n<meta name=\"robots\" content=\"index, follow, max-snippet:-1, max-image-preview:large, max-video-preview:-1\" \/>\n<link rel=\"canonical\" href=\"https:\/\/www.escuelaturismo.org\/ca\/informacio-academica-professors\/jose-ramon-soler-fuensanta\/\" \/>\n<meta property=\"og:locale\" content=\"ca_ES\" \/>\n<meta property=\"og:type\" content=\"article\" \/>\n<meta property=\"og:title\" content=\"Jos\u00e9 Ram\u00f3n Soler Fuensanta - Escuela de Turismo de Ibiza\" \/>\n<meta property=\"og:description\" content=\"Informaci\u00f3 d&#8217;acad\u00e8mica El Grau oficial de Turisme et prepara per a un futur professional ple d&#8217;\u00e8xits. Les assignatures i el professorat estan pensats perqu\u00e8 triomfis al principal sector econ\u00f2mic de les nostres illes. Tornar a llistat Professors Dr. Jos\u00e9 Ram\u00f3n Soler Fuensanta info@escuelaturismo.es Professor indefinit Mat\u00e8ries en las que imparteix doc\u00e8ncia en l\u2019any acad\u00e8mic actual:...\" \/>\n<meta property=\"og:url\" content=\"https:\/\/www.escuelaturismo.org\/ca\/informacio-academica-professors\/jose-ramon-soler-fuensanta\/\" \/>\n<meta property=\"og:site_name\" content=\"Escuela de Turismo de Ibiza\" \/>\n<meta property=\"article:modified_time\" content=\"2023-04-25T16:02:05+00:00\" \/>\n<meta property=\"og:image\" content=\"https:\/\/www.escuelaturismo.org\/wp-content\/uploads\/2022\/12\/JOS-RA2-1024x1024.jpg\" \/>\n<meta name=\"twitter:card\" content=\"summary_large_image\" \/>\n<meta name=\"twitter:label1\" content=\"Temps estimat de lectura\" \/>\n\t<meta name=\"twitter:data1\" content=\"2 minuts\" \/>\n<script type=\"application\/ld+json\" class=\"yoast-schema-graph\">{\"@context\":\"https:\/\/schema.org\",\"@graph\":[{\"@type\":\"WebPage\",\"@id\":\"https:\/\/www.escuelaturismo.org\/ca\/informacio-academica-professors\/jose-ramon-soler-fuensanta\/\",\"url\":\"https:\/\/www.escuelaturismo.org\/ca\/informacio-academica-professors\/jose-ramon-soler-fuensanta\/\",\"name\":\"Jos\u00e9 Ram\u00f3n Soler Fuensanta - Escuela de Turismo de Ibiza\",\"isPartOf\":{\"@id\":\"https:\/\/www.escuelaturismo.org\/ca\/#website\"},\"primaryImageOfPage\":{\"@id\":\"https:\/\/www.escuelaturismo.org\/ca\/informacio-academica-professors\/jose-ramon-soler-fuensanta\/#primaryimage\"},\"image\":{\"@id\":\"https:\/\/www.escuelaturismo.org\/ca\/informacio-academica-professors\/jose-ramon-soler-fuensanta\/#primaryimage\"},\"thumbnailUrl\":\"https:\/\/www.escuelaturismo.org\/wp-content\/uploads\/2022\/12\/JOS-RA2-1024x1024.jpg\",\"datePublished\":\"2022-12-29T08:05:32+00:00\",\"dateModified\":\"2023-04-25T16:02:05+00:00\",\"breadcrumb\":{\"@id\":\"https:\/\/www.escuelaturismo.org\/ca\/informacio-academica-professors\/jose-ramon-soler-fuensanta\/#breadcrumb\"},\"inLanguage\":\"ca\",\"potentialAction\":[{\"@type\":\"ReadAction\",\"target\":[\"https:\/\/www.escuelaturismo.org\/ca\/informacio-academica-professors\/jose-ramon-soler-fuensanta\/\"]}]},{\"@type\":\"ImageObject\",\"inLanguage\":\"ca\",\"@id\":\"https:\/\/www.escuelaturismo.org\/ca\/informacio-academica-professors\/jose-ramon-soler-fuensanta\/#primaryimage\",\"url\":\"https:\/\/www.escuelaturismo.org\/wp-content\/uploads\/2022\/12\/JOS-RA2-1024x1024.jpg\",\"contentUrl\":\"https:\/\/www.escuelaturismo.org\/wp-content\/uploads\/2022\/12\/JOS-RA2-1024x1024.jpg\"},{\"@type\":\"BreadcrumbList\",\"@id\":\"https:\/\/www.escuelaturismo.org\/ca\/informacio-academica-professors\/jose-ramon-soler-fuensanta\/#breadcrumb\",\"itemListElement\":[{\"@type\":\"ListItem\",\"position\":1,\"name\":\"Home\",\"item\":\"https:\/\/www.escuelaturismo.org\/ca\/\"},{\"@type\":\"ListItem\",\"position\":2,\"name\":\"Informaci\u00f3 acad\u00e8mica :: Professors\",\"item\":\"https:\/\/www.escuelaturismo.org\/ca\/informacion-academica-profesores\/\"},{\"@type\":\"ListItem\",\"position\":3,\"name\":\"Jos\u00e9 Ram\u00f3n Soler Fuensanta\"}]},{\"@type\":\"WebSite\",\"@id\":\"https:\/\/www.escuelaturismo.org\/ca\/#website\",\"url\":\"https:\/\/www.escuelaturismo.org\/ca\/\",\"name\":\"Escuela de Turismo de Ibiza\",\"description\":\"Escuela de Turismo de Ibiza\",\"publisher\":{\"@id\":\"https:\/\/www.escuelaturismo.org\/ca\/#organization\"},\"potentialAction\":[{\"@type\":\"SearchAction\",\"target\":{\"@type\":\"EntryPoint\",\"urlTemplate\":\"https:\/\/www.escuelaturismo.org\/ca\/?s={search_term_string}\"},\"query-input\":{\"@type\":\"PropertyValueSpecification\",\"valueRequired\":true,\"valueName\":\"search_term_string\"}}],\"inLanguage\":\"ca\"},{\"@type\":\"Organization\",\"@id\":\"https:\/\/www.escuelaturismo.org\/ca\/#organization\",\"name\":\"Escuela de Turismo de Ibiza\",\"url\":\"https:\/\/www.escuelaturismo.org\/ca\/\",\"logo\":{\"@type\":\"ImageObject\",\"inLanguage\":\"ca\",\"@id\":\"https:\/\/www.escuelaturismo.org\/ca\/#\/schema\/logo\/image\/\",\"url\":\"https:\/\/www.escuelaturismo.org\/wp-content\/uploads\/2023\/01\/logo-ETI-header.svg\",\"contentUrl\":\"https:\/\/www.escuelaturismo.org\/wp-content\/uploads\/2023\/01\/logo-ETI-header.svg\",\"width\":350,\"height\":90,\"caption\":\"Escuela de Turismo de Ibiza\"},\"image\":{\"@id\":\"https:\/\/www.escuelaturismo.org\/ca\/#\/schema\/logo\/image\/\"}}]}<\/script>\n<!-- \/ Yoast SEO plugin. -->","yoast_head_json":{"title":"Jos\u00e9 Ram\u00f3n Soler Fuensanta - Escuela de Turismo de Ibiza","robots":{"index":"index","follow":"follow","max-snippet":"max-snippet:-1","max-image-preview":"max-image-preview:large","max-video-preview":"max-video-preview:-1"},"canonical":"https:\/\/www.escuelaturismo.org\/ca\/informacio-academica-professors\/jose-ramon-soler-fuensanta\/","og_locale":"ca_ES","og_type":"article","og_title":"Jos\u00e9 Ram\u00f3n Soler Fuensanta - Escuela de Turismo de Ibiza","og_description":"Informaci\u00f3 d&#8217;acad\u00e8mica El Grau oficial de Turisme et prepara per a un futur professional ple d&#8217;\u00e8xits. Les assignatures i el professorat estan pensats perqu\u00e8 triomfis al principal sector econ\u00f2mic de les nostres illes. Tornar a llistat Professors Dr. Jos\u00e9 Ram\u00f3n Soler Fuensanta info@escuelaturismo.es Professor indefinit Mat\u00e8ries en las que imparteix doc\u00e8ncia en l\u2019any acad\u00e8mic actual:...","og_url":"https:\/\/www.escuelaturismo.org\/ca\/informacio-academica-professors\/jose-ramon-soler-fuensanta\/","og_site_name":"Escuela de Turismo de Ibiza","article_modified_time":"2023-04-25T16:02:05+00:00","og_image":[{"url":"https:\/\/www.escuelaturismo.org\/wp-content\/uploads\/2022\/12\/JOS-RA2-1024x1024.jpg","type":"","width":"","height":""}],"twitter_card":"summary_large_image","twitter_misc":{"Temps estimat de lectura":"2 minuts"},"schema":{"@context":"https:\/\/schema.org","@graph":[{"@type":"WebPage","@id":"https:\/\/www.escuelaturismo.org\/ca\/informacio-academica-professors\/jose-ramon-soler-fuensanta\/","url":"https:\/\/www.escuelaturismo.org\/ca\/informacio-academica-professors\/jose-ramon-soler-fuensanta\/","name":"Jos\u00e9 Ram\u00f3n Soler Fuensanta - Escuela de Turismo de Ibiza","isPartOf":{"@id":"https:\/\/www.escuelaturismo.org\/ca\/#website"},"primaryImageOfPage":{"@id":"https:\/\/www.escuelaturismo.org\/ca\/informacio-academica-professors\/jose-ramon-soler-fuensanta\/#primaryimage"},"image":{"@id":"https:\/\/www.escuelaturismo.org\/ca\/informacio-academica-professors\/jose-ramon-soler-fuensanta\/#primaryimage"},"thumbnailUrl":"https:\/\/www.escuelaturismo.org\/wp-content\/uploads\/2022\/12\/JOS-RA2-1024x1024.jpg","datePublished":"2022-12-29T08:05:32+00:00","dateModified":"2023-04-25T16:02:05+00:00","breadcrumb":{"@id":"https:\/\/www.escuelaturismo.org\/ca\/informacio-academica-professors\/jose-ramon-soler-fuensanta\/#breadcrumb"},"inLanguage":"ca","potentialAction":[{"@type":"ReadAction","target":["https:\/\/www.escuelaturismo.org\/ca\/informacio-academica-professors\/jose-ramon-soler-fuensanta\/"]}]},{"@type":"ImageObject","inLanguage":"ca","@id":"https:\/\/www.escuelaturismo.org\/ca\/informacio-academica-professors\/jose-ramon-soler-fuensanta\/#primaryimage","url":"https:\/\/www.escuelaturismo.org\/wp-content\/uploads\/2022\/12\/JOS-RA2-1024x1024.jpg","contentUrl":"https:\/\/www.escuelaturismo.org\/wp-content\/uploads\/2022\/12\/JOS-RA2-1024x1024.jpg"},{"@type":"BreadcrumbList","@id":"https:\/\/www.escuelaturismo.org\/ca\/informacio-academica-professors\/jose-ramon-soler-fuensanta\/#breadcrumb","itemListElement":[{"@type":"ListItem","position":1,"name":"Home","item":"https:\/\/www.escuelaturismo.org\/ca\/"},{"@type":"ListItem","position":2,"name":"Informaci\u00f3 acad\u00e8mica :: Professors","item":"https:\/\/www.escuelaturismo.org\/ca\/informacion-academica-profesores\/"},{"@type":"ListItem","position":3,"name":"Jos\u00e9 Ram\u00f3n Soler Fuensanta"}]},{"@type":"WebSite","@id":"https:\/\/www.escuelaturismo.org\/ca\/#website","url":"https:\/\/www.escuelaturismo.org\/ca\/","name":"Escuela de Turismo de Ibiza","description":"Escuela de Turismo de Ibiza","publisher":{"@id":"https:\/\/www.escuelaturismo.org\/ca\/#organization"},"potentialAction":[{"@type":"SearchAction","target":{"@type":"EntryPoint","urlTemplate":"https:\/\/www.escuelaturismo.org\/ca\/?s={search_term_string}"},"query-input":{"@type":"PropertyValueSpecification","valueRequired":true,"valueName":"search_term_string"}}],"inLanguage":"ca"},{"@type":"Organization","@id":"https:\/\/www.escuelaturismo.org\/ca\/#organization","name":"Escuela de Turismo de Ibiza","url":"https:\/\/www.escuelaturismo.org\/ca\/","logo":{"@type":"ImageObject","inLanguage":"ca","@id":"https:\/\/www.escuelaturismo.org\/ca\/#\/schema\/logo\/image\/","url":"https:\/\/www.escuelaturismo.org\/wp-content\/uploads\/2023\/01\/logo-ETI-header.svg","contentUrl":"https:\/\/www.escuelaturismo.org\/wp-content\/uploads\/2023\/01\/logo-ETI-header.svg","width":350,"height":90,"caption":"Escuela de Turismo de Ibiza"},"image":{"@id":"https:\/\/www.escuelaturismo.org\/ca\/#\/schema\/logo\/image\/"}}]}},"_links":{"self":[{"href":"https:\/\/www.escuelaturismo.org\/ca\/wp-json\/wp\/v2\/pages\/993034","targetHints":{"allow":["GET"]}}],"collection":[{"href":"https:\/\/www.escuelaturismo.org\/ca\/wp-json\/wp\/v2\/pages"}],"about":[{"href":"https:\/\/www.escuelaturismo.org\/ca\/wp-json\/wp\/v2\/types\/page"}],"author":[{"embeddable":true,"href":"https:\/\/www.escuelaturismo.org\/ca\/wp-json\/wp\/v2\/users\/1"}],"replies":[{"embeddable":true,"href":"https:\/\/www.escuelaturismo.org\/ca\/wp-json\/wp\/v2\/comments?post=993034"}],"version-history":[{"count":2,"href":"https:\/\/www.escuelaturismo.org\/ca\/wp-json\/wp\/v2\/pages\/993034\/revisions"}],"predecessor-version":[{"id":993664,"href":"https:\/\/www.escuelaturismo.org\/ca\/wp-json\/wp\/v2\/pages\/993034\/revisions\/993664"}],"up":[{"embeddable":true,"href":"https:\/\/www.escuelaturismo.org\/ca\/wp-json\/wp\/v2\/pages\/993014"}],"wp:attachment":[{"href":"https:\/\/www.escuelaturismo.org\/ca\/wp-json\/wp\/v2\/media?parent=993034"}],"curies":[{"name":"wp","href":"https:\/\/api.w.org\/{rel}","templated":true}]}}