{"id":992959,"date":"2022-12-21T11:31:29","date_gmt":"2022-12-21T11:31:29","guid":{"rendered":"https:\/\/www.escuelaturismo.org\/lescola-presentacio\/dr-onofre-martorell-cunill\/"},"modified":"2024-04-05T10:17:03","modified_gmt":"2024-04-05T10:17:03","slug":"dr-onofre-martorell-cunill","status":"publish","type":"page","link":"https:\/\/www.escuelaturismo.org\/ca\/lescola-presentacio\/dr-onofre-martorell-cunill\/","title":{"rendered":"Dr. Pedro Antonio Rivas Yarza"},"content":{"rendered":"\t\t<div data-elementor-type=\"wp-page\" data-elementor-id=\"992959\" class=\"elementor elementor-992959 elementor-988182\" data-elementor-post-type=\"page\">\n\t\t\t\t\t\t<section class=\"has_eae_slider elementor-section elementor-top-section elementor-element elementor-element-d64bc6e elementor-section-height-min-height elementor-section-boxed elementor-section-height-default elementor-section-items-middle\" data-eae-slider=\"98799\" data-id=\"d64bc6e\" data-element_type=\"section\" data-settings=\"{&quot;background_background&quot;:&quot;classic&quot;}\">\n\t\t\t\t\t\t\t<div class=\"elementor-background-overlay\"><\/div>\n\t\t\t\t\t\t\t<div class=\"elementor-container elementor-column-gap-default\">\n\t\t\t\t\t<div class=\"has_eae_slider elementor-column elementor-col-100 elementor-top-column elementor-element elementor-element-fa2ae3e\" data-eae-slider=\"25869\" data-id=\"fa2ae3e\" data-element_type=\"column\" data-settings=\"{&quot;background_background&quot;:&quot;classic&quot;}\">\n\t\t\t<div class=\"elementor-widget-wrap\">\n\t\t\t\t\t\t\t<\/div>\n\t\t<\/div>\n\t\t\t\t\t<\/div>\n\t\t<\/section>\n\t\t\t\t<section class=\"has_eae_slider elementor-section elementor-top-section elementor-element elementor-element-118bd99 elementor-section-boxed elementor-section-height-default elementor-section-height-default\" data-eae-slider=\"86220\" data-id=\"118bd99\" data-element_type=\"section\">\n\t\t\t\t\t\t<div class=\"elementor-container elementor-column-gap-no\">\n\t\t\t\t\t<div class=\"has_eae_slider elementor-column elementor-col-50 elementor-top-column elementor-element elementor-element-08422df animated-fast elementor-invisible\" data-eae-slider=\"24737\" data-id=\"08422df\" data-element_type=\"column\" data-settings=\"{&quot;background_background&quot;:&quot;classic&quot;,&quot;animation&quot;:&quot;fadeIn&quot;,&quot;animation_tablet&quot;:&quot;none&quot;,&quot;animation_mobile&quot;:&quot;none&quot;,&quot;animation_delay&quot;:100}\">\n\t\t\t<div class=\"elementor-widget-wrap elementor-element-populated\">\n\t\t\t\t\t\t<div class=\"elementor-element elementor-element-8c90433 entry-box elementor-widget elementor-widget-heading\" data-id=\"8c90433\" data-element_type=\"widget\" data-widget_type=\"heading.default\">\n\t\t\t\t<div class=\"elementor-widget-container\">\n\t\t\t\t\t<h1 class=\"elementor-heading-title elementor-size-default\">Presentaci\u00f3<\/h1>\t\t\t\t<\/div>\n\t\t\t\t<\/div>\n\t\t\t\t<div class=\"elementor-element elementor-element-1692c43 elementor-widget elementor-widget-text-editor\" data-id=\"1692c43\" data-element_type=\"widget\" data-widget_type=\"text-editor.default\">\n\t\t\t\t<div class=\"elementor-widget-container\">\n\t\t\t\t\t\t\t\t\t<p>El Director de l&#8217;Escola Universit\u00e0ria i el president del Consell d\u2019Eivissa us donen la benvinguda a la nova web de l\u2019Escola.<\/p>\n\t\t\t\t\t\t\t\t<\/div>\n\t\t\t\t<\/div>\n\t\t\t\t\t<\/div>\n\t\t<\/div>\n\t\t\t\t<div class=\"has_eae_slider elementor-column elementor-col-50 elementor-top-column elementor-element elementor-element-43f7226 elementor-hidden-desktop elementor-hidden-tablet elementor-hidden-phone\" data-eae-slider=\"8857\" data-id=\"43f7226\" data-element_type=\"column\">\n\t\t\t<div class=\"elementor-widget-wrap\">\n\t\t\t\t\t\t\t<\/div>\n\t\t<\/div>\n\t\t\t\t\t<\/div>\n\t\t<\/section>\n\t\t\t\t<section class=\"has_eae_slider elementor-section elementor-top-section elementor-element elementor-element-92168b0 elementor-section-content-top elementor-reverse-mobile elementor-section-boxed elementor-section-height-default elementor-section-height-default\" data-eae-slider=\"46966\" data-id=\"92168b0\" data-element_type=\"section\" data-settings=\"{&quot;background_background&quot;:&quot;classic&quot;}\">\n\t\t\t\t\t\t<div class=\"elementor-container elementor-column-gap-default\">\n\t\t\t\t\t<div class=\"has_eae_slider elementor-column elementor-col-50 elementor-top-column elementor-element elementor-element-00d5e18\" data-eae-slider=\"67459\" data-id=\"00d5e18\" data-element_type=\"column\">\n\t\t\t<div class=\"elementor-widget-wrap elementor-element-populated\">\n\t\t\t\t\t\t<div class=\"elementor-element elementor-element-36b4f54 elementor-widget elementor-widget-heading\" data-id=\"36b4f54\" data-element_type=\"widget\" data-settings=\"{&quot;_animation&quot;:&quot;none&quot;,&quot;_animation_tablet&quot;:&quot;none&quot;,&quot;_animation_mobile&quot;:&quot;none&quot;,&quot;_animation_delay&quot;:100}\" data-widget_type=\"heading.default\">\n\t\t\t\t<div class=\"elementor-widget-container\">\n\t\t\t\t\t<h2 class=\"elementor-heading-title elementor-size-default\">Dr. Pedro Antonio <br>Rivas Yarza <\/h2>\t\t\t\t<\/div>\n\t\t\t\t<\/div>\n\t\t\t\t<div class=\"elementor-element elementor-element-b4788d0 elementor-widget elementor-widget-text-editor\" data-id=\"b4788d0\" data-element_type=\"widget\" data-settings=\"{&quot;_animation&quot;:&quot;none&quot;,&quot;_animation_tablet&quot;:&quot;none&quot;,&quot;_animation_mobile&quot;:&quot;none&quot;,&quot;_animation_delay&quot;:200}\" data-widget_type=\"text-editor.default\">\n\t\t\t\t<div class=\"elementor-widget-container\">\n\t\t\t\t\t\t\t\t\t<p>Director de l&#8217;Escola Universit\u00e0ria de Turisme del Consell Insular d&#8217;Eivissa<\/p>\n\t\t\t\t\t\t\t\t<\/div>\n\t\t\t\t<\/div>\n\t\t\t\t<div class=\"elementor-element elementor-element-02e1fd0 elementor-widget elementor-widget-text-editor\" data-id=\"02e1fd0\" data-element_type=\"widget\" data-settings=\"{&quot;_animation&quot;:&quot;none&quot;,&quot;_animation_tablet&quot;:&quot;none&quot;,&quot;_animation_mobile&quot;:&quot;none&quot;,&quot;_animation_delay&quot;:200}\" data-widget_type=\"text-editor.default\">\n\t\t\t\t<div class=\"elementor-widget-container\">\n\t\t\t\t\t\t\t\t\t<p>Llicenciat en Ci\u00e8ncies Econ\u00f2miques i Empresarials (1993) i Doctor en Economia de l&#8217;Empresa per la UIB (2013), amb la tesi \u201cEstructures de propietat i gesti\u00f3 al sector hoteler\u201d, premi extraordinari del Programa de Doctorat d&#8217;Economia de l&#8217;Empresa del bienni 2013-14. Professor Titular d&#8217;Universitat al Departament d&#8217;Economia de l&#8217;Empresa de la Universitat de les Illes Balears (UIB).<\/p>\n\t\t\t\t\t\t\t\t<\/div>\n\t\t\t\t<\/div>\n\t\t\t\t<div class=\"elementor-element elementor-element-29abc92 elementor-widget elementor-widget-button\" data-id=\"29abc92\" data-element_type=\"widget\" data-widget_type=\"button.default\">\n\t\t\t\t<div class=\"elementor-widget-container\">\n\t\t\t\t\t\t\t\t\t<div class=\"elementor-button-wrapper\">\n\t\t\t\t\t<a class=\"elementor-button elementor-button-link elementor-size-sm\" href=\"https:\/\/www.uib.cat\/personal\/ABDUxNjU\/\" target=\"_blank\">\n\t\t\t\t\t\t<span class=\"elementor-button-content-wrapper\">\n\t\t\t\t\t\t<span class=\"elementor-button-icon\">\n\t\t\t\t<i aria-hidden=\"true\" class=\"vamtamtheme- vamtam-theme-arrow-right\"><\/i>\t\t\t<\/span>\n\t\t\t\t\t\t\t\t\t<span class=\"elementor-button-text\">Veure m\u00e9s info<\/span>\n\t\t\t\t\t<\/span>\n\t\t\t\t\t<\/a>\n\t\t\t\t<\/div>\n\t\t\t\t\t\t\t\t<\/div>\n\t\t\t\t<\/div>\n\t\t\t\t\t<\/div>\n\t\t<\/div>\n\t\t\t\t<div class=\"has_eae_slider elementor-column elementor-col-50 elementor-top-column elementor-element elementor-element-b064c00\" data-eae-slider=\"70415\" data-id=\"b064c00\" data-element_type=\"column\" data-settings=\"{&quot;background_background&quot;:&quot;classic&quot;}\">\n\t\t\t<div class=\"elementor-widget-wrap elementor-element-populated\">\n\t\t\t\t\t\t<div class=\"elementor-element elementor-element-f4886bf elementor-invisible elementor-widget elementor-widget-image\" data-id=\"f4886bf\" data-element_type=\"widget\" data-settings=\"{&quot;_animation&quot;:&quot;imageGrowWithScaleLeft&quot;}\" data-widget_type=\"image.default\">\n\t\t\t\t<div class=\"elementor-widget-container\">\n\t\t\t\t\t\t\t\t\t<div class=\"elementor-image\">\n\t\t\t\t\t\t\t\t\t\t\t<div class=\"vamtam-image-wrapper\">\n\t\t\t\t\t\t\t\t\t\t\t\t\t\t\t\t\t\t\t\t\t<img fetchpriority=\"high\" decoding=\"async\" width=\"1024\" height=\"702\" src=\"https:\/\/www.escuelaturismo.org\/wp-content\/uploads\/2024\/04\/foto-Pedro-Antonio-Rivas-Yarza-1024x702.jpg\" class=\"attachment-large size-large wp-image-993694\" alt=\"\" srcset=\"https:\/\/www.escuelaturismo.org\/wp-content\/uploads\/2024\/04\/foto-Pedro-Antonio-Rivas-Yarza-1024x702.jpg 1024w, https:\/\/www.escuelaturismo.org\/wp-content\/uploads\/2024\/04\/foto-Pedro-Antonio-Rivas-Yarza-300x206.jpg 300w, https:\/\/www.escuelaturismo.org\/wp-content\/uploads\/2024\/04\/foto-Pedro-Antonio-Rivas-Yarza-768x527.jpg 768w, https:\/\/www.escuelaturismo.org\/wp-content\/uploads\/2024\/04\/foto-Pedro-Antonio-Rivas-Yarza.jpg 1200w\" sizes=\"(max-width: 1024px) 100vw, 1024px\" \/>\t\t\t\t\t\t\t\t\t\t\t\t\t\t\t\t\t\t\t\t\t\t\t\t\t\t<\/div>\n\t\t\t\t\t\t\t\t\t<\/div>\n\t\t\t\t\t\t\t\t<\/div>\n\t\t\t\t<\/div>\n\t\t\t\t<div class=\"elementor-element elementor-element-1d38bf5 elementor-absolute elementor-invisible elementor-widget elementor-widget-image\" data-id=\"1d38bf5\" data-element_type=\"widget\" data-settings=\"{&quot;_position&quot;:&quot;absolute&quot;,&quot;_animation&quot;:&quot;fadeIn&quot;,&quot;_animation_delay&quot;:400}\" data-widget_type=\"image.default\">\n\t\t\t\t<div class=\"elementor-widget-container\">\n\t\t\t\t\t\t\t\t\t<div class=\"elementor-image\">\n\t\t\t\t\t\t\t\t\t\t\t\t\t\t\t\t\t\t\t\t\t<img decoding=\"async\" width=\"111\" height=\"111\" src=\"https:\/\/www.escuelaturismo.org\/wp-content\/uploads\/2020\/02\/favicon-1.svg\" class=\"attachment-full size-full wp-image-992616\" alt=\"\" \/>\t\t\t\t\t\t\t\t\t\t\t\t\t\t\t\t\t\t\t\t\t\t\t\t<\/div>\n\t\t\t\t\t\t\t\t<\/div>\n\t\t\t\t<\/div>\n\t\t\t\t\t<\/div>\n\t\t<\/div>\n\t\t\t\t\t<\/div>\n\t\t<\/section>\n\t\t\t\t<section class=\"has_eae_slider elementor-section elementor-top-section elementor-element elementor-element-543213c elementor-section-boxed elementor-section-height-default elementor-section-height-default\" data-eae-slider=\"85306\" data-id=\"543213c\" data-element_type=\"section\" data-settings=\"{&quot;background_background&quot;:&quot;classic&quot;}\">\n\t\t\t\t\t\t<div class=\"elementor-container elementor-column-gap-default\">\n\t\t\t\t\t<div class=\"has_eae_slider elementor-column elementor-col-100 elementor-top-column elementor-element elementor-element-1f0f291\" data-eae-slider=\"25637\" data-id=\"1f0f291\" data-element_type=\"column\">\n\t\t\t<div class=\"elementor-widget-wrap elementor-element-populated\">\n\t\t\t\t\t\t<div class=\"elementor-element elementor-element-7d39520 elementor-widget elementor-widget-heading\" data-id=\"7d39520\" data-element_type=\"widget\" data-widget_type=\"heading.default\">\n\t\t\t\t<div class=\"elementor-widget-container\">\n\t\t\t\t\t<h4 class=\"elementor-heading-title elementor-size-default\">Presentaci\u00f3 del director<\/h4>\t\t\t\t<\/div>\n\t\t\t\t<\/div>\n\t\t\t\t<div class=\"elementor-element elementor-element-f18dd29 elementor-widget-divider--view-line elementor-widget elementor-widget-divider\" data-id=\"f18dd29\" data-element_type=\"widget\" data-widget_type=\"divider.default\">\n\t\t\t\t<div class=\"elementor-widget-container\">\n\t\t\t\t\t\t\t<div class=\"elementor-divider\">\n\t\t\t<span class=\"elementor-divider-separator\">\n\t\t\t\t\t\t<\/span>\n\t\t<\/div>\n\t\t\t\t\t\t<\/div>\n\t\t\t\t<\/div>\n\t\t\t\t<div class=\"elementor-element elementor-element-d0d0f8e elementor-widget elementor-widget-text-editor\" data-id=\"d0d0f8e\" data-element_type=\"widget\" data-widget_type=\"text-editor.default\">\n\t\t\t\t<div class=\"elementor-widget-container\">\n\t\t\t\t\t\t\t\t\t<p>\u00c9s un plaer donar-vos la benvinguda a casa nostra, on la passi\u00f3 pel turisme es troba amb l&#8217;excel\u00b7l\u00e8ncia acad\u00e8mica. L&#8217;Escola de Turisme del Consell Insular d&#8217;Eivissa fou fundada a finals dels anys 60 i fou el primer centre de les Balears dedicat a la formaci\u00f3 a Turisme. Avui dia, i cam\u00ed de fer 60 anys, \u00e9s un centre adscrit a la Universitat de les Illes Balears (UIB), amb un fort arrelament a les illes, comprom\u00e8s amb la formaci\u00f3 dels professionals que necessita el sector i considerat un centre universitari de refer\u00e8ncia tant a nivell nacional com internacional.<\/p>\n<p>&nbsp;<\/p>\n<p>Les Illes Balears, i en particular Eivissa, s\u00f3n molt m\u00e9s que destins tur\u00edstics; s\u00f3n llocs rics en hist\u00f2ria, cultura i bellesa natural. A la nostra escola, abracem el paper positiu del turisme a la nostra comunitat, reconeixent els seus beneficis socials, culturals i econ\u00f2mics. Tot i aix\u00f2, tamb\u00e9 som conscients dels reptes que enfronta la ind\u00fastria i, com a instituci\u00f3 educativa adscrita a la UIB, estem compromesos a preparar els nostres estudiants per abordar aquests desafiaments amb una perspectiva informada i responsable.<\/p>\n<p>&nbsp;<\/p>\n<p>El turisme del futur exigeix professionals preparats acad\u00e8micament, imbu\u00efts de valors \u00e8tics i equipats amb un esperit cr\u00edtic. El nostre enfocament no nom\u00e9s se centra en la transmissi\u00f3 de coneixements t\u00e8cnics, sin\u00f3 tamb\u00e9 en cultivar habilitats que van m\u00e9s enll\u00e0 del que \u00e9s acad\u00e8mic. Creiem que la formaci\u00f3 integral \u00e9s essencial per desenvolupar l\u00edders en turisme que no nom\u00e9s siguin competents al seu camp, sin\u00f3 que tamb\u00e9 siguin agents de canvi positiu a les seves comunitats.<\/p>\n<p>&nbsp;<\/p>\n<p>A la nostra escola trobareu un ambient d&#8217;aprenentatge din\u00e0mic, connectat a la realitat del sector. El treball de l&#8217;equip docent, la dedicaci\u00f3 del personal d&#8217;administraci\u00f3 i serveis i l&#8217;esfor\u00e7 de l&#8217;alumnat ens permeten assolir les fites proposades any rere any. Treballem en estreta col\u00b7laboraci\u00f3 amb la UIB per garantir un alt nivell acad\u00e8mic i brindar als nostres estudiants les eines necess\u00e0ries per destacar a la ind\u00fastria del turisme.<\/p>\n<p>&nbsp;<\/p>\n<p>Esperem rebre&#8217;us a la nostra comunitat educativa i formar part del vostre viatge cap a un futur exit\u00f3s a l&#8217;apassionant m\u00f3n del turisme.<\/p>\n<p>&nbsp;<\/p>\n<p>Benvinguts!<\/p>\n\t\t\t\t\t\t\t\t<\/div>\n\t\t\t\t<\/div>\n\t\t\t\t\t<\/div>\n\t\t<\/div>\n\t\t\t\t\t<\/div>\n\t\t<\/section>\n\t\t\t\t<section class=\"has_eae_slider elementor-section elementor-top-section elementor-element elementor-element-752ad910 elementor-section-content-top elementor-section-boxed elementor-section-height-default elementor-section-height-default\" data-eae-slider=\"14727\" data-id=\"752ad910\" data-element_type=\"section\" data-settings=\"{&quot;background_background&quot;:&quot;classic&quot;}\">\n\t\t\t\t\t\t<div class=\"elementor-container elementor-column-gap-default\">\n\t\t\t\t\t<div class=\"has_eae_slider elementor-column elementor-col-50 elementor-top-column elementor-element elementor-element-2a530ff5\" data-eae-slider=\"15109\" data-id=\"2a530ff5\" data-element_type=\"column\" data-settings=\"{&quot;background_background&quot;:&quot;classic&quot;}\">\n\t\t\t<div class=\"elementor-widget-wrap elementor-element-populated\">\n\t\t\t\t\t\t<div class=\"elementor-element elementor-element-42386384 elementor-invisible elementor-widget elementor-widget-image\" data-id=\"42386384\" data-element_type=\"widget\" data-settings=\"{&quot;_animation&quot;:&quot;imageGrowWithScaleRight&quot;}\" data-widget_type=\"image.default\">\n\t\t\t\t<div class=\"elementor-widget-container\">\n\t\t\t\t\t\t\t\t\t<div class=\"elementor-image\">\n\t\t\t\t\t\t\t\t\t\t\t<div class=\"vamtam-image-wrapper\">\n\t\t\t\t\t\t\t\t\t\t\t\t\t\t\t\t\t\t\t\t\t<img decoding=\"async\" width=\"1024\" height=\"682\" src=\"https:\/\/www.escuelaturismo.org\/wp-content\/uploads\/2022\/12\/Vicent-Mari-2-1024x682.jpg\" class=\"attachment-large size-large wp-image-992626\" alt=\"\" srcset=\"https:\/\/www.escuelaturismo.org\/wp-content\/uploads\/2022\/12\/Vicent-Mari-2-1024x682.jpg 1024w, https:\/\/www.escuelaturismo.org\/wp-content\/uploads\/2022\/12\/Vicent-Mari-2-300x200.jpg 300w, https:\/\/www.escuelaturismo.org\/wp-content\/uploads\/2022\/12\/Vicent-Mari-2-768x512.jpg 768w, https:\/\/www.escuelaturismo.org\/wp-content\/uploads\/2022\/12\/Vicent-Mari-2.jpg 1280w\" sizes=\"(max-width: 1024px) 100vw, 1024px\" \/>\t\t\t\t\t\t\t\t\t\t\t\t\t\t\t\t\t\t\t\t\t\t\t\t\t\t<\/div>\n\t\t\t\t\t\t\t\t\t<\/div>\n\t\t\t\t\t\t\t\t<\/div>\n\t\t\t\t<\/div>\n\t\t\t\t\t<\/div>\n\t\t<\/div>\n\t\t\t\t<div class=\"has_eae_slider elementor-column elementor-col-50 elementor-top-column elementor-element elementor-element-11bc4676\" data-eae-slider=\"23876\" data-id=\"11bc4676\" data-element_type=\"column\">\n\t\t\t<div class=\"elementor-widget-wrap elementor-element-populated\">\n\t\t\t\t\t\t<div class=\"elementor-element elementor-element-3febe88b elementor-widget elementor-widget-heading\" data-id=\"3febe88b\" data-element_type=\"widget\" data-settings=\"{&quot;_animation&quot;:&quot;none&quot;,&quot;_animation_tablet&quot;:&quot;none&quot;,&quot;_animation_mobile&quot;:&quot;none&quot;,&quot;_animation_delay&quot;:100}\" data-widget_type=\"heading.default\">\n\t\t\t\t<div class=\"elementor-widget-container\">\n\t\t\t\t\t<h2 class=\"elementor-heading-title elementor-size-default\"> Vicent<br>Mar\u00ed Torres<\/h2>\t\t\t\t<\/div>\n\t\t\t\t<\/div>\n\t\t\t\t<div class=\"elementor-element elementor-element-50127efc elementor-widget elementor-widget-text-editor\" data-id=\"50127efc\" data-element_type=\"widget\" data-settings=\"{&quot;_animation&quot;:&quot;none&quot;,&quot;_animation_tablet&quot;:&quot;none&quot;,&quot;_animation_mobile&quot;:&quot;none&quot;,&quot;_animation_delay&quot;:200}\" data-widget_type=\"text-editor.default\">\n\t\t\t\t<div class=\"elementor-widget-container\">\n\t\t\t\t\t\t\t\t\t<p style=\"margin: 0cm; text-align: justify;\"><span lang=\"ES\" style=\"font-size: 11.0pt; font-family: 'Arial',sans-serif; color: #131212;\">President del Consell Insular d\u2019Eivissa<\/span><\/p>\n\t\t\t\t\t\t\t\t<\/div>\n\t\t\t\t<\/div>\n\t\t\t\t<div class=\"elementor-element elementor-element-5b6984f6 elementor-widget elementor-widget-text-editor\" data-id=\"5b6984f6\" data-element_type=\"widget\" data-settings=\"{&quot;_animation&quot;:&quot;none&quot;,&quot;_animation_tablet&quot;:&quot;none&quot;,&quot;_animation_mobile&quot;:&quot;none&quot;,&quot;_animation_delay&quot;:200}\" data-widget_type=\"text-editor.default\">\n\t\t\t\t<div class=\"elementor-widget-container\">\n\t\t\t\t\t\t\t\t\t<p>Llicenciat en Ci\u00e8ncies Econ\u00f2miques i Empresarials per la Universitat de Val\u00e8ncia, especialitat Conjuntural i Sector P\u00fablic. Ha desenvolupat la seua tasca professional al sector tur\u00edstic i com a assessor fiscal i econ\u00f2mic d&#8217;empreses. Des de l&#8217;any 2007 al 2019 va ser alcalde de Santa Eul\u00e0ria des Riu.<\/p>\n\t\t\t\t\t\t\t\t<\/div>\n\t\t\t\t<\/div>\n\t\t\t\t<div class=\"elementor-element elementor-element-75d05163 elementor-widget elementor-widget-button\" data-id=\"75d05163\" data-element_type=\"widget\" data-widget_type=\"button.default\">\n\t\t\t\t<div class=\"elementor-widget-container\">\n\t\t\t\t\t\t\t\t\t<div class=\"elementor-button-wrapper\">\n\t\t\t\t\t<a class=\"elementor-button elementor-button-link elementor-size-sm\" href=\"https:\/\/www.escuelaturismo.org\/ca\/lescola-presentacio\/vicent-mari-torres\/\">\n\t\t\t\t\t\t<span class=\"elementor-button-content-wrapper\">\n\t\t\t\t\t\t<span class=\"elementor-button-icon\">\n\t\t\t\t<svg xmlns=\"http:\/\/www.w3.org\/2000\/svg\" id=\"Capa_1\" data-name=\"Capa 1\" viewBox=\"0 0 30 30\"><defs><style>.cls-1{fill:#feca05;}.cls-2{fill:none;stroke:#12b4e8;stroke-linecap:round;stroke-linejoin:round;stroke-width:1.9px;}<\/style><\/defs><title>cross-blue-yellow<\/title><circle class=\"cls-1\" cx=\"15\" cy=\"15\" r=\"15\"><\/circle><line class=\"cls-2\" x1=\"7.5\" y1=\"15\" x2=\"22.5\" y2=\"15\"><\/line><line class=\"cls-2\" x1=\"15\" y1=\"7.5\" x2=\"15\" y2=\"22.5\"><\/line><\/svg>\t\t\t<\/span>\n\t\t\t\t\t\t\t\t\t<span class=\"elementor-button-text\">Veure presentaci\u00f3 President<\/span>\n\t\t\t\t\t<\/span>\n\t\t\t\t\t<\/a>\n\t\t\t\t<\/div>\n\t\t\t\t\t\t\t\t<\/div>\n\t\t\t\t<\/div>\n\t\t\t\t\t<\/div>\n\t\t<\/div>\n\t\t\t\t\t<\/div>\n\t\t<\/section>\n\t\t\t\t<\/div>\n\t\t","protected":false},"excerpt":{"rendered":"<p>Presentaci\u00f3 El Director de l&#8217;Escola Universit\u00e0ria i el president del Consell d\u2019Eivissa us donen la benvinguda a la nova web de l\u2019Escola. Dr. Pedro Antonio Rivas Yarza Director de l&#8217;Escola Universit\u00e0ria de Turisme del Consell Insular d&#8217;Eivissa Llicenciat en Ci\u00e8ncies Econ\u00f2miques i Empresarials (1993) i Doctor en Economia de l&#8217;Empresa per la UIB (2013), amb&#8230;<\/p>\n","protected":false},"author":1,"featured_media":0,"parent":992957,"menu_order":0,"comment_status":"closed","ping_status":"closed","template":"","meta":{"footnotes":""},"class_list":["post-992959","page","type-page","status-publish","hentry"],"yoast_head":"<!-- This site is optimized with the Yoast SEO plugin v26.3 - https:\/\/yoast.com\/wordpress\/plugins\/seo\/ -->\n<title>Dr. Pedro Antonio Rivas Yarza - Escuela de Turismo de Ibiza<\/title>\n<meta name=\"robots\" content=\"index, follow, max-snippet:-1, max-image-preview:large, max-video-preview:-1\" \/>\n<link rel=\"canonical\" href=\"https:\/\/www.escuelaturismo.org\/ca\/lescola-presentacio\/dr-onofre-martorell-cunill\/\" \/>\n<meta property=\"og:locale\" content=\"ca_ES\" \/>\n<meta property=\"og:type\" content=\"article\" \/>\n<meta property=\"og:title\" content=\"Dr. Pedro Antonio Rivas Yarza - Escuela de Turismo de Ibiza\" \/>\n<meta property=\"og:description\" content=\"Presentaci\u00f3 El Director de l&#8217;Escola Universit\u00e0ria i el president del Consell d\u2019Eivissa us donen la benvinguda a la nova web de l\u2019Escola. Dr. Pedro Antonio Rivas Yarza Director de l&#8217;Escola Universit\u00e0ria de Turisme del Consell Insular d&#8217;Eivissa Llicenciat en Ci\u00e8ncies Econ\u00f2miques i Empresarials (1993) i Doctor en Economia de l&#8217;Empresa per la UIB (2013), amb...\" \/>\n<meta property=\"og:url\" content=\"https:\/\/www.escuelaturismo.org\/ca\/lescola-presentacio\/dr-onofre-martorell-cunill\/\" \/>\n<meta property=\"og:site_name\" content=\"Escuela de Turismo de Ibiza\" \/>\n<meta property=\"article:modified_time\" content=\"2024-04-05T10:17:03+00:00\" \/>\n<meta property=\"og:image\" content=\"https:\/\/www.escuelaturismo.org\/wp-content\/uploads\/2024\/04\/foto-Pedro-Antonio-Rivas-Yarza-1024x702.jpg\" \/>\n<meta name=\"twitter:card\" content=\"summary_large_image\" \/>\n<meta name=\"twitter:label1\" content=\"Temps estimat de lectura\" \/>\n\t<meta name=\"twitter:data1\" content=\"3 minuts\" \/>\n<script type=\"application\/ld+json\" class=\"yoast-schema-graph\">{\"@context\":\"https:\/\/schema.org\",\"@graph\":[{\"@type\":\"WebPage\",\"@id\":\"https:\/\/www.escuelaturismo.org\/ca\/lescola-presentacio\/dr-onofre-martorell-cunill\/\",\"url\":\"https:\/\/www.escuelaturismo.org\/ca\/lescola-presentacio\/dr-onofre-martorell-cunill\/\",\"name\":\"Dr. Pedro Antonio Rivas Yarza - Escuela de Turismo de Ibiza\",\"isPartOf\":{\"@id\":\"https:\/\/www.escuelaturismo.org\/ca\/#website\"},\"primaryImageOfPage\":{\"@id\":\"https:\/\/www.escuelaturismo.org\/ca\/lescola-presentacio\/dr-onofre-martorell-cunill\/#primaryimage\"},\"image\":{\"@id\":\"https:\/\/www.escuelaturismo.org\/ca\/lescola-presentacio\/dr-onofre-martorell-cunill\/#primaryimage\"},\"thumbnailUrl\":\"https:\/\/www.escuelaturismo.org\/wp-content\/uploads\/2024\/04\/foto-Pedro-Antonio-Rivas-Yarza-1024x702.jpg\",\"datePublished\":\"2022-12-21T11:31:29+00:00\",\"dateModified\":\"2024-04-05T10:17:03+00:00\",\"breadcrumb\":{\"@id\":\"https:\/\/www.escuelaturismo.org\/ca\/lescola-presentacio\/dr-onofre-martorell-cunill\/#breadcrumb\"},\"inLanguage\":\"ca\",\"potentialAction\":[{\"@type\":\"ReadAction\",\"target\":[\"https:\/\/www.escuelaturismo.org\/ca\/lescola-presentacio\/dr-onofre-martorell-cunill\/\"]}]},{\"@type\":\"ImageObject\",\"inLanguage\":\"ca\",\"@id\":\"https:\/\/www.escuelaturismo.org\/ca\/lescola-presentacio\/dr-onofre-martorell-cunill\/#primaryimage\",\"url\":\"https:\/\/www.escuelaturismo.org\/wp-content\/uploads\/2024\/04\/foto-Pedro-Antonio-Rivas-Yarza-1024x702.jpg\",\"contentUrl\":\"https:\/\/www.escuelaturismo.org\/wp-content\/uploads\/2024\/04\/foto-Pedro-Antonio-Rivas-Yarza-1024x702.jpg\"},{\"@type\":\"BreadcrumbList\",\"@id\":\"https:\/\/www.escuelaturismo.org\/ca\/lescola-presentacio\/dr-onofre-martorell-cunill\/#breadcrumb\",\"itemListElement\":[{\"@type\":\"ListItem\",\"position\":1,\"name\":\"Home\",\"item\":\"https:\/\/www.escuelaturismo.org\/ca\/\"},{\"@type\":\"ListItem\",\"position\":2,\"name\":\"L&#8217;Escola :: Presentaci\u00f3\",\"item\":\"https:\/\/www.escuelaturismo.org\/ca\/presentacion\/\"},{\"@type\":\"ListItem\",\"position\":3,\"name\":\"Dr. Pedro Antonio Rivas Yarza\"}]},{\"@type\":\"WebSite\",\"@id\":\"https:\/\/www.escuelaturismo.org\/ca\/#website\",\"url\":\"https:\/\/www.escuelaturismo.org\/ca\/\",\"name\":\"Escuela de Turismo de Ibiza\",\"description\":\"Escuela de Turismo de Ibiza\",\"publisher\":{\"@id\":\"https:\/\/www.escuelaturismo.org\/ca\/#organization\"},\"potentialAction\":[{\"@type\":\"SearchAction\",\"target\":{\"@type\":\"EntryPoint\",\"urlTemplate\":\"https:\/\/www.escuelaturismo.org\/ca\/?s={search_term_string}\"},\"query-input\":{\"@type\":\"PropertyValueSpecification\",\"valueRequired\":true,\"valueName\":\"search_term_string\"}}],\"inLanguage\":\"ca\"},{\"@type\":\"Organization\",\"@id\":\"https:\/\/www.escuelaturismo.org\/ca\/#organization\",\"name\":\"Escuela de Turismo de Ibiza\",\"url\":\"https:\/\/www.escuelaturismo.org\/ca\/\",\"logo\":{\"@type\":\"ImageObject\",\"inLanguage\":\"ca\",\"@id\":\"https:\/\/www.escuelaturismo.org\/ca\/#\/schema\/logo\/image\/\",\"url\":\"https:\/\/www.escuelaturismo.org\/wp-content\/uploads\/2023\/01\/logo-ETI-header.svg\",\"contentUrl\":\"https:\/\/www.escuelaturismo.org\/wp-content\/uploads\/2023\/01\/logo-ETI-header.svg\",\"width\":350,\"height\":90,\"caption\":\"Escuela de Turismo de Ibiza\"},\"image\":{\"@id\":\"https:\/\/www.escuelaturismo.org\/ca\/#\/schema\/logo\/image\/\"}}]}<\/script>\n<!-- \/ Yoast SEO plugin. -->","yoast_head_json":{"title":"Dr. Pedro Antonio Rivas Yarza - Escuela de Turismo de Ibiza","robots":{"index":"index","follow":"follow","max-snippet":"max-snippet:-1","max-image-preview":"max-image-preview:large","max-video-preview":"max-video-preview:-1"},"canonical":"https:\/\/www.escuelaturismo.org\/ca\/lescola-presentacio\/dr-onofre-martorell-cunill\/","og_locale":"ca_ES","og_type":"article","og_title":"Dr. Pedro Antonio Rivas Yarza - Escuela de Turismo de Ibiza","og_description":"Presentaci\u00f3 El Director de l&#8217;Escola Universit\u00e0ria i el president del Consell d\u2019Eivissa us donen la benvinguda a la nova web de l\u2019Escola. Dr. Pedro Antonio Rivas Yarza Director de l&#8217;Escola Universit\u00e0ria de Turisme del Consell Insular d&#8217;Eivissa Llicenciat en Ci\u00e8ncies Econ\u00f2miques i Empresarials (1993) i Doctor en Economia de l&#8217;Empresa per la UIB (2013), amb...","og_url":"https:\/\/www.escuelaturismo.org\/ca\/lescola-presentacio\/dr-onofre-martorell-cunill\/","og_site_name":"Escuela de Turismo de Ibiza","article_modified_time":"2024-04-05T10:17:03+00:00","og_image":[{"url":"https:\/\/www.escuelaturismo.org\/wp-content\/uploads\/2024\/04\/foto-Pedro-Antonio-Rivas-Yarza-1024x702.jpg","type":"","width":"","height":""}],"twitter_card":"summary_large_image","twitter_misc":{"Temps estimat de lectura":"3 minuts"},"schema":{"@context":"https:\/\/schema.org","@graph":[{"@type":"WebPage","@id":"https:\/\/www.escuelaturismo.org\/ca\/lescola-presentacio\/dr-onofre-martorell-cunill\/","url":"https:\/\/www.escuelaturismo.org\/ca\/lescola-presentacio\/dr-onofre-martorell-cunill\/","name":"Dr. Pedro Antonio Rivas Yarza - Escuela de Turismo de Ibiza","isPartOf":{"@id":"https:\/\/www.escuelaturismo.org\/ca\/#website"},"primaryImageOfPage":{"@id":"https:\/\/www.escuelaturismo.org\/ca\/lescola-presentacio\/dr-onofre-martorell-cunill\/#primaryimage"},"image":{"@id":"https:\/\/www.escuelaturismo.org\/ca\/lescola-presentacio\/dr-onofre-martorell-cunill\/#primaryimage"},"thumbnailUrl":"https:\/\/www.escuelaturismo.org\/wp-content\/uploads\/2024\/04\/foto-Pedro-Antonio-Rivas-Yarza-1024x702.jpg","datePublished":"2022-12-21T11:31:29+00:00","dateModified":"2024-04-05T10:17:03+00:00","breadcrumb":{"@id":"https:\/\/www.escuelaturismo.org\/ca\/lescola-presentacio\/dr-onofre-martorell-cunill\/#breadcrumb"},"inLanguage":"ca","potentialAction":[{"@type":"ReadAction","target":["https:\/\/www.escuelaturismo.org\/ca\/lescola-presentacio\/dr-onofre-martorell-cunill\/"]}]},{"@type":"ImageObject","inLanguage":"ca","@id":"https:\/\/www.escuelaturismo.org\/ca\/lescola-presentacio\/dr-onofre-martorell-cunill\/#primaryimage","url":"https:\/\/www.escuelaturismo.org\/wp-content\/uploads\/2024\/04\/foto-Pedro-Antonio-Rivas-Yarza-1024x702.jpg","contentUrl":"https:\/\/www.escuelaturismo.org\/wp-content\/uploads\/2024\/04\/foto-Pedro-Antonio-Rivas-Yarza-1024x702.jpg"},{"@type":"BreadcrumbList","@id":"https:\/\/www.escuelaturismo.org\/ca\/lescola-presentacio\/dr-onofre-martorell-cunill\/#breadcrumb","itemListElement":[{"@type":"ListItem","position":1,"name":"Home","item":"https:\/\/www.escuelaturismo.org\/ca\/"},{"@type":"ListItem","position":2,"name":"L&#8217;Escola :: Presentaci\u00f3","item":"https:\/\/www.escuelaturismo.org\/ca\/presentacion\/"},{"@type":"ListItem","position":3,"name":"Dr. Pedro Antonio Rivas Yarza"}]},{"@type":"WebSite","@id":"https:\/\/www.escuelaturismo.org\/ca\/#website","url":"https:\/\/www.escuelaturismo.org\/ca\/","name":"Escuela de Turismo de Ibiza","description":"Escuela de Turismo de Ibiza","publisher":{"@id":"https:\/\/www.escuelaturismo.org\/ca\/#organization"},"potentialAction":[{"@type":"SearchAction","target":{"@type":"EntryPoint","urlTemplate":"https:\/\/www.escuelaturismo.org\/ca\/?s={search_term_string}"},"query-input":{"@type":"PropertyValueSpecification","valueRequired":true,"valueName":"search_term_string"}}],"inLanguage":"ca"},{"@type":"Organization","@id":"https:\/\/www.escuelaturismo.org\/ca\/#organization","name":"Escuela de Turismo de Ibiza","url":"https:\/\/www.escuelaturismo.org\/ca\/","logo":{"@type":"ImageObject","inLanguage":"ca","@id":"https:\/\/www.escuelaturismo.org\/ca\/#\/schema\/logo\/image\/","url":"https:\/\/www.escuelaturismo.org\/wp-content\/uploads\/2023\/01\/logo-ETI-header.svg","contentUrl":"https:\/\/www.escuelaturismo.org\/wp-content\/uploads\/2023\/01\/logo-ETI-header.svg","width":350,"height":90,"caption":"Escuela de Turismo de Ibiza"},"image":{"@id":"https:\/\/www.escuelaturismo.org\/ca\/#\/schema\/logo\/image\/"}}]}},"_links":{"self":[{"href":"https:\/\/www.escuelaturismo.org\/ca\/wp-json\/wp\/v2\/pages\/992959","targetHints":{"allow":["GET"]}}],"collection":[{"href":"https:\/\/www.escuelaturismo.org\/ca\/wp-json\/wp\/v2\/pages"}],"about":[{"href":"https:\/\/www.escuelaturismo.org\/ca\/wp-json\/wp\/v2\/types\/page"}],"author":[{"embeddable":true,"href":"https:\/\/www.escuelaturismo.org\/ca\/wp-json\/wp\/v2\/users\/1"}],"replies":[{"embeddable":true,"href":"https:\/\/www.escuelaturismo.org\/ca\/wp-json\/wp\/v2\/comments?post=992959"}],"version-history":[{"count":7,"href":"https:\/\/www.escuelaturismo.org\/ca\/wp-json\/wp\/v2\/pages\/992959\/revisions"}],"predecessor-version":[{"id":993801,"href":"https:\/\/www.escuelaturismo.org\/ca\/wp-json\/wp\/v2\/pages\/992959\/revisions\/993801"}],"up":[{"embeddable":true,"href":"https:\/\/www.escuelaturismo.org\/ca\/wp-json\/wp\/v2\/pages\/992957"}],"wp:attachment":[{"href":"https:\/\/www.escuelaturismo.org\/ca\/wp-json\/wp\/v2\/media?parent=992959"}],"curies":[{"name":"wp","href":"https:\/\/api.w.org\/{rel}","templated":true}]}}