{"id":992957,"date":"2022-12-21T10:25:49","date_gmt":"2022-12-21T10:25:49","guid":{"rendered":"https:\/\/www.escuelaturismo.org\/lescola-presentacio\/"},"modified":"2024-04-03T14:14:51","modified_gmt":"2024-04-03T14:14:51","slug":"lescola-presentacio","status":"publish","type":"page","link":"https:\/\/www.escuelaturismo.org\/ca\/lescola-presentacio\/","title":{"rendered":"L&#8217;Escola :: Presentaci\u00f3"},"content":{"rendered":"\t\t<div data-elementor-type=\"wp-page\" data-elementor-id=\"992957\" class=\"elementor elementor-992957 elementor-988099\" data-elementor-post-type=\"page\">\n\t\t\t\t\t\t<section class=\"has_eae_slider elementor-section elementor-top-section elementor-element elementor-element-d64bc6e elementor-section-height-min-height elementor-section-boxed elementor-section-height-default elementor-section-items-middle\" data-eae-slider=\"4762\" data-id=\"d64bc6e\" data-element_type=\"section\" data-settings=\"{&quot;background_background&quot;:&quot;classic&quot;}\">\n\t\t\t\t\t\t\t<div class=\"elementor-background-overlay\"><\/div>\n\t\t\t\t\t\t\t<div class=\"elementor-container elementor-column-gap-default\">\n\t\t\t\t\t<div class=\"has_eae_slider elementor-column elementor-col-100 elementor-top-column elementor-element elementor-element-fa2ae3e\" data-eae-slider=\"1969\" data-id=\"fa2ae3e\" data-element_type=\"column\" data-settings=\"{&quot;background_background&quot;:&quot;classic&quot;}\">\n\t\t\t<div class=\"elementor-widget-wrap\">\n\t\t\t\t\t\t\t<\/div>\n\t\t<\/div>\n\t\t\t\t\t<\/div>\n\t\t<\/section>\n\t\t\t\t<section class=\"has_eae_slider elementor-section elementor-top-section elementor-element elementor-element-118bd99 elementor-section-boxed elementor-section-height-default elementor-section-height-default\" data-eae-slider=\"34651\" data-id=\"118bd99\" data-element_type=\"section\">\n\t\t\t\t\t\t<div class=\"elementor-container elementor-column-gap-no\">\n\t\t\t\t\t<div class=\"has_eae_slider elementor-column elementor-col-50 elementor-top-column elementor-element elementor-element-08422df animated-fast elementor-invisible\" data-eae-slider=\"44939\" data-id=\"08422df\" data-element_type=\"column\" data-settings=\"{&quot;background_background&quot;:&quot;classic&quot;,&quot;animation&quot;:&quot;fadeIn&quot;,&quot;animation_tablet&quot;:&quot;none&quot;,&quot;animation_mobile&quot;:&quot;none&quot;,&quot;animation_delay&quot;:100}\">\n\t\t\t<div class=\"elementor-widget-wrap elementor-element-populated\">\n\t\t\t\t\t\t<div class=\"elementor-element elementor-element-8c90433 entry-box elementor-widget elementor-widget-heading\" data-id=\"8c90433\" data-element_type=\"widget\" data-widget_type=\"heading.default\">\n\t\t\t\t<div class=\"elementor-widget-container\">\n\t\t\t\t\t<h1 class=\"elementor-heading-title elementor-size-default\">Presentaci\u00f3<\/h1>\t\t\t\t<\/div>\n\t\t\t\t<\/div>\n\t\t\t\t<div class=\"elementor-element elementor-element-1692c43 elementor-widget elementor-widget-text-editor\" data-id=\"1692c43\" data-element_type=\"widget\" data-widget_type=\"text-editor.default\">\n\t\t\t\t<div class=\"elementor-widget-container\">\n\t\t\t\t\t\t\t\t\t<p>El Director de l&#8217;Escola Universit\u00e0ria i el president del Consell d\u2019Eivissa us donen la benvinguda a la nova web de l\u2019Escola.<\/p>\n\t\t\t\t\t\t\t\t<\/div>\n\t\t\t\t<\/div>\n\t\t\t\t\t<\/div>\n\t\t<\/div>\n\t\t\t\t<div class=\"has_eae_slider elementor-column elementor-col-50 elementor-top-column elementor-element elementor-element-43f7226 elementor-hidden-desktop elementor-hidden-tablet elementor-hidden-phone\" data-eae-slider=\"83994\" data-id=\"43f7226\" data-element_type=\"column\">\n\t\t\t<div class=\"elementor-widget-wrap\">\n\t\t\t\t\t\t\t<\/div>\n\t\t<\/div>\n\t\t\t\t\t<\/div>\n\t\t<\/section>\n\t\t\t\t<section class=\"has_eae_slider elementor-section elementor-top-section elementor-element elementor-element-92168b0 elementor-section-content-top elementor-section-boxed elementor-section-height-default elementor-section-height-default\" data-eae-slider=\"63740\" data-id=\"92168b0\" data-element_type=\"section\" data-settings=\"{&quot;background_background&quot;:&quot;classic&quot;}\">\n\t\t\t\t\t\t<div class=\"elementor-container elementor-column-gap-default\">\n\t\t\t\t\t<div class=\"has_eae_slider elementor-column elementor-col-50 elementor-top-column elementor-element elementor-element-b064c00\" data-eae-slider=\"59586\" data-id=\"b064c00\" data-element_type=\"column\" data-settings=\"{&quot;background_background&quot;:&quot;classic&quot;}\">\n\t\t\t<div class=\"elementor-widget-wrap elementor-element-populated\">\n\t\t\t\t\t\t<div class=\"elementor-element elementor-element-80f3680 elementor-invisible elementor-widget elementor-widget-image\" data-id=\"80f3680\" data-element_type=\"widget\" data-settings=\"{&quot;_animation&quot;:&quot;imageGrowWithScaleLeft&quot;}\" data-widget_type=\"image.default\">\n\t\t\t\t<div class=\"elementor-widget-container\">\n\t\t\t\t\t\t\t\t\t<div class=\"elementor-image\">\n\t\t\t\t\t\t\t\t\t\t\t<div class=\"vamtam-image-wrapper\">\n\t\t\t\t\t\t\t\t\t\t\t\t\t\t\t\t\t\t\t\t\t<img fetchpriority=\"high\" decoding=\"async\" width=\"1024\" height=\"702\" src=\"https:\/\/www.escuelaturismo.org\/wp-content\/uploads\/2024\/04\/foto-Pedro-Antonio-Rivas-Yarza-1024x702.jpg\" class=\"attachment-large size-large wp-image-993694\" alt=\"\" srcset=\"https:\/\/www.escuelaturismo.org\/wp-content\/uploads\/2024\/04\/foto-Pedro-Antonio-Rivas-Yarza-1024x702.jpg 1024w, https:\/\/www.escuelaturismo.org\/wp-content\/uploads\/2024\/04\/foto-Pedro-Antonio-Rivas-Yarza-300x206.jpg 300w, https:\/\/www.escuelaturismo.org\/wp-content\/uploads\/2024\/04\/foto-Pedro-Antonio-Rivas-Yarza-768x527.jpg 768w, https:\/\/www.escuelaturismo.org\/wp-content\/uploads\/2024\/04\/foto-Pedro-Antonio-Rivas-Yarza.jpg 1200w\" sizes=\"(max-width: 1024px) 100vw, 1024px\" \/>\t\t\t\t\t\t\t\t\t\t\t\t\t\t\t\t\t\t\t\t\t\t\t\t\t\t<\/div>\n\t\t\t\t\t\t\t\t\t<\/div>\n\t\t\t\t\t\t\t\t<\/div>\n\t\t\t\t<\/div>\n\t\t\t\t\t<\/div>\n\t\t<\/div>\n\t\t\t\t<div class=\"has_eae_slider elementor-column elementor-col-50 elementor-top-column elementor-element elementor-element-00d5e18\" data-eae-slider=\"54900\" data-id=\"00d5e18\" data-element_type=\"column\">\n\t\t\t<div class=\"elementor-widget-wrap elementor-element-populated\">\n\t\t\t\t\t\t<div class=\"elementor-element elementor-element-36b4f54 elementor-widget elementor-widget-heading\" data-id=\"36b4f54\" data-element_type=\"widget\" data-settings=\"{&quot;_animation&quot;:&quot;none&quot;,&quot;_animation_tablet&quot;:&quot;none&quot;,&quot;_animation_mobile&quot;:&quot;none&quot;,&quot;_animation_delay&quot;:100}\" data-widget_type=\"heading.default\">\n\t\t\t\t<div class=\"elementor-widget-container\">\n\t\t\t\t\t<h2 class=\"elementor-heading-title elementor-size-default\">Dr. Pedro Antonio<br>Rivas Yarza<\/h2>\t\t\t\t<\/div>\n\t\t\t\t<\/div>\n\t\t\t\t<div class=\"elementor-element elementor-element-b4788d0 elementor-widget elementor-widget-text-editor\" data-id=\"b4788d0\" data-element_type=\"widget\" data-settings=\"{&quot;_animation&quot;:&quot;none&quot;,&quot;_animation_tablet&quot;:&quot;none&quot;,&quot;_animation_mobile&quot;:&quot;none&quot;,&quot;_animation_delay&quot;:200}\" data-widget_type=\"text-editor.default\">\n\t\t\t\t<div class=\"elementor-widget-container\">\n\t\t\t\t\t\t\t\t\t<p>Director de l&#8217;Escola Universit\u00e0ria de Turisme del Consell Insular d&#8217;Eivissa<\/p>\n\t\t\t\t\t\t\t\t<\/div>\n\t\t\t\t<\/div>\n\t\t\t\t<div class=\"elementor-element elementor-element-02e1fd0 elementor-widget elementor-widget-text-editor\" data-id=\"02e1fd0\" data-element_type=\"widget\" data-settings=\"{&quot;_animation&quot;:&quot;none&quot;,&quot;_animation_tablet&quot;:&quot;none&quot;,&quot;_animation_mobile&quot;:&quot;none&quot;,&quot;_animation_delay&quot;:200}\" data-widget_type=\"text-editor.default\">\n\t\t\t\t<div class=\"elementor-widget-container\">\n\t\t\t\t\t\t\t\t\t<p>Llicenciat en Ci\u00e8ncies Econ\u00f2miques i Empresarials (1993) i Doctor en Economia de l&#8217;Empresa per la UIB (2013), amb la tesi \u201cEstructures de propietat i gesti\u00f3 al sector hoteler\u201d, premi extraordinari del Programa de Doctorat d&#8217;Economia de l&#8217;Empresa del bienni 2013-14. Professor Titular d&#8217;Universitat al Departament d&#8217;Economia de l&#8217;Empresa de la Universitat de les Illes Balears (UIB).<\/p>\n\t\t\t\t\t\t\t\t<\/div>\n\t\t\t\t<\/div>\n\t\t\t\t<div class=\"elementor-element elementor-element-29abc92 elementor-widget elementor-widget-button\" data-id=\"29abc92\" data-element_type=\"widget\" data-widget_type=\"button.default\">\n\t\t\t\t<div class=\"elementor-widget-container\">\n\t\t\t\t\t\t\t\t\t<div class=\"elementor-button-wrapper\">\n\t\t\t\t\t<a class=\"elementor-button elementor-button-link elementor-size-sm\" href=\"https:\/\/www.escuelaturismo.org\/ca\/lescola-presentacio\/dr-onofre-martorell-cunill\/\">\n\t\t\t\t\t\t<span class=\"elementor-button-content-wrapper\">\n\t\t\t\t\t\t<span class=\"elementor-button-icon\">\n\t\t\t\t<svg xmlns=\"http:\/\/www.w3.org\/2000\/svg\" id=\"Capa_1\" data-name=\"Capa 1\" viewBox=\"0 0 30 30\"><defs><style>.cls-1{fill:#feca05;}.cls-2{fill:none;stroke:#12b4e8;stroke-linecap:round;stroke-linejoin:round;stroke-width:1.9px;}<\/style><\/defs><title>cross-blue-yellow<\/title><circle class=\"cls-1\" cx=\"15\" cy=\"15\" r=\"15\"><\/circle><line class=\"cls-2\" x1=\"7.5\" y1=\"15\" x2=\"22.5\" y2=\"15\"><\/line><line class=\"cls-2\" x1=\"15\" y1=\"7.5\" x2=\"15\" y2=\"22.5\"><\/line><\/svg>\t\t\t<\/span>\n\t\t\t\t\t\t\t\t\t<span class=\"elementor-button-text\"> Veure presentaci\u00f3 Director<\/span>\n\t\t\t\t\t<\/span>\n\t\t\t\t\t<\/a>\n\t\t\t\t<\/div>\n\t\t\t\t\t\t\t\t<\/div>\n\t\t\t\t<\/div>\n\t\t\t\t\t<\/div>\n\t\t<\/div>\n\t\t\t\t\t<\/div>\n\t\t<\/section>\n\t\t\t\t<section class=\"has_eae_slider elementor-section elementor-top-section elementor-element elementor-element-8966b89 elementor-section-content-top elementor-section-boxed elementor-section-height-default elementor-section-height-default\" data-eae-slider=\"33178\" data-id=\"8966b89\" data-element_type=\"section\" data-settings=\"{&quot;background_background&quot;:&quot;classic&quot;}\">\n\t\t\t\t\t\t<div class=\"elementor-container elementor-column-gap-default\">\n\t\t\t\t\t<div class=\"has_eae_slider elementor-column elementor-col-50 elementor-top-column elementor-element elementor-element-9f7d5e8\" data-eae-slider=\"56610\" data-id=\"9f7d5e8\" data-element_type=\"column\" data-settings=\"{&quot;background_background&quot;:&quot;classic&quot;}\">\n\t\t\t<div class=\"elementor-widget-wrap elementor-element-populated\">\n\t\t\t\t\t\t<div class=\"elementor-element elementor-element-99e0551 elementor-invisible elementor-widget elementor-widget-image\" data-id=\"99e0551\" data-element_type=\"widget\" data-settings=\"{&quot;_animation&quot;:&quot;imageGrowWithScaleRight&quot;}\" data-widget_type=\"image.default\">\n\t\t\t\t<div class=\"elementor-widget-container\">\n\t\t\t\t\t\t\t\t\t<div class=\"elementor-image\">\n\t\t\t\t\t\t\t\t\t\t\t<div class=\"vamtam-image-wrapper\">\n\t\t\t\t\t\t\t\t\t\t\t\t\t\t\t\t\t\t\t\t\t<img decoding=\"async\" width=\"1024\" height=\"682\" src=\"https:\/\/www.escuelaturismo.org\/wp-content\/uploads\/2023\/02\/Vicent-Mari-2-1024x682.jpg\" class=\"attachment-large size-large wp-image-992739\" alt=\"\" srcset=\"https:\/\/www.escuelaturismo.org\/wp-content\/uploads\/2023\/02\/Vicent-Mari-2-1024x682.jpg 1024w, https:\/\/www.escuelaturismo.org\/wp-content\/uploads\/2023\/02\/Vicent-Mari-2-300x200.jpg 300w, https:\/\/www.escuelaturismo.org\/wp-content\/uploads\/2023\/02\/Vicent-Mari-2-768x512.jpg 768w, https:\/\/www.escuelaturismo.org\/wp-content\/uploads\/2023\/02\/Vicent-Mari-2.jpg 1280w\" sizes=\"(max-width: 1024px) 100vw, 1024px\" \/>\t\t\t\t\t\t\t\t\t\t\t\t\t\t\t\t\t\t\t\t\t\t\t\t\t\t<\/div>\n\t\t\t\t\t\t\t\t\t<\/div>\n\t\t\t\t\t\t\t\t<\/div>\n\t\t\t\t<\/div>\n\t\t\t\t\t<\/div>\n\t\t<\/div>\n\t\t\t\t<div class=\"has_eae_slider elementor-column elementor-col-50 elementor-top-column elementor-element elementor-element-b308196\" data-eae-slider=\"16331\" data-id=\"b308196\" data-element_type=\"column\">\n\t\t\t<div class=\"elementor-widget-wrap elementor-element-populated\">\n\t\t\t\t\t\t<div class=\"elementor-element elementor-element-771b78b elementor-widget elementor-widget-heading\" data-id=\"771b78b\" data-element_type=\"widget\" data-settings=\"{&quot;_animation&quot;:&quot;none&quot;,&quot;_animation_tablet&quot;:&quot;none&quot;,&quot;_animation_mobile&quot;:&quot;none&quot;,&quot;_animation_delay&quot;:100}\" data-widget_type=\"heading.default\">\n\t\t\t\t<div class=\"elementor-widget-container\">\n\t\t\t\t\t<h2 class=\"elementor-heading-title elementor-size-default\"> Vicent<br>Mar\u00ed Torres<\/h2>\t\t\t\t<\/div>\n\t\t\t\t<\/div>\n\t\t\t\t<div class=\"elementor-element elementor-element-381b6df elementor-widget elementor-widget-text-editor\" data-id=\"381b6df\" data-element_type=\"widget\" data-settings=\"{&quot;_animation&quot;:&quot;none&quot;,&quot;_animation_tablet&quot;:&quot;none&quot;,&quot;_animation_mobile&quot;:&quot;none&quot;,&quot;_animation_delay&quot;:200}\" data-widget_type=\"text-editor.default\">\n\t\t\t\t<div class=\"elementor-widget-container\">\n\t\t\t\t\t\t\t\t\t<p>President del Consell Insular d\u2019Eivissa<\/p>\n\t\t\t\t\t\t\t\t<\/div>\n\t\t\t\t<\/div>\n\t\t\t\t<div class=\"elementor-element elementor-element-9ef6e3a elementor-widget elementor-widget-text-editor\" data-id=\"9ef6e3a\" data-element_type=\"widget\" data-settings=\"{&quot;_animation&quot;:&quot;none&quot;,&quot;_animation_tablet&quot;:&quot;none&quot;,&quot;_animation_mobile&quot;:&quot;none&quot;,&quot;_animation_delay&quot;:200}\" data-widget_type=\"text-editor.default\">\n\t\t\t\t<div class=\"elementor-widget-container\">\n\t\t\t\t\t\t\t\t\t<p>Llicenciat en Ci\u00e8ncies Econ\u00f2miques i Empresarials per la Universitat de Val\u00e8ncia, especialitat Conjuntural i Sector P\u00fablic. Ha desenvolupat la seua tasca professional al sector tur\u00edstic i com a assessor fiscal i econ\u00f2mic d&#8217;empreses. Des de l&#8217;any 2007 al 2019 va ser alcalde de Santa Eul\u00e0ria des Riu.<\/p>\n\t\t\t\t\t\t\t\t<\/div>\n\t\t\t\t<\/div>\n\t\t\t\t<div class=\"elementor-element elementor-element-e503fc8 elementor-widget elementor-widget-button\" data-id=\"e503fc8\" data-element_type=\"widget\" data-widget_type=\"button.default\">\n\t\t\t\t<div class=\"elementor-widget-container\">\n\t\t\t\t\t\t\t\t\t<div class=\"elementor-button-wrapper\">\n\t\t\t\t\t<a class=\"elementor-button elementor-button-link elementor-size-sm\" href=\"https:\/\/www.escuelaturismo.org\/ca\/lescola-presentacio\/vicent-mari-torres\/\">\n\t\t\t\t\t\t<span class=\"elementor-button-content-wrapper\">\n\t\t\t\t\t\t<span class=\"elementor-button-icon\">\n\t\t\t\t<svg xmlns=\"http:\/\/www.w3.org\/2000\/svg\" id=\"Capa_1\" data-name=\"Capa 1\" viewBox=\"0 0 30 30\"><defs><style>.cls-1{fill:#feca05;}.cls-2{fill:none;stroke:#12b4e8;stroke-linecap:round;stroke-linejoin:round;stroke-width:1.9px;}<\/style><\/defs><title>cross-blue-yellow<\/title><circle class=\"cls-1\" cx=\"15\" cy=\"15\" r=\"15\"><\/circle><line class=\"cls-2\" x1=\"7.5\" y1=\"15\" x2=\"22.5\" y2=\"15\"><\/line><line class=\"cls-2\" x1=\"15\" y1=\"7.5\" x2=\"15\" y2=\"22.5\"><\/line><\/svg>\t\t\t<\/span>\n\t\t\t\t\t\t\t\t\t<span class=\"elementor-button-text\">Veure presentaci\u00f3 President<\/span>\n\t\t\t\t\t<\/span>\n\t\t\t\t\t<\/a>\n\t\t\t\t<\/div>\n\t\t\t\t\t\t\t\t<\/div>\n\t\t\t\t<\/div>\n\t\t\t\t\t<\/div>\n\t\t<\/div>\n\t\t\t\t\t<\/div>\n\t\t<\/section>\n\t\t\t\t<\/div>\n\t\t","protected":false},"excerpt":{"rendered":"<p>Presentaci\u00f3 El Director de l&#8217;Escola Universit\u00e0ria i el president del Consell d\u2019Eivissa us donen la benvinguda a la nova web de l\u2019Escola. Dr. Pedro AntonioRivas Yarza Director de l&#8217;Escola Universit\u00e0ria de Turisme del Consell Insular d&#8217;Eivissa Llicenciat en Ci\u00e8ncies Econ\u00f2miques i Empresarials (1993) i Doctor en Economia de l&#8217;Empresa per la UIB (2013), amb la&#8230;<\/p>\n","protected":false},"author":1,"featured_media":0,"parent":0,"menu_order":0,"comment_status":"closed","ping_status":"closed","template":"","meta":{"footnotes":""},"class_list":["post-992957","page","type-page","status-publish","hentry"],"yoast_head":"<!-- This site is optimized with the Yoast SEO plugin v26.3 - https:\/\/yoast.com\/wordpress\/plugins\/seo\/ -->\n<title>L&#039;Escola :: Presentaci\u00f3 - Escuela de Turismo de Ibiza<\/title>\n<meta name=\"robots\" content=\"index, follow, max-snippet:-1, max-image-preview:large, max-video-preview:-1\" \/>\n<link rel=\"canonical\" href=\"https:\/\/www.escuelaturismo.org\/ca\/lescola-presentacio\/\" \/>\n<meta property=\"og:locale\" content=\"ca_ES\" \/>\n<meta property=\"og:type\" content=\"article\" \/>\n<meta property=\"og:title\" content=\"L&#039;Escola :: Presentaci\u00f3 - Escuela de Turismo de Ibiza\" \/>\n<meta property=\"og:description\" content=\"Presentaci\u00f3 El Director de l&#8217;Escola Universit\u00e0ria i el president del Consell d\u2019Eivissa us donen la benvinguda a la nova web de l\u2019Escola. Dr. Pedro AntonioRivas Yarza Director de l&#8217;Escola Universit\u00e0ria de Turisme del Consell Insular d&#8217;Eivissa Llicenciat en Ci\u00e8ncies Econ\u00f2miques i Empresarials (1993) i Doctor en Economia de l&#8217;Empresa per la UIB (2013), amb la...\" \/>\n<meta property=\"og:url\" content=\"https:\/\/www.escuelaturismo.org\/ca\/lescola-presentacio\/\" \/>\n<meta property=\"og:site_name\" content=\"Escuela de Turismo de Ibiza\" \/>\n<meta property=\"article:modified_time\" content=\"2024-04-03T14:14:51+00:00\" \/>\n<meta property=\"og:image\" content=\"https:\/\/www.escuelaturismo.org\/wp-content\/uploads\/2024\/04\/foto-Pedro-Antonio-Rivas-Yarza-1024x702.jpg\" \/>\n<meta name=\"twitter:card\" content=\"summary_large_image\" \/>\n<meta name=\"twitter:label1\" content=\"Temps estimat de lectura\" \/>\n\t<meta name=\"twitter:data1\" content=\"1 minut\" \/>\n<script type=\"application\/ld+json\" class=\"yoast-schema-graph\">{\"@context\":\"https:\/\/schema.org\",\"@graph\":[{\"@type\":\"WebPage\",\"@id\":\"https:\/\/www.escuelaturismo.org\/ca\/lescola-presentacio\/\",\"url\":\"https:\/\/www.escuelaturismo.org\/ca\/lescola-presentacio\/\",\"name\":\"L'Escola :: Presentaci\u00f3 - Escuela de Turismo de Ibiza\",\"isPartOf\":{\"@id\":\"https:\/\/www.escuelaturismo.org\/ca\/#website\"},\"primaryImageOfPage\":{\"@id\":\"https:\/\/www.escuelaturismo.org\/ca\/lescola-presentacio\/#primaryimage\"},\"image\":{\"@id\":\"https:\/\/www.escuelaturismo.org\/ca\/lescola-presentacio\/#primaryimage\"},\"thumbnailUrl\":\"https:\/\/www.escuelaturismo.org\/wp-content\/uploads\/2024\/04\/foto-Pedro-Antonio-Rivas-Yarza-1024x702.jpg\",\"datePublished\":\"2022-12-21T10:25:49+00:00\",\"dateModified\":\"2024-04-03T14:14:51+00:00\",\"breadcrumb\":{\"@id\":\"https:\/\/www.escuelaturismo.org\/ca\/lescola-presentacio\/#breadcrumb\"},\"inLanguage\":\"ca\",\"potentialAction\":[{\"@type\":\"ReadAction\",\"target\":[\"https:\/\/www.escuelaturismo.org\/ca\/lescola-presentacio\/\"]}]},{\"@type\":\"ImageObject\",\"inLanguage\":\"ca\",\"@id\":\"https:\/\/www.escuelaturismo.org\/ca\/lescola-presentacio\/#primaryimage\",\"url\":\"https:\/\/www.escuelaturismo.org\/wp-content\/uploads\/2024\/04\/foto-Pedro-Antonio-Rivas-Yarza-1024x702.jpg\",\"contentUrl\":\"https:\/\/www.escuelaturismo.org\/wp-content\/uploads\/2024\/04\/foto-Pedro-Antonio-Rivas-Yarza-1024x702.jpg\"},{\"@type\":\"BreadcrumbList\",\"@id\":\"https:\/\/www.escuelaturismo.org\/ca\/lescola-presentacio\/#breadcrumb\",\"itemListElement\":[{\"@type\":\"ListItem\",\"position\":1,\"name\":\"Home\",\"item\":\"https:\/\/www.escuelaturismo.org\/ca\/\"},{\"@type\":\"ListItem\",\"position\":2,\"name\":\"L&#8217;Escola :: Presentaci\u00f3\"}]},{\"@type\":\"WebSite\",\"@id\":\"https:\/\/www.escuelaturismo.org\/ca\/#website\",\"url\":\"https:\/\/www.escuelaturismo.org\/ca\/\",\"name\":\"Escuela de Turismo de Ibiza\",\"description\":\"Escuela de Turismo de Ibiza\",\"publisher\":{\"@id\":\"https:\/\/www.escuelaturismo.org\/ca\/#organization\"},\"potentialAction\":[{\"@type\":\"SearchAction\",\"target\":{\"@type\":\"EntryPoint\",\"urlTemplate\":\"https:\/\/www.escuelaturismo.org\/ca\/?s={search_term_string}\"},\"query-input\":{\"@type\":\"PropertyValueSpecification\",\"valueRequired\":true,\"valueName\":\"search_term_string\"}}],\"inLanguage\":\"ca\"},{\"@type\":\"Organization\",\"@id\":\"https:\/\/www.escuelaturismo.org\/ca\/#organization\",\"name\":\"Escuela de Turismo de Ibiza\",\"url\":\"https:\/\/www.escuelaturismo.org\/ca\/\",\"logo\":{\"@type\":\"ImageObject\",\"inLanguage\":\"ca\",\"@id\":\"https:\/\/www.escuelaturismo.org\/ca\/#\/schema\/logo\/image\/\",\"url\":\"https:\/\/www.escuelaturismo.org\/wp-content\/uploads\/2023\/01\/logo-ETI-header.svg\",\"contentUrl\":\"https:\/\/www.escuelaturismo.org\/wp-content\/uploads\/2023\/01\/logo-ETI-header.svg\",\"width\":350,\"height\":90,\"caption\":\"Escuela de Turismo de Ibiza\"},\"image\":{\"@id\":\"https:\/\/www.escuelaturismo.org\/ca\/#\/schema\/logo\/image\/\"}}]}<\/script>\n<!-- \/ Yoast SEO plugin. -->","yoast_head_json":{"title":"L'Escola :: Presentaci\u00f3 - Escuela de Turismo de Ibiza","robots":{"index":"index","follow":"follow","max-snippet":"max-snippet:-1","max-image-preview":"max-image-preview:large","max-video-preview":"max-video-preview:-1"},"canonical":"https:\/\/www.escuelaturismo.org\/ca\/lescola-presentacio\/","og_locale":"ca_ES","og_type":"article","og_title":"L'Escola :: Presentaci\u00f3 - Escuela de Turismo de Ibiza","og_description":"Presentaci\u00f3 El Director de l&#8217;Escola Universit\u00e0ria i el president del Consell d\u2019Eivissa us donen la benvinguda a la nova web de l\u2019Escola. Dr. Pedro AntonioRivas Yarza Director de l&#8217;Escola Universit\u00e0ria de Turisme del Consell Insular d&#8217;Eivissa Llicenciat en Ci\u00e8ncies Econ\u00f2miques i Empresarials (1993) i Doctor en Economia de l&#8217;Empresa per la UIB (2013), amb la...","og_url":"https:\/\/www.escuelaturismo.org\/ca\/lescola-presentacio\/","og_site_name":"Escuela de Turismo de Ibiza","article_modified_time":"2024-04-03T14:14:51+00:00","og_image":[{"url":"https:\/\/www.escuelaturismo.org\/wp-content\/uploads\/2024\/04\/foto-Pedro-Antonio-Rivas-Yarza-1024x702.jpg","type":"","width":"","height":""}],"twitter_card":"summary_large_image","twitter_misc":{"Temps estimat de lectura":"1 minut"},"schema":{"@context":"https:\/\/schema.org","@graph":[{"@type":"WebPage","@id":"https:\/\/www.escuelaturismo.org\/ca\/lescola-presentacio\/","url":"https:\/\/www.escuelaturismo.org\/ca\/lescola-presentacio\/","name":"L'Escola :: Presentaci\u00f3 - Escuela de Turismo de Ibiza","isPartOf":{"@id":"https:\/\/www.escuelaturismo.org\/ca\/#website"},"primaryImageOfPage":{"@id":"https:\/\/www.escuelaturismo.org\/ca\/lescola-presentacio\/#primaryimage"},"image":{"@id":"https:\/\/www.escuelaturismo.org\/ca\/lescola-presentacio\/#primaryimage"},"thumbnailUrl":"https:\/\/www.escuelaturismo.org\/wp-content\/uploads\/2024\/04\/foto-Pedro-Antonio-Rivas-Yarza-1024x702.jpg","datePublished":"2022-12-21T10:25:49+00:00","dateModified":"2024-04-03T14:14:51+00:00","breadcrumb":{"@id":"https:\/\/www.escuelaturismo.org\/ca\/lescola-presentacio\/#breadcrumb"},"inLanguage":"ca","potentialAction":[{"@type":"ReadAction","target":["https:\/\/www.escuelaturismo.org\/ca\/lescola-presentacio\/"]}]},{"@type":"ImageObject","inLanguage":"ca","@id":"https:\/\/www.escuelaturismo.org\/ca\/lescola-presentacio\/#primaryimage","url":"https:\/\/www.escuelaturismo.org\/wp-content\/uploads\/2024\/04\/foto-Pedro-Antonio-Rivas-Yarza-1024x702.jpg","contentUrl":"https:\/\/www.escuelaturismo.org\/wp-content\/uploads\/2024\/04\/foto-Pedro-Antonio-Rivas-Yarza-1024x702.jpg"},{"@type":"BreadcrumbList","@id":"https:\/\/www.escuelaturismo.org\/ca\/lescola-presentacio\/#breadcrumb","itemListElement":[{"@type":"ListItem","position":1,"name":"Home","item":"https:\/\/www.escuelaturismo.org\/ca\/"},{"@type":"ListItem","position":2,"name":"L&#8217;Escola :: Presentaci\u00f3"}]},{"@type":"WebSite","@id":"https:\/\/www.escuelaturismo.org\/ca\/#website","url":"https:\/\/www.escuelaturismo.org\/ca\/","name":"Escuela de Turismo de Ibiza","description":"Escuela de Turismo de Ibiza","publisher":{"@id":"https:\/\/www.escuelaturismo.org\/ca\/#organization"},"potentialAction":[{"@type":"SearchAction","target":{"@type":"EntryPoint","urlTemplate":"https:\/\/www.escuelaturismo.org\/ca\/?s={search_term_string}"},"query-input":{"@type":"PropertyValueSpecification","valueRequired":true,"valueName":"search_term_string"}}],"inLanguage":"ca"},{"@type":"Organization","@id":"https:\/\/www.escuelaturismo.org\/ca\/#organization","name":"Escuela de Turismo de Ibiza","url":"https:\/\/www.escuelaturismo.org\/ca\/","logo":{"@type":"ImageObject","inLanguage":"ca","@id":"https:\/\/www.escuelaturismo.org\/ca\/#\/schema\/logo\/image\/","url":"https:\/\/www.escuelaturismo.org\/wp-content\/uploads\/2023\/01\/logo-ETI-header.svg","contentUrl":"https:\/\/www.escuelaturismo.org\/wp-content\/uploads\/2023\/01\/logo-ETI-header.svg","width":350,"height":90,"caption":"Escuela de Turismo de Ibiza"},"image":{"@id":"https:\/\/www.escuelaturismo.org\/ca\/#\/schema\/logo\/image\/"}}]}},"_links":{"self":[{"href":"https:\/\/www.escuelaturismo.org\/ca\/wp-json\/wp\/v2\/pages\/992957","targetHints":{"allow":["GET"]}}],"collection":[{"href":"https:\/\/www.escuelaturismo.org\/ca\/wp-json\/wp\/v2\/pages"}],"about":[{"href":"https:\/\/www.escuelaturismo.org\/ca\/wp-json\/wp\/v2\/types\/page"}],"author":[{"embeddable":true,"href":"https:\/\/www.escuelaturismo.org\/ca\/wp-json\/wp\/v2\/users\/1"}],"replies":[{"embeddable":true,"href":"https:\/\/www.escuelaturismo.org\/ca\/wp-json\/wp\/v2\/comments?post=992957"}],"version-history":[{"count":4,"href":"https:\/\/www.escuelaturismo.org\/ca\/wp-json\/wp\/v2\/pages\/992957\/revisions"}],"predecessor-version":[{"id":993704,"href":"https:\/\/www.escuelaturismo.org\/ca\/wp-json\/wp\/v2\/pages\/992957\/revisions\/993704"}],"wp:attachment":[{"href":"https:\/\/www.escuelaturismo.org\/ca\/wp-json\/wp\/v2\/media?parent=992957"}],"curies":[{"name":"wp","href":"https:\/\/api.w.org\/{rel}","templated":true}]}}